{"id":18470,"date":"2025-04-02T18:27:29","date_gmt":"2025-04-02T18:27:29","guid":{"rendered":"https:\/\/develop.wp.eggo.agifly.cloud\/?post_type=cuisines&#038;p=18470"},"modified":"2025-05-30T13:46:27","modified_gmt":"2025-05-30T13:46:27","slug":"la-cuisine-de-nicolas-et-alisson","status":"publish","type":"cuisines","link":"https:\/\/develop.wp.eggo.agifly.cloud\/fr\/cuisines\/cuisine-contemporaines\/la-cuisine-de-nicolas-et-alisson\/","title":{"rendered":"La cuisine de Nicolas et Alisson"},"content":{"rendered":"","protected":false},"excerpt":{"rendered":"","protected":false},"featured_media":37003,"comment_status":"closed","ping_status":"closed","template":"","cuisines_category":[96],"cuisines_tag":[],"post_type_filter":[143,143],"eggo_style_tags":[],"eggo_color_tags":[140],"eggo_material_and_finishes_tags":[],"eggo_price_range_tags":[81],"eggo_price_range_tags_21":[235],"class_list":{"0":"post-18470","1":"cuisines","2":"type-cuisines","3":"status-publish","4":"has-post-thumbnail","5":"hentry","6":"cuisines_category-cuisine-contemporaines","7":"post_type_filter-cuisine","9":"eggo_color_tags-bois","10":"eggo_price_range_tags-entre-8-000e-et-10-000e","11":"eggo_price_range_tags_21-entre-8-000e-et-10-000e"},"yoast_head":"<!-- This site is optimized with the Yoast SEO Premium plugin v26.2 (Yoast SEO v27.3) - https:\/\/yoast.com\/product\/yoast-seo-premium-wordpress\/ -->\n<title>La cuisine de Nicolas et Alisson - Eggo<\/title>\n<meta name=\"robots\" content=\"index, follow, max-snippet:-1, max-image-preview:large, max-video-preview:-1\" \/>\n<link rel=\"canonical\" href=\"https:\/\/develop.wp.eggo.agifly.cloud\/fr\/cuisines\/cuisine-contemporaines\/la-cuisine-de-nicolas-et-alisson\/\" \/>\n<meta property=\"og:locale\" content=\"fr_FR\" \/>\n<meta property=\"og:type\" content=\"article\" \/>\n<meta property=\"og:title\" content=\"La cuisine de Nicolas et Alisson\" \/>\n<meta property=\"og:url\" content=\"https:\/\/develop.wp.eggo.agifly.cloud\/fr\/cuisines\/cuisine-contemporaines\/la-cuisine-de-nicolas-et-alisson\/\" \/>\n<meta property=\"og:site_name\" content=\"Eggo\" \/>\n<meta property=\"article:publisher\" content=\"https:\/\/www.facebook.com\/eggokitchen\" \/>\n<meta property=\"article:modified_time\" content=\"2025-05-30T13:46:27+00:00\" \/>\n<meta property=\"og:image\" content=\"https:\/\/develop.wp.eggo.agifly.cloud\/wp-content\/uploads\/2025\/04\/2404_FONCE_H-scaled.jpg\" \/>\n\t<meta property=\"og:image:width\" content=\"2048\" \/>\n\t<meta property=\"og:image:height\" content=\"1401\" \/>\n\t<meta property=\"og:image:type\" content=\"image\/jpeg\" \/>\n<meta name=\"twitter:card\" content=\"summary_large_image\" \/>\n<meta name=\"twitter:label1\" content=\"Dur\u00e9e de lecture estim\u00e9e\" \/>\n\t<meta name=\"twitter:data1\" content=\"1 minute\" \/>\n<script type=\"application\/ld+json\" class=\"yoast-schema-graph\">{\"@context\":\"https:\\\/\\\/schema.org\",\"@graph\":[{\"@type\":\"WebPage\",\"@id\":\"https:\\\/\\\/develop.wp.eggo.agifly.cloud\\\/fr\\\/cuisines\\\/cuisine-contemporaines\\\/la-cuisine-de-nicolas-et-alisson\\\/\",\"url\":\"https:\\\/\\\/develop.wp.eggo.agifly.cloud\\\/fr\\\/cuisines\\\/cuisine-contemporaines\\\/la-cuisine-de-nicolas-et-alisson\\\/\",\"name\":\"La cuisine de Nicolas et Alisson - Eggo\",\"isPartOf\":{\"@id\":\"https:\\\/\\\/develop.wp.eggo.agifly.cloud\\\/fr\\\/#website\"},\"primaryImageOfPage\":{\"@id\":\"https:\\\/\\\/develop.wp.eggo.agifly.cloud\\\/fr\\\/cuisines\\\/cuisine-contemporaines\\\/la-cuisine-de-nicolas-et-alisson\\\/#primaryimage\"},\"image\":{\"@id\":\"https:\\\/\\\/develop.wp.eggo.agifly.cloud\\\/fr\\\/cuisines\\\/cuisine-contemporaines\\\/la-cuisine-de-nicolas-et-alisson\\\/#primaryimage\"},\"thumbnailUrl\":\"https:\\\/\\\/develop.wp.eggo.agifly.cloud\\\/wp-content\\\/uploads\\\/2025\\\/04\\\/2404_FONCE_H-scaled.jpg\",\"datePublished\":\"2025-04-02T18:27:29+00:00\",\"dateModified\":\"2025-05-30T13:46:27+00:00\",\"breadcrumb\":{\"@id\":\"https:\\\/\\\/develop.wp.eggo.agifly.cloud\\\/fr\\\/cuisines\\\/cuisine-contemporaines\\\/la-cuisine-de-nicolas-et-alisson\\\/#breadcrumb\"},\"inLanguage\":\"fr-FR\",\"potentialAction\":[{\"@type\":\"ReadAction\",\"target\":[\"https:\\\/\\\/develop.wp.eggo.agifly.cloud\\\/fr\\\/cuisines\\\/cuisine-contemporaines\\\/la-cuisine-de-nicolas-et-alisson\\\/\"]}]},{\"@type\":\"ImageObject\",\"inLanguage\":\"fr-FR\",\"@id\":\"https:\\\/\\\/develop.wp.eggo.agifly.cloud\\\/fr\\\/cuisines\\\/cuisine-contemporaines\\\/la-cuisine-de-nicolas-et-alisson\\\/#primaryimage\",\"url\":\"https:\\\/\\\/develop.wp.eggo.agifly.cloud\\\/wp-content\\\/uploads\\\/2025\\\/04\\\/2404_FONCE_H-scaled.jpg\",\"contentUrl\":\"https:\\\/\\\/develop.wp.eggo.agifly.cloud\\\/wp-content\\\/uploads\\\/2025\\\/04\\\/2404_FONCE_H-scaled.jpg\",\"width\":2048,\"height\":1401,\"caption\":\"Cuisine moderne en bois fonc\u00e9 avec deux fours encastr\u00e9s noirs, un plan de travail blanc et des \u00e9tag\u00e8res avec plantes vertes.\"},{\"@type\":\"BreadcrumbList\",\"@id\":\"https:\\\/\\\/develop.wp.eggo.agifly.cloud\\\/fr\\\/cuisines\\\/cuisine-contemporaines\\\/la-cuisine-de-nicolas-et-alisson\\\/#breadcrumb\",\"itemListElement\":[{\"@type\":\"ListItem\",\"position\":1,\"name\":\"Home\",\"item\":\"https:\\\/\\\/develop.wp.eggo.agifly.cloud\\\/fr\\\/\"},{\"@type\":\"ListItem\",\"position\":2,\"name\":\"Cuisine\",\"item\":\"https:\\\/\\\/develop.wp.eggo.agifly.cloud\\\/fr\\\/cuisines\\\/\"},{\"@type\":\"ListItem\",\"position\":3,\"name\":\"La cuisine de Nicolas et Alisson\"}]},{\"@type\":\"WebSite\",\"@id\":\"https:\\\/\\\/develop.wp.eggo.agifly.cloud\\\/fr\\\/#website\",\"url\":\"https:\\\/\\\/develop.wp.eggo.agifly.cloud\\\/fr\\\/\",\"name\":\"\u00e8ggo\",\"description\":\"\",\"publisher\":{\"@id\":\"https:\\\/\\\/develop.wp.eggo.agifly.cloud\\\/fr\\\/#organization\"},\"potentialAction\":[{\"@type\":\"SearchAction\",\"target\":{\"@type\":\"EntryPoint\",\"urlTemplate\":\"https:\\\/\\\/develop.wp.eggo.agifly.cloud\\\/fr\\\/?s={search_term_string}\"},\"query-input\":{\"@type\":\"PropertyValueSpecification\",\"valueRequired\":true,\"valueName\":\"search_term_string\"}}],\"inLanguage\":\"fr-FR\"},{\"@type\":[\"Organization\",\"Place\"],\"@id\":\"https:\\\/\\\/develop.wp.eggo.agifly.cloud\\\/fr\\\/#organization\",\"name\":\"\u00e8ggo\",\"alternateName\":\"eggo\",\"url\":\"https:\\\/\\\/develop.wp.eggo.agifly.cloud\\\/fr\\\/\",\"logo\":{\"@id\":\"https:\\\/\\\/develop.wp.eggo.agifly.cloud\\\/fr\\\/cuisines\\\/cuisine-contemporaines\\\/la-cuisine-de-nicolas-et-alisson\\\/#local-main-organization-logo\"},\"image\":{\"@id\":\"https:\\\/\\\/develop.wp.eggo.agifly.cloud\\\/fr\\\/cuisines\\\/cuisine-contemporaines\\\/la-cuisine-de-nicolas-et-alisson\\\/#local-main-organization-logo\"},\"sameAs\":[\"https:\\\/\\\/www.facebook.com\\\/eggokitchen\",\"https:\\\/\\\/www.linkedin.com\\\/company\\\/eggo\\\/\"],\"description\":\"Des cuisines et meubles de rangement de qualit\u00e9 \u00e0 des prix avantageux ! D\u00e9couvrez nos mod\u00e8les et prenez rendez-vous en ligne dans votre showroom \u00e8ggo.\",\"telephone\":[],\"openingHoursSpecification\":[{\"@type\":\"OpeningHoursSpecification\",\"dayOfWeek\":[\"Monday\",\"Tuesday\",\"Wednesday\",\"Thursday\",\"Friday\",\"Saturday\",\"Sunday\"],\"opens\":\"09:00\",\"closes\":\"17:00\"}]},{\"@type\":\"ImageObject\",\"inLanguage\":\"fr-FR\",\"@id\":\"https:\\\/\\\/develop.wp.eggo.agifly.cloud\\\/fr\\\/cuisines\\\/cuisine-contemporaines\\\/la-cuisine-de-nicolas-et-alisson\\\/#local-main-organization-logo\",\"url\":\"https:\\\/\\\/develop.wp.eggo.agifly.cloud\\\/wp-content\\\/uploads\\\/2025\\\/01\\\/Logo.webp\",\"contentUrl\":\"https:\\\/\\\/develop.wp.eggo.agifly.cloud\\\/wp-content\\\/uploads\\\/2025\\\/01\\\/Logo.webp\",\"width\":88,\"height\":88,\"caption\":\"\u00e8ggo\"}]}<\/script>\n<!-- \/ Yoast SEO Premium plugin. -->","yoast_head_json":{"title":"La cuisine de Nicolas et Alisson - Eggo","robots":{"index":"index","follow":"follow","max-snippet":"max-snippet:-1","max-image-preview":"max-image-preview:large","max-video-preview":"max-video-preview:-1"},"canonical":"https:\/\/develop.wp.eggo.agifly.cloud\/fr\/cuisines\/cuisine-contemporaines\/la-cuisine-de-nicolas-et-alisson\/","og_locale":"fr_FR","og_type":"article","og_title":"La cuisine de Nicolas et Alisson","og_url":"https:\/\/develop.wp.eggo.agifly.cloud\/fr\/cuisines\/cuisine-contemporaines\/la-cuisine-de-nicolas-et-alisson\/","og_site_name":"Eggo","article_publisher":"https:\/\/www.facebook.com\/eggokitchen","article_modified_time":"2025-05-30T13:46:27+00:00","og_image":[{"width":2048,"height":1401,"url":"https:\/\/develop.wp.eggo.agifly.cloud\/wp-content\/uploads\/2025\/04\/2404_FONCE_H-scaled.jpg","type":"image\/jpeg"}],"twitter_card":"summary_large_image","twitter_misc":{"Dur\u00e9e de lecture estim\u00e9e":"1 minute"},"schema":{"@context":"https:\/\/schema.org","@graph":[{"@type":"WebPage","@id":"https:\/\/develop.wp.eggo.agifly.cloud\/fr\/cuisines\/cuisine-contemporaines\/la-cuisine-de-nicolas-et-alisson\/","url":"https:\/\/develop.wp.eggo.agifly.cloud\/fr\/cuisines\/cuisine-contemporaines\/la-cuisine-de-nicolas-et-alisson\/","name":"La cuisine de Nicolas et Alisson - Eggo","isPartOf":{"@id":"https:\/\/develop.wp.eggo.agifly.cloud\/fr\/#website"},"primaryImageOfPage":{"@id":"https:\/\/develop.wp.eggo.agifly.cloud\/fr\/cuisines\/cuisine-contemporaines\/la-cuisine-de-nicolas-et-alisson\/#primaryimage"},"image":{"@id":"https:\/\/develop.wp.eggo.agifly.cloud\/fr\/cuisines\/cuisine-contemporaines\/la-cuisine-de-nicolas-et-alisson\/#primaryimage"},"thumbnailUrl":"https:\/\/develop.wp.eggo.agifly.cloud\/wp-content\/uploads\/2025\/04\/2404_FONCE_H-scaled.jpg","datePublished":"2025-04-02T18:27:29+00:00","dateModified":"2025-05-30T13:46:27+00:00","breadcrumb":{"@id":"https:\/\/develop.wp.eggo.agifly.cloud\/fr\/cuisines\/cuisine-contemporaines\/la-cuisine-de-nicolas-et-alisson\/#breadcrumb"},"inLanguage":"fr-FR","potentialAction":[{"@type":"ReadAction","target":["https:\/\/develop.wp.eggo.agifly.cloud\/fr\/cuisines\/cuisine-contemporaines\/la-cuisine-de-nicolas-et-alisson\/"]}]},{"@type":"ImageObject","inLanguage":"fr-FR","@id":"https:\/\/develop.wp.eggo.agifly.cloud\/fr\/cuisines\/cuisine-contemporaines\/la-cuisine-de-nicolas-et-alisson\/#primaryimage","url":"https:\/\/develop.wp.eggo.agifly.cloud\/wp-content\/uploads\/2025\/04\/2404_FONCE_H-scaled.jpg","contentUrl":"https:\/\/develop.wp.eggo.agifly.cloud\/wp-content\/uploads\/2025\/04\/2404_FONCE_H-scaled.jpg","width":2048,"height":1401,"caption":"Cuisine moderne en bois fonc\u00e9 avec deux fours encastr\u00e9s noirs, un plan de travail blanc et des \u00e9tag\u00e8res avec plantes vertes."},{"@type":"BreadcrumbList","@id":"https:\/\/develop.wp.eggo.agifly.cloud\/fr\/cuisines\/cuisine-contemporaines\/la-cuisine-de-nicolas-et-alisson\/#breadcrumb","itemListElement":[{"@type":"ListItem","position":1,"name":"Home","item":"https:\/\/develop.wp.eggo.agifly.cloud\/fr\/"},{"@type":"ListItem","position":2,"name":"Cuisine","item":"https:\/\/develop.wp.eggo.agifly.cloud\/fr\/cuisines\/"},{"@type":"ListItem","position":3,"name":"La cuisine de Nicolas et Alisson"}]},{"@type":"WebSite","@id":"https:\/\/develop.wp.eggo.agifly.cloud\/fr\/#website","url":"https:\/\/develop.wp.eggo.agifly.cloud\/fr\/","name":"\u00e8ggo","description":"","publisher":{"@id":"https:\/\/develop.wp.eggo.agifly.cloud\/fr\/#organization"},"potentialAction":[{"@type":"SearchAction","target":{"@type":"EntryPoint","urlTemplate":"https:\/\/develop.wp.eggo.agifly.cloud\/fr\/?s={search_term_string}"},"query-input":{"@type":"PropertyValueSpecification","valueRequired":true,"valueName":"search_term_string"}}],"inLanguage":"fr-FR"},{"@type":["Organization","Place"],"@id":"https:\/\/develop.wp.eggo.agifly.cloud\/fr\/#organization","name":"\u00e8ggo","alternateName":"eggo","url":"https:\/\/develop.wp.eggo.agifly.cloud\/fr\/","logo":{"@id":"https:\/\/develop.wp.eggo.agifly.cloud\/fr\/cuisines\/cuisine-contemporaines\/la-cuisine-de-nicolas-et-alisson\/#local-main-organization-logo"},"image":{"@id":"https:\/\/develop.wp.eggo.agifly.cloud\/fr\/cuisines\/cuisine-contemporaines\/la-cuisine-de-nicolas-et-alisson\/#local-main-organization-logo"},"sameAs":["https:\/\/www.facebook.com\/eggokitchen","https:\/\/www.linkedin.com\/company\/eggo\/"],"description":"Des cuisines et meubles de rangement de qualit\u00e9 \u00e0 des prix avantageux ! D\u00e9couvrez nos mod\u00e8les et prenez rendez-vous en ligne dans votre showroom \u00e8ggo.","telephone":[],"openingHoursSpecification":[{"@type":"OpeningHoursSpecification","dayOfWeek":["Monday","Tuesday","Wednesday","Thursday","Friday","Saturday","Sunday"],"opens":"09:00","closes":"17:00"}]},{"@type":"ImageObject","inLanguage":"fr-FR","@id":"https:\/\/develop.wp.eggo.agifly.cloud\/fr\/cuisines\/cuisine-contemporaines\/la-cuisine-de-nicolas-et-alisson\/#local-main-organization-logo","url":"https:\/\/develop.wp.eggo.agifly.cloud\/wp-content\/uploads\/2025\/01\/Logo.webp","contentUrl":"https:\/\/develop.wp.eggo.agifly.cloud\/wp-content\/uploads\/2025\/01\/Logo.webp","width":88,"height":88,"caption":"\u00e8ggo"}]}},"custom_meta":{"colors":[{"color":"#7c640c","name":"Unnamed Color","layouts":[{"name":"Unnamed Layout","layout_style_icon":"","layout_image":"https:\/\/develop.wp.eggo.agifly.cloud\/wp-content\/uploads\/2025\/04\/2404_FONCE_H-scaled.jpg","hotspots":[]}]},{"color":"#ded1c7","name":"Unnamed Color","layouts":[{"name":"Unnamed Layout","layout_style_icon":"","layout_image":"https:\/\/develop.wp.eggo.agifly.cloud\/wp-content\/uploads\/2025\/04\/2404_gris_h-scaled.jpg","hotspots":[{"_state":"expanded","tooltip_details":{"tooltip_image":""}}]}]},{"color":"#ddc49c","name":"Unnamed Color","layouts":[{"name":"Unnamed Layout","layout_style_icon":"","layout_image":"https:\/\/develop.wp.eggo.agifly.cloud\/wp-content\/uploads\/2025\/04\/2404_clair_h-scaled.jpg","hotspots":[{"_state":"expanded","tooltip_details":{"tooltip_image":""}}]}]}]},"meta_box":{"normal_price":"","price_tva_6":"","price_tva_21":"","discounted_price":"","discounted_price_tva_6":"8390.00","discounted_price_tva_21":"9226","text_information_side_panel":"","included_in_price_side_panel":"","included_price_items":[{"included_icon":["23575"],"included_text":"Meubles","included_price":"5.639 \u20ac","included_price_21":"6.410 \u20ac"},{"included_icon":["2043"],"included_text":"\u00c9lectrom\u00e9nagers et sanitaires ","included_price":"2.751 \u20ac","included_price_21":"2.816 \u20ac"}],"show_secondary_items":"1","secondary_included_title":"En option - Service Qualit\u00e9 by \u00e8ggo","included_price_items_secondary":[{"included_icon_secondary":["8962"],"included_text_secondary":"Mesurage, livraison et installation: on s'occupe de tout","included_price_21_secondary":"1.100\u20ac"}],"banner_short_description":"<strong>Une cuisine au design accessible et chaleureux<\/strong>\r\n<br>Cette cuisine contemporaine a s\u00e9duit Alisson par son \u00e9l\u00e9gance discr\u00e8te et ses mat\u00e9riaux soigneusement choisis. La niche en bois Wood Up apporte une touche naturelle et chaleureuse, contrastant harmonieusement avec le plan de travail plus clair. La barre de cr\u00e9dence astucieusement int\u00e9gr\u00e9e lui permet de garder ses accessoires de cuisine \u00e0 port\u00e9e de main, alliant praticit\u00e9 et esth\u00e9tique. Un bel exemple de design accessible, o\u00f9 style et fonctionnalit\u00e9 se rencontrent sans compromis.","banner_pdf_url":"","promotion_title":"Profitez de nos promotions du mois !","post_promotion_description":"\u00c8ggo la marque belge du design accessible !","promotion_discount":"","linked_promotion":[],"linked_partners":[],"linked_showroom":[],"exhibition_selected":"0","exhibition_more_information_title":"","exhibition_model_detail_title":"","your_advantage":"","promotion_toggle":"0","small_featured_promotion_toggle":"0","promotion_icon":[],"promotion_description":"","promotion_period":"","promotion_link":"","promotion_bg_color":"#ffffff","promotion_text_color":"#fe5000","custom_colors":[{"color":"#7c640c","layouts":[{"layout_image":["37003"]}],"_state":"collapsed"},{"color":"#ded1c7","layouts":[{"layout_image":["36842"],"hotspots":[{"_state":"expanded"}],"_state":"collapsed"}],"_state":"collapsed"},{"color":"#ddc49c","layouts":[{"layout_image":["36844"],"hotspots":[{"_state":"expanded"}],"_state":"expanded"}],"_state":"collapsed"}],"featured_image_hotspots":[],"read_more_content":"","override_widget_settings":"0","show_post_expanded":"0","show_post_title":"0","show_like":"0","show_configuration":"0","show_price":"0","show_old_price":"0","show_eggo_category":"0","show_popup":"0","show_promotion":"0","show_hotspots":"1","responsive_height":"500","responsive_height_tablet":"500","responsive_height_mobile":"500","show_direction_vertical":"0","show_direction_vertical_tablet":"0","show_direction_vertical_mobile":"0","popup_title":"Une cuisine qui vous ressemble","popup_excerpt":"Il y a toujours une cuisine \u00e8ggo au design bien pens\u00e9 pour accueillir toute la famille","popup_cta_text":"D\u00e9couvrir nos cuisines","popup_cta_link":"https:\/\/develop.wp.eggo.agifly.cloud\/cuisine\/","post_title_position_center":"0","title_position_x":"18","title_position_y":"18","title_font_size":"18","hotspots":[{"hotspot_position_x":"32","hotspot_position_y":"39","_state":"expanded"},{"hotspot_position_x":"44","hotspot_position_y":"54"}]},"_links":{"self":[{"href":"https:\/\/develop.wp.eggo.agifly.cloud\/fr\/wp-json\/wp\/v2\/cuisines\/18470","targetHints":{"allow":["GET"]}}],"collection":[{"href":"https:\/\/develop.wp.eggo.agifly.cloud\/fr\/wp-json\/wp\/v2\/cuisines"}],"about":[{"href":"https:\/\/develop.wp.eggo.agifly.cloud\/fr\/wp-json\/wp\/v2\/types\/cuisines"}],"replies":[{"embeddable":true,"href":"https:\/\/develop.wp.eggo.agifly.cloud\/fr\/wp-json\/wp\/v2\/comments?post=18470"}],"version-history":[{"count":0,"href":"https:\/\/develop.wp.eggo.agifly.cloud\/fr\/wp-json\/wp\/v2\/cuisines\/18470\/revisions"}],"wp:featuredmedia":[{"embeddable":true,"href":"https:\/\/develop.wp.eggo.agifly.cloud\/fr\/wp-json\/wp\/v2\/media\/37003"}],"wp:attachment":[{"href":"https:\/\/develop.wp.eggo.agifly.cloud\/fr\/wp-json\/wp\/v2\/media?parent=18470"}],"wp:term":[{"taxonomy":"cuisines_category","embeddable":true,"href":"https:\/\/develop.wp.eggo.agifly.cloud\/fr\/wp-json\/wp\/v2\/cuisines_category?post=18470"},{"taxonomy":"cuisines_tag","embeddable":true,"href":"https:\/\/develop.wp.eggo.agifly.cloud\/fr\/wp-json\/wp\/v2\/cuisines_tag?post=18470"},{"taxonomy":"post_type_filter","embeddable":true,"href":"https:\/\/develop.wp.eggo.agifly.cloud\/fr\/wp-json\/wp\/v2\/post_type_filter?post=18470"},{"taxonomy":"eggo_style_tags","embeddable":true,"href":"https:\/\/develop.wp.eggo.agifly.cloud\/fr\/wp-json\/wp\/v2\/eggo_style_tags?post=18470"},{"taxonomy":"eggo_color_tags","embeddable":true,"href":"https:\/\/develop.wp.eggo.agifly.cloud\/fr\/wp-json\/wp\/v2\/eggo_color_tags?post=18470"},{"taxonomy":"eggo_material_and_finishes_tags","embeddable":true,"href":"https:\/\/develop.wp.eggo.agifly.cloud\/fr\/wp-json\/wp\/v2\/eggo_material_and_finishes_tags?post=18470"},{"taxonomy":"eggo_price_range_tags","embeddable":true,"href":"https:\/\/develop.wp.eggo.agifly.cloud\/fr\/wp-json\/wp\/v2\/eggo_price_range_tags?post=18470"},{"taxonomy":"eggo_price_range_tags_21","embeddable":true,"href":"https:\/\/develop.wp.eggo.agifly.cloud\/fr\/wp-json\/wp\/v2\/eggo_price_range_tags_21?post=18470"}],"curies":[{"name":"wp","href":"https:\/\/api.w.org\/{rel}","templated":true}]}}