{"id":31108,"date":"2025-04-18T16:52:01","date_gmt":"2025-04-18T16:52:01","guid":{"rendered":"https:\/\/develop.wp.eggo.agifly.cloud\/?page_id=31108"},"modified":"2025-07-07T09:38:40","modified_gmt":"2025-07-07T09:38:40","slug":"hainaut","status":"publish","type":"page","link":"https:\/\/develop.wp.eggo.agifly.cloud\/fr\/nos-showrooms\/hainaut\/","title":{"rendered":"Magasins \u00e8ggo\u00a0dans la province du\u00a0Hainaut"},"content":{"rendered":"\t\t<div data-elementor-type=\"wp-page\" data-elementor-id=\"31108\" class=\"elementor elementor-31108\" data-elementor-post-type=\"page\">\n\t\t\t\t<div class=\"elementor-element elementor-element-5536ab9 e-flex e-con-boxed e-con e-parent\" data-id=\"5536ab9\" data-element_type=\"container\" data-e-type=\"container\">\n\t\t\t\t\t<div class=\"e-con-inner\">\n\t\t<div class=\"elementor-element elementor-element-8307b54 e-con-full e-flex e-con e-child\" data-id=\"8307b54\" data-element_type=\"container\" data-e-type=\"container\">\n\t\t\t\t<div class=\"elementor-element elementor-element-47b4346 elementor-widget elementor-widget-heading\" data-id=\"47b4346\" data-element_type=\"widget\" data-e-type=\"widget\" data-widget_type=\"heading.default\">\n\t\t\t\t<div class=\"elementor-widget-container\">\n\t\t\t\t\t<h1 class=\"elementor-heading-title elementor-size-default\">Magasins \u00e8ggo dans la province du Hainaut\n<\/h1>\t\t\t\t<\/div>\n\t\t\t\t<\/div>\n\t\t\t\t<div class=\"elementor-element elementor-element-131bd9c elementor-widget elementor-widget-text-editor\" data-id=\"131bd9c\" data-element_type=\"widget\" data-e-type=\"widget\" data-widget_type=\"text-editor.default\">\n\t\t\t\t<div class=\"elementor-widget-container\">\n\t\t\t\t\t\t\t\t\t<p>Vous recherchez un\u00a0<strong>magasin \u00e8ggo<\/strong>\u00a0dans le\u00a0<strong>Hainaut<\/strong>? Ci-dessous la liste de tous les magasin dans la province du Hainaut. Gr\u00e2ce \u00e0 notre vaste r\u00e9seau de plus de 54\u00a0showrooms r\u00e9partis dans toute la Belgique, et notamment dans la r\u00e9gion du Hainaut, vous trouverez sans nul doute votre conseiller \u00e8ggo en\u00a0<a href=\"https:\/\/develop.wp.eggo.agifly.cloud\/cuisines\">cuisine<\/a>\u00a0ou en\u00a0<a href=\"https:\/\/develop.wp.eggo.agifly.cloud\/placard\">placard<\/a>\u00a0\u00e0 proximit\u00e9 de chez vous. D\u00e9couvrez notre gamme de cuisines et dressings sur mesure et obtenez des conseils de nos experts.<\/p>\t\t\t\t\t\t\t\t<\/div>\n\t\t\t\t<\/div>\n\t\t\t\t<\/div>\n\t\t<div class=\"elementor-element elementor-element-52432f6 e-con-full e-flex e-con e-child\" data-id=\"52432f6\" data-element_type=\"container\" data-e-type=\"container\">\n\t\t\t\t<div class=\"elementor-element elementor-element-0f865b5 elementor-widget elementor-widget-image\" data-id=\"0f865b5\" data-element_type=\"widget\" data-e-type=\"widget\" data-widget_type=\"image.default\">\n\t\t\t\t<div class=\"elementor-widget-container\">\n\t\t\t\t\t\t\t\t\t\t\t\t\t\t\t<img fetchpriority=\"high\" decoding=\"async\" width=\"350\" height=\"211\" src=\"https:\/\/develop.wp.eggo.agifly.cloud\/wp-content\/uploads\/2025\/04\/eggo-namur-magasin-cuisines-placards-dressings.webp\" class=\"attachment-full size-full wp-image-31039\" alt=\"Une tablette blanche affiche une carte avec un marqueur rouge localisant Namur, accompagn\u00e9e de deux ic\u00f4nes de localisation.\" srcset=\"https:\/\/develop.wp.eggo.agifly.cloud\/wp-content\/uploads\/2025\/04\/eggo-namur-magasin-cuisines-placards-dressings.webp 350w, https:\/\/develop.wp.eggo.agifly.cloud\/wp-content\/uploads\/2025\/04\/eggo-namur-magasin-cuisines-placards-dressings-300x181.webp 300w\" sizes=\"(max-width: 350px) 100vw, 350px\" \/>\t\t\t\t\t\t\t\t\t\t\t\t\t\t\t<\/div>\n\t\t\t\t<\/div>\n\t\t\t\t<\/div>\n\t\t\t\t\t<\/div>\n\t\t\t\t<\/div>\n\t\t<div class=\"elementor-element elementor-element-365f071 e-flex e-con-boxed e-con e-parent\" data-id=\"365f071\" data-element_type=\"container\" data-e-type=\"container\" data-settings=\"{&quot;background_background&quot;:&quot;classic&quot;}\">\n\t\t\t\t\t<div class=\"e-con-inner\">\n\t\t\t\t<div class=\"elementor-element elementor-element-d4cb48d elementor-widget elementor-widget-heading\" data-id=\"d4cb48d\" data-element_type=\"widget\" data-e-type=\"widget\" data-widget_type=\"heading.default\">\n\t\t\t\t<div class=\"elementor-widget-container\">\n\t\t\t\t\t<h2 class=\"elementor-heading-title elementor-size-default\">Trouvez votre showroom \u00e8ggo \u00e0 proximit\u00e9 de votre ville dans la province du Hainaut<\/h2>\t\t\t\t<\/div>\n\t\t\t\t<\/div>\n\t\t<div class=\"elementor-element elementor-element-05f4e09 e-con-full e-flex e-con e-child\" data-id=\"05f4e09\" data-element_type=\"container\" data-e-type=\"container\">\n\t\t\t\t<div class=\"elementor-element elementor-element-6d4e8c0 elementor-widget__width-initial elementor-widget elementor-widget-text-editor\" data-id=\"6d4e8c0\" data-element_type=\"widget\" data-e-type=\"widget\" data-widget_type=\"text-editor.default\">\n\t\t\t\t<div class=\"elementor-widget-container\">\n\t\t\t\t\t\t\t\t\t<a href=\"https:\/\/develop.wp.eggo.agifly.cloud\/nos-showrooms?city=Charleroi\">Charleroi<\/a>\n<br \/><a href=\"https:\/\/develop.wp.eggo.agifly.cloud\/nos-showrooms?city=Mons\">Mons<\/a>\n<br \/><a href=\"https:\/\/develop.wp.eggo.agifly.cloud\/nos-showrooms?city=La%20Louvi%C3%A8re\">La Louvi\u00e8re<\/a>\n<br \/><a href=\"https:\/\/develop.wp.eggo.agifly.cloud\/nos-showrooms?city=Tournai\">Tournai<\/a>\n<br \/><a href=\"https:\/\/develop.wp.eggo.agifly.cloud\/nos-showrooms?city=Mouscron\">Mouscron<\/a>\n<br \/><a href=\"https:\/\/develop.wp.eggo.agifly.cloud\/nos-showrooms?city=Ch%C3%A2telet\">Ch\u00e2telet<\/a>\n<br \/><a href=\"https:\/\/develop.wp.eggo.agifly.cloud\/nos-showrooms?city=Binche\">Binche<\/a>\n<br \/><a href=\"https:\/\/develop.wp.eggo.agifly.cloud\/nos-showrooms?city=Courcelles\">Courcelles<\/a>\n<br \/><a href=\"https:\/\/develop.wp.eggo.agifly.cloud\/nos-showrooms?city=Ath\">Ath<\/a>\n<br \/><a href=\"https:\/\/develop.wp.eggo.agifly.cloud\/nos-showrooms?city=Soignies\">Soignies<\/a>\t\t\t\t\t\t\t\t<\/div>\n\t\t\t\t<\/div>\n\t\t\t\t<div class=\"elementor-element elementor-element-dba584f elementor-widget__width-initial elementor-widget elementor-widget-text-editor\" data-id=\"dba584f\" data-element_type=\"widget\" data-e-type=\"widget\" data-widget_type=\"text-editor.default\">\n\t\t\t\t<div class=\"elementor-widget-container\">\n\t\t\t\t\t\t\t\t\t<a href=\"https:\/\/develop.wp.eggo.agifly.cloud\/nos-showrooms?city=Saint-Ghislain\">Saint-Ghislain<\/a>\n<br \/><a href=\"https:\/\/develop.wp.eggo.agifly.cloud\/nos-showrooms?city=Manage\">Manage<\/a>\n<br \/><a href=\"https:\/\/develop.wp.eggo.agifly.cloud\/nos-showrooms?city=Fleurus\">Fleurus<\/a>\n<br \/><a href=\"https:\/\/develop.wp.eggo.agifly.cloud\/nos-showrooms?city=Frameries\">Frameries<\/a>\n<br \/><a href=\"https:\/\/develop.wp.eggo.agifly.cloud\/nos-showrooms?city=Braine-le-Comte\">Braine-le-Comte<\/a>\n<br \/><a href=\"https:\/\/develop.wp.eggo.agifly.cloud\/nos-showrooms?city=Boussu\">Boussu<\/a>\n<br \/><a href=\"https:\/\/develop.wp.eggo.agifly.cloud\/nos-showrooms?city=Colfontaine\">Colfontaine<\/a>\n<br \/><a href=\"https:\/\/develop.wp.eggo.agifly.cloud\/nos-showrooms?city=Morlanwelz\">Morlanwelz<\/a>\n<br \/><a href=\"https:\/\/develop.wp.eggo.agifly.cloud\/nos-showrooms?city=Quaregnon\">Quaregnon<\/a>\n<br \/><a href=\"https:\/\/develop.wp.eggo.agifly.cloud\/nos-showrooms?city=Lessines\">Lessines<\/a>\t\t\t\t\t\t\t\t<\/div>\n\t\t\t\t<\/div>\n\t\t\t\t<div class=\"elementor-element elementor-element-b1d0842 elementor-widget__width-initial elementor-widget elementor-widget-text-editor\" data-id=\"b1d0842\" data-element_type=\"widget\" data-e-type=\"widget\" data-widget_type=\"text-editor.default\">\n\t\t\t\t<div class=\"elementor-widget-container\">\n\t\t\t\t\t\t\t\t\t<a href=\"https:\/\/develop.wp.eggo.agifly.cloud\/nos-showrooms?city=Comines-Warneton\">Comines-Warneton<\/a>\n<br \/><a href=\"https:\/\/develop.wp.eggo.agifly.cloud\/nos-showrooms?city=P%C3%A9ruwelz\">P\u00e9ruwelz<\/a>\n<br \/><a href=\"https:\/\/develop.wp.eggo.agifly.cloud\/nos-showrooms?city=Dour\">Dour<\/a>\n<br \/><a href=\"https:\/\/develop.wp.eggo.agifly.cloud\/nos-showrooms?city=Fontaine-l%27%C3%89v%C3%AAque\">Fontaine-l&rsquo;\u00c9v\u00eaque<\/a>\n<br \/><a href=\"https:\/\/develop.wp.eggo.agifly.cloud\/nos-showrooms?city=Pont-%C3%A0-celles\">Pont-\u00e0-celles<\/a>\n<br \/><a href=\"https:\/\/develop.wp.eggo.agifly.cloud\/nos-showrooms?city=Thuin\">Thuin<\/a>\n<br \/><a href=\"https:\/\/develop.wp.eggo.agifly.cloud\/nos-showrooms?city=Chapelle-lez-Herlaimont\">Chapelle-lez-Herlaimont<\/a>\n<br \/><a href=\"https:\/\/develop.wp.eggo.agifly.cloud\/nos-showrooms?city=Bel%C5%93il\">Bel\u0153il<\/a>\n<br \/><a href=\"https:\/\/develop.wp.eggo.agifly.cloud\/nos-showrooms?city=Ham-sur-Heure-Nalinnes\">Ham-sur-Heure-Nalinnes<\/a>\n<br \/><a href=\"https:\/\/develop.wp.eggo.agifly.cloud\/nos-showrooms?city=Leuze-en-Hainaut\">Leuze-en-Hainaut<\/a>\t\t\t\t\t\t\t\t<\/div>\n\t\t\t\t<\/div>\n\t\t\t\t<div class=\"elementor-element elementor-element-c690775 elementor-widget__width-initial elementor-widget elementor-widget-text-editor\" data-id=\"c690775\" data-element_type=\"widget\" data-e-type=\"widget\" data-widget_type=\"text-editor.default\">\n\t\t\t\t<div class=\"elementor-widget-container\">\n\t\t\t\t\t\t\t\t\t<a href=\"https:\/\/develop.wp.eggo.agifly.cloud\/nos-showrooms?city=Enghien\">Enghien<\/a>\n<br \/><a href=\"https:\/\/develop.wp.eggo.agifly.cloud\/nos-showrooms?city=Gerpinnes\">Gerpinnes<\/a>\n<br \/><a href=\"https:\/\/develop.wp.eggo.agifly.cloud\/nos-showrooms?city=Anderlues\">Anderlues<\/a>\n<br \/><a href=\"https:\/\/develop.wp.eggo.agifly.cloud\/nos-showrooms?city=Bernissart\">Bernissart<\/a>\n<br \/><a href=\"https:\/\/develop.wp.eggo.agifly.cloud\/nos-showrooms?city=Frasnes-lez-Anvaing\">Frasnes-lez-Anvaing<\/a>\n<br \/><a href=\"https:\/\/develop.wp.eggo.agifly.cloud\/nos-showrooms?city=Farciennes\">Farciennes<\/a>\n<br \/><a href=\"https:\/\/develop.wp.eggo.agifly.cloud\/nos-showrooms?city=Aiseau-Presles\">Aiseau-Presles<\/a>\n<br \/><a href=\"https:\/\/develop.wp.eggo.agifly.cloud\/nos-showrooms?city=Seneffe\">Seneffe<\/a>\n<br \/><a href=\"https:\/\/develop.wp.eggo.agifly.cloud\/nos-showrooms?city=%C3%89caussinnes\">\u00c9caussinnes<\/a>\n<br \/><a href=\"https:\/\/develop.wp.eggo.agifly.cloud\/nos-showrooms?city=Montigny-le-Tilleul\">Montigny-le-Tilleul<\/a>\t\t\t\t\t\t\t\t<\/div>\n\t\t\t\t<\/div>\n\t\t\t\t<\/div>\n\t\t\t\t\t<\/div>\n\t\t\t\t<\/div>\n\t\t<div class=\"elementor-element elementor-element-adae0b5 e-flex e-con-boxed e-con e-parent\" data-id=\"adae0b5\" data-element_type=\"container\" data-e-type=\"container\">\n\t\t\t\t\t<div class=\"e-con-inner\">\n\t\t<div class=\"elementor-element elementor-element-54e3cdd e-con-full e-flex e-con e-child\" data-id=\"54e3cdd\" data-element_type=\"container\" data-e-type=\"container\">\n\t\t\t\t<div class=\"elementor-element elementor-element-6570c57 elementor-widget elementor-widget-heading\" data-id=\"6570c57\" data-element_type=\"widget\" data-e-type=\"widget\" data-widget_type=\"heading.default\">\n\t\t\t\t<div class=\"elementor-widget-container\">\n\t\t\t\t\t<h2 class=\"elementor-heading-title elementor-size-default\">\u00c9v\u00e8nement du showroom<\/h2>\t\t\t\t<\/div>\n\t\t\t\t<\/div>\n\t\t\t\t<div class=\"elementor-element elementor-element-5a39454 elementor-widget elementor-widget-text-editor\" data-id=\"5a39454\" data-element_type=\"widget\" data-e-type=\"widget\" data-widget_type=\"text-editor.default\">\n\t\t\t\t<div class=\"elementor-widget-container\">\n\t\t\t\t\t\t\t\t\t<p>Gr\u00e2ce \u00e0 notre vaste r\u00e9seau de plus de 54 showrooms r\u00e9partis dans toutes les provinces de Belgique, vous trouverez tr\u00e8s certainement un conseiller \u00e8ggo sp\u00e9cialiste des cuisines et placards pr\u00e8s de chez vous. Nous sommes aussi pr\u00e9sents dans\u00a0le\u00a0<a href=\"https:\/\/develop.wp.eggo.agifly.cloud\/brabant-wallon\" target=\"_blank\" rel=\"noopener\"><u>Brabant wallon<\/u><\/a>,\u00a0\u00e0\u00a0<a href=\"https:\/\/develop.wp.eggo.agifly.cloud\/liege\" target=\"_blank\" rel=\"noopener\"><u>Li\u00e8ge<\/u><\/a>, \u00e0\u00a0<u><a href=\"https:\/\/develop.wp.eggo.agifly.cloud\/namur\" target=\"_blank\" rel=\"noopener\">Namur<\/a>,<\/u>\u00a0\u00e0\u00a0<a href=\"https:\/\/develop.wp.eggo.agifly.cloud\/bruxelles\" target=\"_blank\" rel=\"noopener\"><u>Bruxelles<\/u><\/a>\u00a0et \u00e0\u00a0<a href=\"https:\/\/develop.wp.eggo.agifly.cloud\/anvers\" target=\"_blank\" rel=\"noopener\"><u>Anvers<\/u><\/a>, mais aussi dans le\u00a0<a href=\"https:\/\/develop.wp.eggo.agifly.cloud\/brabant-flamand\" target=\"_blank\" rel=\"noopener\"><u>Brabant flamand<\/u><\/a>, en\u00a0<a href=\"https:\/\/develop.wp.eggo.agifly.cloud\/flandre-occidentale\" target=\"_blank\" rel=\"noopener\"><u>Flandre occidentale<\/u><\/a>, en\u00a0<a href=\"https:\/\/develop.wp.eggo.agifly.cloud\/flandre-orientale\" target=\"_blank\" rel=\"noopener\"><u>Flandre orientale<\/u>\u00a0<\/a>et dans le\u00a0<a href=\"https:\/\/develop.wp.eggo.agifly.cloud\/limbourg\" target=\"_blank\" rel=\"noopener\"><u>Limbourg<\/u><\/a>.<\/p>\t\t\t\t\t\t\t\t<\/div>\n\t\t\t\t<\/div>\n\t\t\t\t<\/div>\n\t\t<div class=\"elementor-element elementor-element-c4f9cd9 e-con-full e-flex e-con e-child\" data-id=\"c4f9cd9\" data-element_type=\"container\" data-e-type=\"container\">\n\t\t\t\t<div class=\"elementor-element elementor-element-19e2463 elementor-widget elementor-widget-heading\" data-id=\"19e2463\" data-element_type=\"widget\" data-e-type=\"widget\" data-widget_type=\"heading.default\">\n\t\t\t\t<div class=\"elementor-widget-container\">\n\t\t\t\t\t<h2 class=\"elementor-heading-title elementor-size-default\">Recherches associ\u00e9es \u00e0 \u00e8ggo Hainaut\n<\/h2>\t\t\t\t<\/div>\n\t\t\t\t<\/div>\n\t\t\t\t<div class=\"elementor-element elementor-element-cd13163 elementor-widget elementor-widget-text-editor\" data-id=\"cd13163\" data-element_type=\"widget\" data-e-type=\"widget\" data-widget_type=\"text-editor.default\">\n\t\t\t\t<div class=\"elementor-widget-container\">\n\t\t\t\t\t\t\t\t\t<article class=\"page content\"><header class=\"page-header\">\n<div class=\"container\">\n<div class=\"page-meta\">\n<div class=\"summary typeset\">\n<article class=\"page content\"><header class=\"page-header\">\n<div class=\"container\">\n<div class=\"page-meta\">\n<div class=\"summary typeset\">\n<article class=\"page content\"><header class=\"page-header\">\n<div class=\"container\">\n<div class=\"page-meta\">\n<div class=\"summary typeset\">\n<article class=\"page content\"><header class=\"page-header\">\n<div class=\"container\">\n<div class=\"page-meta\">\n<div class=\"summary typeset\">\n<p>cuisine Hainaut, cuisine sur mesure Hainaut, cuisiniste Hainaut, cuisine \u00e9quip\u00e9e Hainaut, cuisine 3D Hainaut, cuisine design Hainaut, cuisine pas cher Hainaut, cuisine belge Hainaut, magasin \u00e9lectrom\u00e9nager Hainaut, magasin cuisine Hainaut, placard sur mesure Hainaut, am\u00e9nagement cuisine Hainaut, dressing sur mesure Hainaut<\/p>\n<\/div>\n<\/div>\n<\/div>\n<\/header><\/article>\n<\/div>\n<\/div>\n<\/div>\n<\/header><\/article>\n<\/div>\n<\/div>\n<\/div>\n<\/header><\/article>\n<\/div>\n<\/div>\n<\/div>\n<\/header><\/article>\t\t\t\t\t\t\t\t<\/div>\n\t\t\t\t<\/div>\n\t\t\t\t<\/div>\n\t\t\t\t\t<\/div>\n\t\t\t\t<\/div>\n\t\t<div class=\"elementor-element elementor-element-3a159c2 e-flex e-con-boxed e-con e-parent\" data-id=\"3a159c2\" data-element_type=\"container\" data-e-type=\"container\">\n\t\t\t\t\t<div class=\"e-con-inner\">\n\t\t\t\t\t<\/div>\n\t\t\t\t<\/div>\n\t\t\t\t<\/div>\n\t\t","protected":false},"excerpt":{"rendered":"<p>Magasins \u00e8ggo dans la province du Hainaut Vous recherchez un\u00a0magasin \u00e8ggo\u00a0dans le\u00a0Hainaut? Ci-dessous la liste de tous les magasin dans la province du Hainaut. Gr\u00e2ce \u00e0 notre vaste r\u00e9seau de plus de 54\u00a0showrooms r\u00e9partis dans toute la Belgique, et notamment dans la r\u00e9gion du Hainaut, vous trouverez sans nul doute votre conseiller \u00e8ggo en\u00a0cuisine\u00a0ou en\u00a0placard\u00a0\u00e0 [&hellip;]<\/p>\n","protected":false},"author":1,"featured_media":0,"parent":6423,"menu_order":0,"comment_status":"closed","ping_status":"closed","template":"","meta":{"footnotes":""},"class_list":["post-31108","page","type-page","status-publish","hentry"],"yoast_head":"<!-- This site is optimized with the Yoast SEO Premium plugin v26.2 (Yoast SEO v27.3) - https:\/\/yoast.com\/product\/yoast-seo-premium-wordpress\/ -->\n<title>Magasins \u00e8ggo\u00a0dans la province du\u00a0Hainaut - Eggo<\/title>\n<meta name=\"description\" content=\"Visitez nos showrooms en Hainaut et trouvez des solutions adapt\u00e9es \u00e0 votre style pour votre cuisine, salon ou dressing.\" \/>\n<meta name=\"robots\" content=\"index, follow, max-snippet:-1, max-image-preview:large, max-video-preview:-1\" \/>\n<link rel=\"canonical\" href=\"https:\/\/develop.wp.eggo.agifly.cloud\/fr\/nos-showrooms\/hainaut\/\" \/>\n<meta property=\"og:locale\" content=\"fr_FR\" \/>\n<meta property=\"og:type\" content=\"article\" \/>\n<meta property=\"og:title\" content=\"Magasins \u00e8ggo\u00a0dans la province du\u00a0Hainaut\" \/>\n<meta property=\"og:description\" content=\"Visitez nos showrooms en Hainaut et trouvez des solutions adapt\u00e9es \u00e0 votre style pour votre cuisine, salon ou dressing.\" \/>\n<meta property=\"og:url\" content=\"https:\/\/develop.wp.eggo.agifly.cloud\/fr\/nos-showrooms\/hainaut\/\" \/>\n<meta property=\"og:site_name\" content=\"Eggo\" \/>\n<meta property=\"article:publisher\" content=\"https:\/\/www.facebook.com\/eggokitchen\" \/>\n<meta property=\"article:modified_time\" content=\"2025-07-07T09:38:40+00:00\" \/>\n<meta property=\"og:image\" content=\"https:\/\/develop.wp.eggo.agifly.cloud\/wp-content\/uploads\/2025\/04\/eggo-namur-magasin-cuisines-placards-dressings.png\" \/>\n<meta name=\"twitter:card\" content=\"summary_large_image\" \/>\n<meta name=\"twitter:label1\" content=\"Dur\u00e9e de lecture estim\u00e9e\" \/>\n\t<meta name=\"twitter:data1\" content=\"2 minutes\" \/>\n<script type=\"application\/ld+json\" class=\"yoast-schema-graph\">{\"@context\":\"https:\\\/\\\/schema.org\",\"@graph\":[{\"@type\":\"WebPage\",\"@id\":\"https:\\\/\\\/develop.wp.eggo.agifly.cloud\\\/fr\\\/nos-showrooms\\\/hainaut\\\/\",\"url\":\"https:\\\/\\\/develop.wp.eggo.agifly.cloud\\\/fr\\\/nos-showrooms\\\/hainaut\\\/\",\"name\":\"Magasins \u00e8ggo\u00a0dans la province du\u00a0Hainaut - Eggo\",\"isPartOf\":{\"@id\":\"https:\\\/\\\/develop.wp.eggo.agifly.cloud\\\/fr\\\/#website\"},\"primaryImageOfPage\":{\"@id\":\"https:\\\/\\\/develop.wp.eggo.agifly.cloud\\\/fr\\\/nos-showrooms\\\/hainaut\\\/#primaryimage\"},\"image\":{\"@id\":\"https:\\\/\\\/develop.wp.eggo.agifly.cloud\\\/fr\\\/nos-showrooms\\\/hainaut\\\/#primaryimage\"},\"thumbnailUrl\":\"https:\\\/\\\/develop.wp.eggo.agifly.cloud\\\/wp-content\\\/uploads\\\/2025\\\/04\\\/eggo-namur-magasin-cuisines-placards-dressings.webp\",\"datePublished\":\"2025-04-18T16:52:01+00:00\",\"dateModified\":\"2025-07-07T09:38:40+00:00\",\"description\":\"Visitez nos showrooms en Hainaut et trouvez des solutions adapt\u00e9es \u00e0 votre style pour votre cuisine, salon ou dressing.\",\"breadcrumb\":{\"@id\":\"https:\\\/\\\/develop.wp.eggo.agifly.cloud\\\/fr\\\/nos-showrooms\\\/hainaut\\\/#breadcrumb\"},\"inLanguage\":\"fr-FR\",\"potentialAction\":[{\"@type\":\"ReadAction\",\"target\":[\"https:\\\/\\\/develop.wp.eggo.agifly.cloud\\\/fr\\\/nos-showrooms\\\/hainaut\\\/\"]}]},{\"@type\":\"ImageObject\",\"inLanguage\":\"fr-FR\",\"@id\":\"https:\\\/\\\/develop.wp.eggo.agifly.cloud\\\/fr\\\/nos-showrooms\\\/hainaut\\\/#primaryimage\",\"url\":\"https:\\\/\\\/develop.wp.eggo.agifly.cloud\\\/wp-content\\\/uploads\\\/2025\\\/04\\\/eggo-namur-magasin-cuisines-placards-dressings.webp\",\"contentUrl\":\"https:\\\/\\\/develop.wp.eggo.agifly.cloud\\\/wp-content\\\/uploads\\\/2025\\\/04\\\/eggo-namur-magasin-cuisines-placards-dressings.webp\"},{\"@type\":\"BreadcrumbList\",\"@id\":\"https:\\\/\\\/develop.wp.eggo.agifly.cloud\\\/fr\\\/nos-showrooms\\\/hainaut\\\/#breadcrumb\",\"itemListElement\":[{\"@type\":\"ListItem\",\"position\":1,\"name\":\"Home\",\"item\":\"https:\\\/\\\/develop.wp.eggo.agifly.cloud\\\/fr\\\/\"},{\"@type\":\"ListItem\",\"position\":2,\"name\":\"Nos showrooms\",\"item\":\"https:\\\/\\\/develop.wp.eggo.agifly.cloud\\\/fr\\\/nos-showrooms\\\/\"},{\"@type\":\"ListItem\",\"position\":3,\"name\":\"Magasins \u00e8ggo\u00a0dans la province du\u00a0Hainaut\"}]},{\"@type\":\"WebSite\",\"@id\":\"https:\\\/\\\/develop.wp.eggo.agifly.cloud\\\/fr\\\/#website\",\"url\":\"https:\\\/\\\/develop.wp.eggo.agifly.cloud\\\/fr\\\/\",\"name\":\"\u00e8ggo\",\"description\":\"\",\"publisher\":{\"@id\":\"https:\\\/\\\/develop.wp.eggo.agifly.cloud\\\/fr\\\/#organization\"},\"potentialAction\":[{\"@type\":\"SearchAction\",\"target\":{\"@type\":\"EntryPoint\",\"urlTemplate\":\"https:\\\/\\\/develop.wp.eggo.agifly.cloud\\\/fr\\\/?s={search_term_string}\"},\"query-input\":{\"@type\":\"PropertyValueSpecification\",\"valueRequired\":true,\"valueName\":\"search_term_string\"}}],\"inLanguage\":\"fr-FR\"},{\"@type\":[\"Organization\",\"Place\"],\"@id\":\"https:\\\/\\\/develop.wp.eggo.agifly.cloud\\\/fr\\\/#organization\",\"name\":\"\u00e8ggo\",\"alternateName\":\"eggo\",\"url\":\"https:\\\/\\\/develop.wp.eggo.agifly.cloud\\\/fr\\\/\",\"logo\":{\"@id\":\"https:\\\/\\\/develop.wp.eggo.agifly.cloud\\\/fr\\\/nos-showrooms\\\/hainaut\\\/#local-main-organization-logo\"},\"image\":{\"@id\":\"https:\\\/\\\/develop.wp.eggo.agifly.cloud\\\/fr\\\/nos-showrooms\\\/hainaut\\\/#local-main-organization-logo\"},\"sameAs\":[\"https:\\\/\\\/www.facebook.com\\\/eggokitchen\",\"https:\\\/\\\/www.linkedin.com\\\/company\\\/eggo\\\/\"],\"description\":\"Des cuisines et meubles de rangement de qualit\u00e9 \u00e0 des prix avantageux ! D\u00e9couvrez nos mod\u00e8les et prenez rendez-vous en ligne dans votre showroom \u00e8ggo.\",\"telephone\":[],\"openingHoursSpecification\":[{\"@type\":\"OpeningHoursSpecification\",\"dayOfWeek\":[\"Monday\",\"Tuesday\",\"Wednesday\",\"Thursday\",\"Friday\",\"Saturday\",\"Sunday\"],\"opens\":\"09:00\",\"closes\":\"17:00\"}]},{\"@type\":\"ImageObject\",\"inLanguage\":\"fr-FR\",\"@id\":\"https:\\\/\\\/develop.wp.eggo.agifly.cloud\\\/fr\\\/nos-showrooms\\\/hainaut\\\/#local-main-organization-logo\",\"url\":\"https:\\\/\\\/develop.wp.eggo.agifly.cloud\\\/wp-content\\\/uploads\\\/2025\\\/01\\\/Logo.webp\",\"contentUrl\":\"https:\\\/\\\/develop.wp.eggo.agifly.cloud\\\/wp-content\\\/uploads\\\/2025\\\/01\\\/Logo.webp\",\"width\":88,\"height\":88,\"caption\":\"\u00e8ggo\"}]}<\/script>\n<!-- \/ Yoast SEO Premium plugin. -->","yoast_head_json":{"title":"Magasins \u00e8ggo\u00a0dans la province du\u00a0Hainaut - Eggo","description":"Visitez nos showrooms en Hainaut et trouvez des solutions adapt\u00e9es \u00e0 votre style pour votre cuisine, salon ou dressing.","robots":{"index":"index","follow":"follow","max-snippet":"max-snippet:-1","max-image-preview":"max-image-preview:large","max-video-preview":"max-video-preview:-1"},"canonical":"https:\/\/develop.wp.eggo.agifly.cloud\/fr\/nos-showrooms\/hainaut\/","og_locale":"fr_FR","og_type":"article","og_title":"Magasins \u00e8ggo\u00a0dans la province du\u00a0Hainaut","og_description":"Visitez nos showrooms en Hainaut et trouvez des solutions adapt\u00e9es \u00e0 votre style pour votre cuisine, salon ou dressing.","og_url":"https:\/\/develop.wp.eggo.agifly.cloud\/fr\/nos-showrooms\/hainaut\/","og_site_name":"Eggo","article_publisher":"https:\/\/www.facebook.com\/eggokitchen","article_modified_time":"2025-07-07T09:38:40+00:00","og_image":[{"url":"https:\/\/develop.wp.eggo.agifly.cloud\/wp-content\/uploads\/2025\/04\/eggo-namur-magasin-cuisines-placards-dressings.png","type":"","width":"","height":""}],"twitter_card":"summary_large_image","twitter_misc":{"Dur\u00e9e de lecture estim\u00e9e":"2 minutes"},"schema":{"@context":"https:\/\/schema.org","@graph":[{"@type":"WebPage","@id":"https:\/\/develop.wp.eggo.agifly.cloud\/fr\/nos-showrooms\/hainaut\/","url":"https:\/\/develop.wp.eggo.agifly.cloud\/fr\/nos-showrooms\/hainaut\/","name":"Magasins \u00e8ggo\u00a0dans la province du\u00a0Hainaut - Eggo","isPartOf":{"@id":"https:\/\/develop.wp.eggo.agifly.cloud\/fr\/#website"},"primaryImageOfPage":{"@id":"https:\/\/develop.wp.eggo.agifly.cloud\/fr\/nos-showrooms\/hainaut\/#primaryimage"},"image":{"@id":"https:\/\/develop.wp.eggo.agifly.cloud\/fr\/nos-showrooms\/hainaut\/#primaryimage"},"thumbnailUrl":"https:\/\/develop.wp.eggo.agifly.cloud\/wp-content\/uploads\/2025\/04\/eggo-namur-magasin-cuisines-placards-dressings.webp","datePublished":"2025-04-18T16:52:01+00:00","dateModified":"2025-07-07T09:38:40+00:00","description":"Visitez nos showrooms en Hainaut et trouvez des solutions adapt\u00e9es \u00e0 votre style pour votre cuisine, salon ou dressing.","breadcrumb":{"@id":"https:\/\/develop.wp.eggo.agifly.cloud\/fr\/nos-showrooms\/hainaut\/#breadcrumb"},"inLanguage":"fr-FR","potentialAction":[{"@type":"ReadAction","target":["https:\/\/develop.wp.eggo.agifly.cloud\/fr\/nos-showrooms\/hainaut\/"]}]},{"@type":"ImageObject","inLanguage":"fr-FR","@id":"https:\/\/develop.wp.eggo.agifly.cloud\/fr\/nos-showrooms\/hainaut\/#primaryimage","url":"https:\/\/develop.wp.eggo.agifly.cloud\/wp-content\/uploads\/2025\/04\/eggo-namur-magasin-cuisines-placards-dressings.webp","contentUrl":"https:\/\/develop.wp.eggo.agifly.cloud\/wp-content\/uploads\/2025\/04\/eggo-namur-magasin-cuisines-placards-dressings.webp"},{"@type":"BreadcrumbList","@id":"https:\/\/develop.wp.eggo.agifly.cloud\/fr\/nos-showrooms\/hainaut\/#breadcrumb","itemListElement":[{"@type":"ListItem","position":1,"name":"Home","item":"https:\/\/develop.wp.eggo.agifly.cloud\/fr\/"},{"@type":"ListItem","position":2,"name":"Nos showrooms","item":"https:\/\/develop.wp.eggo.agifly.cloud\/fr\/nos-showrooms\/"},{"@type":"ListItem","position":3,"name":"Magasins \u00e8ggo\u00a0dans la province du\u00a0Hainaut"}]},{"@type":"WebSite","@id":"https:\/\/develop.wp.eggo.agifly.cloud\/fr\/#website","url":"https:\/\/develop.wp.eggo.agifly.cloud\/fr\/","name":"\u00e8ggo","description":"","publisher":{"@id":"https:\/\/develop.wp.eggo.agifly.cloud\/fr\/#organization"},"potentialAction":[{"@type":"SearchAction","target":{"@type":"EntryPoint","urlTemplate":"https:\/\/develop.wp.eggo.agifly.cloud\/fr\/?s={search_term_string}"},"query-input":{"@type":"PropertyValueSpecification","valueRequired":true,"valueName":"search_term_string"}}],"inLanguage":"fr-FR"},{"@type":["Organization","Place"],"@id":"https:\/\/develop.wp.eggo.agifly.cloud\/fr\/#organization","name":"\u00e8ggo","alternateName":"eggo","url":"https:\/\/develop.wp.eggo.agifly.cloud\/fr\/","logo":{"@id":"https:\/\/develop.wp.eggo.agifly.cloud\/fr\/nos-showrooms\/hainaut\/#local-main-organization-logo"},"image":{"@id":"https:\/\/develop.wp.eggo.agifly.cloud\/fr\/nos-showrooms\/hainaut\/#local-main-organization-logo"},"sameAs":["https:\/\/www.facebook.com\/eggokitchen","https:\/\/www.linkedin.com\/company\/eggo\/"],"description":"Des cuisines et meubles de rangement de qualit\u00e9 \u00e0 des prix avantageux ! D\u00e9couvrez nos mod\u00e8les et prenez rendez-vous en ligne dans votre showroom \u00e8ggo.","telephone":[],"openingHoursSpecification":[{"@type":"OpeningHoursSpecification","dayOfWeek":["Monday","Tuesday","Wednesday","Thursday","Friday","Saturday","Sunday"],"opens":"09:00","closes":"17:00"}]},{"@type":"ImageObject","inLanguage":"fr-FR","@id":"https:\/\/develop.wp.eggo.agifly.cloud\/fr\/nos-showrooms\/hainaut\/#local-main-organization-logo","url":"https:\/\/develop.wp.eggo.agifly.cloud\/wp-content\/uploads\/2025\/01\/Logo.webp","contentUrl":"https:\/\/develop.wp.eggo.agifly.cloud\/wp-content\/uploads\/2025\/01\/Logo.webp","width":88,"height":88,"caption":"\u00e8ggo"}]}},"meta_box":{"promotion_toggle":"0","small_featured_promotion_toggle":"0","promotion_icon":[],"promotion_description":"","promotion_period":"","promotion_link":"","promotion_bg_color":"#ffffff","promotion_text_color":"#fe5000","read_more_content":"","catalog_pdf":[]},"_links":{"self":[{"href":"https:\/\/develop.wp.eggo.agifly.cloud\/fr\/wp-json\/wp\/v2\/pages\/31108","targetHints":{"allow":["GET"]}}],"collection":[{"href":"https:\/\/develop.wp.eggo.agifly.cloud\/fr\/wp-json\/wp\/v2\/pages"}],"about":[{"href":"https:\/\/develop.wp.eggo.agifly.cloud\/fr\/wp-json\/wp\/v2\/types\/page"}],"author":[{"embeddable":true,"href":"https:\/\/develop.wp.eggo.agifly.cloud\/fr\/wp-json\/wp\/v2\/users\/1"}],"replies":[{"embeddable":true,"href":"https:\/\/develop.wp.eggo.agifly.cloud\/fr\/wp-json\/wp\/v2\/comments?post=31108"}],"version-history":[{"count":0,"href":"https:\/\/develop.wp.eggo.agifly.cloud\/fr\/wp-json\/wp\/v2\/pages\/31108\/revisions"}],"up":[{"embeddable":true,"href":"https:\/\/develop.wp.eggo.agifly.cloud\/fr\/wp-json\/wp\/v2\/pages\/6423"}],"wp:attachment":[{"href":"https:\/\/develop.wp.eggo.agifly.cloud\/fr\/wp-json\/wp\/v2\/media?parent=31108"}],"curies":[{"name":"wp","href":"https:\/\/api.w.org\/{rel}","templated":true}]}}