{"id":15328,"date":"2025-03-30T18:46:19","date_gmt":"2025-03-30T18:46:19","guid":{"rendered":"https:\/\/develop.wp.eggo.agifly.cloud\/?post_type=testimonials&#038;p=15328"},"modified":"2025-04-17T12:38:53","modified_gmt":"2025-04-17T12:38:53","slug":"la-cuisine-de-jean-philippe-darcis","status":"publish","type":"testimonials","link":"https:\/\/develop.wp.eggo.agifly.cloud\/fr\/temoignages\/la-cuisine-de-jean-philippe-darcis\/","title":{"rendered":"La cuisine de\u00a0Jean-Philippe Darcis"},"content":{"rendered":"\t\t<div data-elementor-type=\"wp-post\" data-elementor-id=\"15328\" class=\"elementor elementor-15328\" data-elementor-post-type=\"testimonials\">\n\t\t\t\t<div class=\"elementor-element elementor-element-b0c2613 e-flex e-con-boxed e-con e-parent\" data-id=\"b0c2613\" data-element_type=\"container\" data-e-type=\"container\" data-settings=\"{&quot;background_background&quot;:&quot;classic&quot;}\">\n\t\t\t\t\t<div class=\"e-con-inner\">\n\t\t<div class=\"elementor-element elementor-element-94b7a37 e-con-full e-flex e-con e-child\" data-id=\"94b7a37\" data-element_type=\"container\" data-e-type=\"container\" data-settings=\"{&quot;background_motion_fx_motion_fx_scrolling&quot;:&quot;yes&quot;,&quot;background_motion_fx_translateX_effect&quot;:&quot;yes&quot;,&quot;background_motion_fx_translateX_direction&quot;:&quot;negative&quot;,&quot;background_background&quot;:&quot;classic&quot;,&quot;background_motion_fx_translateX_speed&quot;:{&quot;unit&quot;:&quot;px&quot;,&quot;size&quot;:4,&quot;sizes&quot;:[]},&quot;background_motion_fx_translateX_affectedRange&quot;:{&quot;unit&quot;:&quot;%&quot;,&quot;size&quot;:&quot;&quot;,&quot;sizes&quot;:{&quot;start&quot;:0,&quot;end&quot;:100}},&quot;background_motion_fx_devices&quot;:[&quot;desktop&quot;,&quot;tablet&quot;,&quot;mobile&quot;]}\">\n\t\t\t\t<div class=\"elementor-element elementor-element-c7f974a elementor-widget elementor-widget-heading\" data-id=\"c7f974a\" data-element_type=\"widget\" data-e-type=\"widget\" data-widget_type=\"heading.default\">\n\t\t\t\t<div class=\"elementor-widget-container\">\n\t\t\t\t\t<h2 class=\"elementor-heading-title elementor-size-default\">\u201c Les chocolats Darcis &amp; les cuisines \u00e8ggo, ce sont deux cr\u00e9ateurs de bonheur! \u201d<\/h2>\t\t\t\t<\/div>\n\t\t\t\t<\/div>\n\t\t\t\t<div class=\"elementor-element elementor-element-2921d0f elementor-widget elementor-widget-text-editor\" data-id=\"2921d0f\" data-element_type=\"widget\" data-e-type=\"widget\" data-widget_type=\"text-editor.default\">\n\t\t\t\t<div class=\"elementor-widget-container\">\n\t\t\t\t\t\t\t\t\t<section><div class=\"container container--small typeset\"><section><div class=\"container\"><p class=\"author\" style=\"text-align: center;\">Jean-Philippe Darci<\/p><\/div><\/section><\/div><\/section>\t\t\t\t\t\t\t\t<\/div>\n\t\t\t\t<\/div>\n\t\t\t\t<\/div>\n\t\t<div class=\"elementor-element elementor-element-e3a8c98 e-con-full e-flex e-con e-child\" data-id=\"e3a8c98\" data-element_type=\"container\" data-e-type=\"container\">\n\t\t\t\t<div class=\"elementor-element elementor-element-43553c6 elementor-widget elementor-widget-heading\" data-id=\"43553c6\" data-element_type=\"widget\" data-e-type=\"widget\" data-widget_type=\"heading.default\">\n\t\t\t\t<div class=\"elementor-widget-container\">\n\t\t\t\t\t<h2 class=\"elementor-heading-title elementor-size-default\">Comment avez-vous fait la <b>connaissance de \u00e8ggo<\/b>?<\/h2>\t\t\t\t<\/div>\n\t\t\t\t<\/div>\n\t\t\t\t<div class=\"elementor-element elementor-element-feadd4b elementor-widget elementor-widget-text-editor\" data-id=\"feadd4b\" data-element_type=\"widget\" data-e-type=\"widget\" data-widget_type=\"text-editor.default\">\n\t\t\t\t<div class=\"elementor-widget-container\">\n\t\t\t\t\t\t\t\t\t<section>\n<div class=\"container container--small typeset\">\n<p>En tant que p\u00e2tissier et chocolatier, j\u2019ai eu le privil\u00e8ge de\u00a0<strong>collaborer avec \u00e8ggo\u00a0<\/strong>pour l\u2019organisation d\u2019ateliers culinaires sur plusieurs salons.\u00a0<strong>L\u2019accueil de l\u2019\u00e9quipe\u00a0<\/strong>sur place m\u2019avait\u00a0<strong>enthousiasm\u00e9\u00a0<\/strong>et j\u2019avais \u00e9t\u00e9 tout de suite convaincu de la\u00a0<strong>qualit\u00e9 des meubles<\/strong>. La cuisine dans laquelle je travaillais \u00e9tait tr\u00e8s bien agenc\u00e9e et compl\u00e8te. Sans h\u00e9siter, je m\u2019\u00e9tais dit que ma prochaine cuisine serait \u201cune \u00e8ggo\u201d.<\/p>\n<\/div>\n<\/section>\n<section>\n<div class=\"container\">\u00a0<\/div>\n<\/section>\t\t\t\t\t\t\t\t<\/div>\n\t\t\t\t<\/div>\n\t\t\t\t<\/div>\n\t\t\t\t\t<\/div>\n\t\t\t\t<\/div>\n\t\t<div class=\"elementor-element elementor-element-63407f2 e-flex e-con-boxed e-con e-parent\" data-id=\"63407f2\" data-element_type=\"container\" data-e-type=\"container\">\n\t\t\t\t\t<div class=\"e-con-inner\">\n\t\t\t\t<div class=\"elementor-element elementor-element-813e697 elementor-widget__width-initial elementor-widget elementor-widget-heading\" data-id=\"813e697\" data-element_type=\"widget\" data-e-type=\"widget\" data-widget_type=\"heading.default\">\n\t\t\t\t<div class=\"elementor-widget-container\">\n\t\t\t\t\t<h2 class=\"elementor-heading-title elementor-size-default\">Parlez-nous de votre <b>projet cuisine <\/b>?<\/h2>\t\t\t\t<\/div>\n\t\t\t\t<\/div>\n\t\t\t\t<div class=\"elementor-element elementor-element-7d37f30 elementor-widget elementor-widget-text-editor\" data-id=\"7d37f30\" data-element_type=\"widget\" data-e-type=\"widget\" data-widget_type=\"text-editor.default\">\n\t\t\t\t<div class=\"elementor-widget-container\">\n\t\t\t\t\t\t\t\t\t<section>\n<div class=\"container container--small typeset\">\n<p style=\"text-align: center;\">Lors de mon premier contact dans le magasin \u00e0 Verviers, j\u2019ai rencontr\u00e9 une vendeuse tr\u00e8s souriante et professionnelle qui m\u2019a fait d\u00e9couvrir le showroom. J\u2019ai appr\u00e9ci\u00e9 son\u00a0<strong>\u00e9coute et la pr\u00e9cision de ses conseils<\/strong>\u00a0dans la r\u00e9flexion globale de mon projet.\u00a0<\/p>\n<\/div>\n<\/section>\t\t\t\t\t\t\t\t<\/div>\n\t\t\t\t<\/div>\n\t\t\t\t\t<\/div>\n\t\t\t\t<\/div>\n\t\t<div class=\"elementor-element elementor-element-6e6e145 e-flex e-con-boxed e-con e-parent\" data-id=\"6e6e145\" data-element_type=\"container\" data-e-type=\"container\" data-settings=\"{&quot;background_background&quot;:&quot;classic&quot;}\">\n\t\t\t\t\t<div class=\"e-con-inner\">\n\t\t<div class=\"elementor-element elementor-element-70ca573 e-con-full e-flex e-con e-child\" data-id=\"70ca573\" data-element_type=\"container\" data-e-type=\"container\" data-settings=\"{&quot;background_motion_fx_motion_fx_scrolling&quot;:&quot;yes&quot;,&quot;background_motion_fx_translateX_effect&quot;:&quot;yes&quot;,&quot;background_motion_fx_translateX_direction&quot;:&quot;negative&quot;,&quot;background_background&quot;:&quot;classic&quot;,&quot;background_motion_fx_translateX_speed&quot;:{&quot;unit&quot;:&quot;px&quot;,&quot;size&quot;:4,&quot;sizes&quot;:[]},&quot;background_motion_fx_translateX_affectedRange&quot;:{&quot;unit&quot;:&quot;%&quot;,&quot;size&quot;:&quot;&quot;,&quot;sizes&quot;:{&quot;start&quot;:0,&quot;end&quot;:100}},&quot;background_motion_fx_devices&quot;:[&quot;desktop&quot;,&quot;tablet&quot;,&quot;mobile&quot;]}\">\n\t\t\t\t<\/div>\n\t\t<div class=\"elementor-element elementor-element-2c914e5 e-con-full e-flex e-con e-child\" data-id=\"2c914e5\" data-element_type=\"container\" data-e-type=\"container\" data-settings=\"{&quot;background_background&quot;:&quot;classic&quot;,&quot;background_motion_fx_motion_fx_scrolling&quot;:&quot;yes&quot;,&quot;background_motion_fx_translateX_effect&quot;:&quot;yes&quot;,&quot;background_motion_fx_translateX_direction&quot;:&quot;negative&quot;,&quot;background_motion_fx_translateX_speed&quot;:{&quot;unit&quot;:&quot;px&quot;,&quot;size&quot;:4,&quot;sizes&quot;:[]},&quot;background_motion_fx_translateX_affectedRange&quot;:{&quot;unit&quot;:&quot;%&quot;,&quot;size&quot;:&quot;&quot;,&quot;sizes&quot;:{&quot;start&quot;:0,&quot;end&quot;:100}},&quot;background_motion_fx_devices&quot;:[&quot;desktop&quot;,&quot;tablet&quot;,&quot;mobile&quot;]}\">\n\t\t\t\t<div class=\"elementor-element elementor-element-fe2b3d4 elementor-widget elementor-widget-heading\" data-id=\"fe2b3d4\" data-element_type=\"widget\" data-e-type=\"widget\" data-widget_type=\"heading.default\">\n\t\t\t\t<div class=\"elementor-widget-container\">\n\t\t\t\t\t<h2 class=\"elementor-heading-title elementor-size-default\">Un <b>tiroir \u201crange-\u00e9pices\u201d<\/b> bien agenc\u00e9 et \u00e0 la bonne place!\n<\/h2>\t\t\t\t<\/div>\n\t\t\t\t<\/div>\n\t\t\t\t<div class=\"elementor-element elementor-element-8ce0f1a elementor-widget elementor-widget-text-editor\" data-id=\"8ce0f1a\" data-element_type=\"widget\" data-e-type=\"widget\" data-widget_type=\"text-editor.default\">\n\t\t\t\t<div class=\"elementor-widget-container\">\n\t\t\t\t\t\t\t\t\t<section><div class=\"container container--small typeset\"><p>J\u2019ai opt\u00e9 pour des tiroirs \u201c<strong>range-\u00e9pices<\/strong>\u201d sur le c\u00f4t\u00e9 du<strong>\u00a0plan de travail,<\/strong>\u00a0juste\u00a0<strong>\u00e0 c\u00f4t\u00e9 de la taque de cuisson.<\/strong>\u00a0Quelle id\u00e9e g\u00e9niale! Lors de la pr\u00e9paration de mes plats, j\u2019ai une vue globale sur toutes les \u00e9pices qui sont imm\u00e9diatement \u00e0 port\u00e9e de main&#8230;\u00a0\u00a0<strong>super pratique<\/strong>!<\/p><\/div><\/section>\t\t\t\t\t\t\t\t<\/div>\n\t\t\t\t<\/div>\n\t\t\t\t<\/div>\n\t\t\t\t\t<\/div>\n\t\t\t\t<\/div>\n\t\t<div class=\"elementor-element elementor-element-42d67c6 e-flex e-con-boxed e-con e-parent\" data-id=\"42d67c6\" data-element_type=\"container\" data-e-type=\"container\">\n\t\t\t\t\t<div class=\"e-con-inner\">\n\t\t<div class=\"elementor-element elementor-element-8bccaf8 e-con-full e-flex e-con e-child\" data-id=\"8bccaf8\" data-element_type=\"container\" data-e-type=\"container\" data-settings=\"{&quot;background_background&quot;:&quot;classic&quot;,&quot;background_motion_fx_motion_fx_scrolling&quot;:&quot;yes&quot;,&quot;background_motion_fx_translateX_effect&quot;:&quot;yes&quot;,&quot;background_motion_fx_translateX_direction&quot;:&quot;negative&quot;,&quot;background_motion_fx_translateX_speed&quot;:{&quot;unit&quot;:&quot;px&quot;,&quot;size&quot;:4,&quot;sizes&quot;:[]},&quot;background_motion_fx_translateX_affectedRange&quot;:{&quot;unit&quot;:&quot;%&quot;,&quot;size&quot;:&quot;&quot;,&quot;sizes&quot;:{&quot;start&quot;:0,&quot;end&quot;:100}},&quot;background_motion_fx_devices&quot;:[&quot;desktop&quot;,&quot;tablet&quot;,&quot;mobile&quot;]}\">\n\t\t\t\t<div class=\"elementor-element elementor-element-a6090ad elementor-widget elementor-widget-heading\" data-id=\"a6090ad\" data-element_type=\"widget\" data-e-type=\"widget\" data-widget_type=\"heading.default\">\n\t\t\t\t<div class=\"elementor-widget-container\">\n\t\t\t\t\t<h2 class=\"elementor-heading-title elementor-size-default\">Ma <b>machine \u00e0 caf\u00e9<\/b> toujours \u00e0 disposition et bien rang\u00e9e!\n<\/h2>\t\t\t\t<\/div>\n\t\t\t\t<\/div>\n\t\t\t\t<div class=\"elementor-element elementor-element-17c0307 elementor-widget elementor-widget-text-editor\" data-id=\"17c0307\" data-element_type=\"widget\" data-e-type=\"widget\" data-widget_type=\"text-editor.default\">\n\t\t\t\t<div class=\"elementor-widget-container\">\n\t\t\t\t\t\t\t\t\t<p>Mon premier geste le matin dans ma cuisine est de me pr\u00e9parer une bonne tasse de caf\u00e9. C\u2019est un moment privil\u00e9gi\u00e9 pour que ma journ\u00e9e d\u00e9marre bien!\u00a0\u00a0<strong>J\u2019aime avoir tout sous la main<\/strong>\u00a0et j\u2019ai horreur de travailler dans une cuisine surcharg\u00e9e, avec des appareils et accessoires qui trainent sur le plan de travail.\u00a0 Pour moi,\u00a0<strong>une belle cuisine doit \u00eatre \u00e9pur\u00e9e<\/strong>,\u00a0<strong>fonctionnelle<\/strong>\u2026 et surtout bien rang\u00e9e. La conseill\u00e8re \u00e8ggo a \u00e9t\u00e9 attentive \u00e0 mes exigences et m\u2019a propos\u00e9 les \u201c<strong>tiroirs dans les armoires<\/strong>\u201d dans le bloc arri\u00e8re de ma cuisine. Il s\u2019agit d\u2019un\u00a0<strong>\u201cbloc\u201d uniforme avec portes coulissantes\u00a0<\/strong>o\u00f9 je peux ranger, entre autres, ma machine \u00e0 caf\u00e9! \u00a0On peut aussi y ranger un batteur qui occupe beaucoup de place dans la cuisine.\u00a0 Je conseille vivement cet \u00e9l\u00e9ment aux personnes passionn\u00e9es de p\u00e2tisserie.<\/p>\t\t\t\t\t\t\t\t<\/div>\n\t\t\t\t<\/div>\n\t\t\t\t<\/div>\n\t\t<div class=\"elementor-element elementor-element-c37548e e-con-full e-flex e-con e-child\" data-id=\"c37548e\" data-element_type=\"container\" data-e-type=\"container\" data-settings=\"{&quot;background_background&quot;:&quot;classic&quot;,&quot;background_motion_fx_motion_fx_scrolling&quot;:&quot;yes&quot;,&quot;background_motion_fx_translateX_effect&quot;:&quot;yes&quot;,&quot;background_motion_fx_translateX_direction&quot;:&quot;negative&quot;,&quot;background_motion_fx_translateX_speed&quot;:{&quot;unit&quot;:&quot;px&quot;,&quot;size&quot;:4,&quot;sizes&quot;:[]},&quot;background_motion_fx_translateX_affectedRange&quot;:{&quot;unit&quot;:&quot;%&quot;,&quot;size&quot;:&quot;&quot;,&quot;sizes&quot;:{&quot;start&quot;:0,&quot;end&quot;:100}},&quot;background_motion_fx_devices&quot;:[&quot;desktop&quot;,&quot;tablet&quot;,&quot;mobile&quot;]}\">\n\t\t\t\t<\/div>\n\t\t\t\t\t<\/div>\n\t\t\t\t<\/div>\n\t\t<div class=\"elementor-element elementor-element-c707d98 e-flex e-con-boxed e-con e-parent\" data-id=\"c707d98\" data-element_type=\"container\" data-e-type=\"container\" data-settings=\"{&quot;background_background&quot;:&quot;classic&quot;}\">\n\t\t\t\t\t<div class=\"e-con-inner\">\n\t\t<div class=\"elementor-element elementor-element-a465f6b e-con-full e-flex e-con e-child\" data-id=\"a465f6b\" data-element_type=\"container\" data-e-type=\"container\" data-settings=\"{&quot;background_motion_fx_motion_fx_scrolling&quot;:&quot;yes&quot;,&quot;background_motion_fx_translateX_effect&quot;:&quot;yes&quot;,&quot;background_motion_fx_translateX_direction&quot;:&quot;negative&quot;,&quot;background_background&quot;:&quot;classic&quot;,&quot;background_motion_fx_translateX_speed&quot;:{&quot;unit&quot;:&quot;px&quot;,&quot;size&quot;:4,&quot;sizes&quot;:[]},&quot;background_motion_fx_translateX_affectedRange&quot;:{&quot;unit&quot;:&quot;%&quot;,&quot;size&quot;:&quot;&quot;,&quot;sizes&quot;:{&quot;start&quot;:0,&quot;end&quot;:100}},&quot;background_motion_fx_devices&quot;:[&quot;desktop&quot;,&quot;tablet&quot;,&quot;mobile&quot;]}\">\n\t\t\t\t<\/div>\n\t\t<div class=\"elementor-element elementor-element-2094968 e-con-full e-flex e-con e-child\" data-id=\"2094968\" data-element_type=\"container\" data-e-type=\"container\" data-settings=\"{&quot;background_background&quot;:&quot;classic&quot;,&quot;background_motion_fx_motion_fx_scrolling&quot;:&quot;yes&quot;,&quot;background_motion_fx_translateX_effect&quot;:&quot;yes&quot;,&quot;background_motion_fx_translateX_direction&quot;:&quot;negative&quot;,&quot;background_motion_fx_translateX_speed&quot;:{&quot;unit&quot;:&quot;px&quot;,&quot;size&quot;:4,&quot;sizes&quot;:[]},&quot;background_motion_fx_translateX_affectedRange&quot;:{&quot;unit&quot;:&quot;%&quot;,&quot;size&quot;:&quot;&quot;,&quot;sizes&quot;:{&quot;start&quot;:0,&quot;end&quot;:100}},&quot;background_motion_fx_devices&quot;:[&quot;desktop&quot;,&quot;tablet&quot;,&quot;mobile&quot;]}\">\n\t\t\t\t<div class=\"elementor-element elementor-element-2160bd4 elementor-widget elementor-widget-heading\" data-id=\"2160bd4\" data-element_type=\"widget\" data-e-type=\"widget\" data-widget_type=\"heading.default\">\n\t\t\t\t<div class=\"elementor-widget-container\">\n\t\t\t\t\t<h2 class=\"elementor-heading-title elementor-size-default\">Le must de ma cuisine: <b>le tiroir \u201cchauffe-assiettes\u201d<\/b>\n<\/h2>\t\t\t\t<\/div>\n\t\t\t\t<\/div>\n\t\t\t\t<div class=\"elementor-element elementor-element-0d10241 elementor-widget elementor-widget-text-editor\" data-id=\"0d10241\" data-element_type=\"widget\" data-e-type=\"widget\" data-widget_type=\"text-editor.default\">\n\t\t\t\t<div class=\"elementor-widget-container\">\n\t\t\t\t\t\t\t\t\t<section><div class=\"container container--small typeset\"><p>Ce que j\u2019adore dans ma cuisine c\u2019est\u00a0<strong>le tiroir chauffe-assiettes<\/strong>.\u00a0 Id\u00e9al pour de beaux dressages, je m\u2019en sers aussi au quotidien pour garder les assiettes bien au chaud. C\u2019est un plus incontestable de ma cuisine!\u00a0 Ce\u00a0<strong>tiroir chauffe-assiettes propos\u00e9 par \u00e8ggo<\/strong>\u00a0est id\u00e9al aussi pour maintenir le chocolat \u00e0 bonne temp\u00e9rature dans mes pr\u00e9parations.\u00a0<\/p><\/div><\/section>\t\t\t\t\t\t\t\t<\/div>\n\t\t\t\t<\/div>\n\t\t\t\t<\/div>\n\t\t\t\t\t<\/div>\n\t\t\t\t<\/div>\n\t\t<div class=\"elementor-element elementor-element-0800c0a e-con-full e-flex e-con e-parent\" data-id=\"0800c0a\" data-element_type=\"container\" data-e-type=\"container\">\n\t\t\t\t<div class=\"elementor-element elementor-element-e7809db elementor-widget__width-initial elementor-widget elementor-widget-heading\" data-id=\"e7809db\" data-element_type=\"widget\" data-e-type=\"widget\" data-widget_type=\"heading.default\">\n\t\t\t\t<div class=\"elementor-widget-container\">\n\t\t\t\t\t<h2 class=\"elementor-heading-title elementor-size-default\">\u201c Le tiroir chauffe-assiettes est le truc-astuce du chef chocolatier \ud83d\ude42 \u201d<\/h2>\t\t\t\t<\/div>\n\t\t\t\t<\/div>\n\t\t\t\t<\/div>\n\t\t<div class=\"elementor-element elementor-element-a251a8a e-flex e-con-boxed e-con e-parent\" data-id=\"a251a8a\" data-element_type=\"container\" data-e-type=\"container\" data-settings=\"{&quot;background_background&quot;:&quot;classic&quot;}\">\n\t\t\t\t\t<div class=\"e-con-inner\">\n\t\t\t\t<div class=\"elementor-element elementor-element-5c48d3f elementor-widget elementor-widget-heading\" data-id=\"5c48d3f\" data-element_type=\"widget\" data-e-type=\"widget\" data-widget_type=\"heading.default\">\n\t\t\t\t<div class=\"elementor-widget-container\">\n\t\t\t\t\t<h2 class=\"elementor-heading-title elementor-size-default\">Comment s\u2019est d\u00e9roul\u00e9e <b>l\u2019installation de votre nouvelle cuisine <\/b>?\n<\/h2>\t\t\t\t<\/div>\n\t\t\t\t<\/div>\n\t\t\t\t<div class=\"elementor-element elementor-element-0fc3157 elementor-widget elementor-widget-text-editor\" data-id=\"0fc3157\" data-element_type=\"widget\" data-e-type=\"widget\" data-widget_type=\"text-editor.default\">\n\t\t\t\t<div class=\"elementor-widget-container\">\n\t\t\t\t\t\t\t\t\t<section>\n<div class=\"container container--small typeset\" style=\"text-align: center;\">\n<section>\n<div class=\"container container--small typeset\">\n<section>\n<div class=\"container container--small typeset\">\n<p>J\u2019ai \u00e9t\u00e9\u00a0<strong>inform\u00e9\u00a0<\/strong>par mail et par sms \u00e0<strong>\u00a0chaque \u00e9tape du suivi<\/strong>\u00a0de mon projet. Les \u00e9quipes \u00e8ggo ont livr\u00e9 et install\u00e9 ma cuisine dans les d\u00e9lais. Pour moi qui ai un emploi du temps tr\u00e8s charg\u00e9,<strong>\u00a0ce respect du planning fut tr\u00e8s rassurant<\/strong>!<\/p>\n<p>Il manquait un appareil \u00e9lectrom\u00e9nager, d\u00fb aux retards de livraison des fournisseurs d\u2019\u00e9lectrom\u00e9nager pendant la pand\u00e9mie, mais\u00a0<strong>\u00e8ggo a trouv\u00e9 une solution rapidement<\/strong>. J\u2019ai vraiment appr\u00e9ci\u00e9 la gentillesse et la proactivit\u00e9 des \u00e9quipes dans le suivi global de mon projet.\u00a0<\/p>\n<\/div>\n<\/section>\n<\/div>\n<\/section>\n<\/div>\n<\/section>\t\t\t\t\t\t\t\t<\/div>\n\t\t\t\t<\/div>\n\t\t\t\t<div class=\"elementor-element elementor-element-e91e8bf elementor-arrows-position-outside large-custom-arrows elementor-widget elementor-widget-image-carousel\" data-id=\"e91e8bf\" data-element_type=\"widget\" data-e-type=\"widget\" data-settings=\"{&quot;slides_to_show&quot;:&quot;3&quot;,&quot;slides_to_show_tablet&quot;:&quot;2&quot;,&quot;slides_to_show_mobile&quot;:&quot;1&quot;,&quot;slides_to_scroll&quot;:&quot;1&quot;,&quot;navigation&quot;:&quot;arrows&quot;,&quot;image_spacing_custom&quot;:{&quot;unit&quot;:&quot;px&quot;,&quot;size&quot;:16,&quot;sizes&quot;:[]},&quot;autoplay&quot;:&quot;yes&quot;,&quot;pause_on_hover&quot;:&quot;yes&quot;,&quot;pause_on_interaction&quot;:&quot;yes&quot;,&quot;autoplay_speed&quot;:5000,&quot;infinite&quot;:&quot;yes&quot;,&quot;speed&quot;:500,&quot;image_spacing_custom_tablet&quot;:{&quot;unit&quot;:&quot;px&quot;,&quot;size&quot;:&quot;&quot;,&quot;sizes&quot;:[]}}\" data-widget_type=\"image-carousel.default\">\n\t\t\t\t<div class=\"elementor-widget-container\">\n\t\t\t\t\t\t\t<div class=\"elementor-image-carousel-wrapper swiper\" role=\"region\" aria-roledescription=\"carousel\" aria-label=\"Carrousel d\u2019images\" dir=\"ltr\">\n\t\t\t<div class=\"elementor-image-carousel swiper-wrapper\" aria-live=\"off\">\n\t\t\t\t\t\t\t\t<div class=\"swiper-slide\" role=\"group\" aria-roledescription=\"slide\" aria-label=\"1 sur 8\"><figure class=\"swiper-slide-inner\"><img decoding=\"async\" class=\"swiper-slide-image\" src=\"https:\/\/develop.wp.eggo.agifly.cloud\/wp-content\/uploads\/2025\/03\/slide_1.jpg\" alt=\"Un homme en chemise bleue pr\u00e9pare des macarons verts avec une poche \u00e0 douille et pr\u00e9sente un plateau garni dans une cuisine moderne.\" \/><\/figure><\/div><div class=\"swiper-slide\" role=\"group\" aria-roledescription=\"slide\" aria-label=\"2 sur 8\"><figure class=\"swiper-slide-inner\"><img decoding=\"async\" class=\"swiper-slide-image\" src=\"https:\/\/develop.wp.eggo.agifly.cloud\/wp-content\/uploads\/2025\/03\/slide_2jpg.jpg\" alt=\"Un homme en chemise bleue tient un fouet avec une p\u00e2te verte au-dessus d&#039;un bol en m\u00e9tal.\" \/><\/figure><\/div><div class=\"swiper-slide\" role=\"group\" aria-roledescription=\"slide\" aria-label=\"3 sur 8\"><figure class=\"swiper-slide-inner\"><img decoding=\"async\" class=\"swiper-slide-image\" src=\"https:\/\/develop.wp.eggo.agifly.cloud\/wp-content\/uploads\/2025\/03\/slide_3.jpg\" alt=\"Un homme verse des ingr\u00e9dients dans un bol blanc sur un plan de travail avec un robot de cuisine rouge et des appareils \u00e9lectrom\u00e9nagers en arri\u00e8re-plan.\" \/><\/figure><\/div><div class=\"swiper-slide\" role=\"group\" aria-roledescription=\"slide\" aria-label=\"4 sur 8\"><figure class=\"swiper-slide-inner\"><img decoding=\"async\" class=\"swiper-slide-image\" src=\"https:\/\/develop.wp.eggo.agifly.cloud\/wp-content\/uploads\/2025\/03\/slide_4.jpg\" alt=\"Un homme en chemise bleue pr\u00e9pare des amuse-bouches sur un plan de travail blanc, avec des verres \u00e0 vin et une bouteille.\" \/><\/figure><\/div><div class=\"swiper-slide\" role=\"group\" aria-roledescription=\"slide\" aria-label=\"5 sur 8\"><figure class=\"swiper-slide-inner\"><img decoding=\"async\" class=\"swiper-slide-image\" src=\"https:\/\/develop.wp.eggo.agifly.cloud\/wp-content\/uploads\/2025\/03\/slide_5.jpg\" alt=\"Un homme en chemise bleue utilise un tiroir de cuisine moderne avec des assiettes, pr\u00e8s d&#039;une grande fen\u00eatre donnant sur un jardin.\" \/><\/figure><\/div><div class=\"swiper-slide\" role=\"group\" aria-roledescription=\"slide\" aria-label=\"6 sur 8\"><figure class=\"swiper-slide-inner\"><img decoding=\"async\" class=\"swiper-slide-image\" src=\"https:\/\/develop.wp.eggo.agifly.cloud\/wp-content\/uploads\/2025\/03\/slide_6.jpg\" alt=\"Un homme en chemise bleue ins\u00e8re une capsule dans une machine \u00e0 caf\u00e9 blanche sur un plan de travail, avec des bo\u00eetes de cacao \u00e0 proximit\u00e9.\" \/><\/figure><\/div><div class=\"swiper-slide\" role=\"group\" aria-roledescription=\"slide\" aria-label=\"7 sur 8\"><figure class=\"swiper-slide-inner\"><img decoding=\"async\" class=\"swiper-slide-image\" src=\"https:\/\/develop.wp.eggo.agifly.cloud\/wp-content\/uploads\/2025\/03\/slide_7.jpg\" alt=\"Cuisine moderne avec \u00eelot central blanc, chaises noires, et grande baie vitr\u00e9e donnant sur un jardin. Sol en bois clair et luminaires suspendus.\" \/><\/figure><\/div><div class=\"swiper-slide\" role=\"group\" aria-roledescription=\"slide\" aria-label=\"8 sur 8\"><figure class=\"swiper-slide-inner\"><img decoding=\"async\" class=\"swiper-slide-image\" src=\"https:\/\/develop.wp.eggo.agifly.cloud\/wp-content\/uploads\/2025\/03\/slide_8jpg.jpg\" alt=\"Cuisine moderne avec placards blancs, plaque de cuisson noire, po\u00eale, casserole en inox et \u00e9vier noir sous un \u00e9clairage lin\u00e9aire.\" \/><\/figure><\/div>\t\t\t<\/div>\n\t\t\t\t\t\t\t\t\t\t\t\t<div class=\"elementor-swiper-button elementor-swiper-button-prev\" role=\"button\" tabindex=\"0\">\n\t\t\t\t\t\t<svg xmlns=\"http:\/\/www.w3.org\/2000\/svg\" width=\"30\" height=\"30\" viewBox=\"0 0 30 30\" fill=\"none\"><path d=\"M7.35205 13.167L17.1861 3.33295L14.5934 0.740234L0.333323 15.0003L14.5934 29.2602L17.1861 26.6675L7.35205 16.8336H29.6667V13.167H7.35205Z\" fill=\"#6E6809\"><\/path><\/svg>\t\t\t\t\t<\/div>\n\t\t\t\t\t<div class=\"elementor-swiper-button elementor-swiper-button-next\" role=\"button\" tabindex=\"0\">\n\t\t\t\t\t\t<svg xmlns=\"http:\/\/www.w3.org\/2000\/svg\" width=\"30\" height=\"30\" viewBox=\"0 0 30 30\" fill=\"none\"><path d=\"M22.648 13.167L12.814 3.33295L15.4067 0.740234L29.6667 15.0003L15.4067 29.2602L12.814 26.6675L22.648 16.8336H0.333374V13.167H22.648Z\" fill=\"#6E6809\"><\/path><\/svg>\t\t\t\t\t<\/div>\n\t\t\t\t\n\t\t\t\t\t\t\t\t\t<\/div>\n\t\t\t\t\t\t<\/div>\n\t\t\t\t<\/div>\n\t\t\t\t\t<\/div>\n\t\t\t\t<\/div>\n\t\t<div class=\"elementor-element elementor-element-ce4793c e-grid e-con-boxed e-con e-parent\" data-id=\"ce4793c\" data-element_type=\"container\" data-e-type=\"container\" data-settings=\"{&quot;background_background&quot;:&quot;classic&quot;}\">\n\t\t\t\t\t<div class=\"e-con-inner\">\n\t\t<div class=\"elementor-element elementor-element-72f1879 e-con-full e-flex e-con e-child\" data-id=\"72f1879\" data-element_type=\"container\" data-e-type=\"container\">\n\t\t\t\t<div class=\"elementor-element elementor-element-5d8a52b elementor-widget elementor-widget-heading\" data-id=\"5d8a52b\" data-element_type=\"widget\" data-e-type=\"widget\" data-widget_type=\"heading.default\">\n\t\t\t\t<div class=\"elementor-widget-container\">\n\t\t\t\t\t<h2 class=\"elementor-heading-title elementor-size-default\">Comment d\u00e9cririez-vous votre <b>exp\u00e9rience \u00e8ggo<\/b> ?\n<\/h2>\t\t\t\t<\/div>\n\t\t\t\t<\/div>\n\t\t\t\t<div class=\"elementor-element elementor-element-7295f4b elementor-widget elementor-widget-text-editor\" data-id=\"7295f4b\" data-element_type=\"widget\" data-e-type=\"widget\" data-widget_type=\"text-editor.default\">\n\t\t\t\t<div class=\"elementor-widget-container\">\n\t\t\t\t\t\t\t\t\t<section>\n<div class=\"container container--small typeset\">\n<section>\n<div class=\"container container--small typeset\">\n<p align=\"center\"><em>\u00ab\u00a0Professionnalisme, \u00e9coute et bonheur.\u00a0\u00bb<\/em><\/p>\n<p>\u00a0<\/p>\n<p>Une belle cuisine, c\u2019est comme la p\u00e2tisserie,\u00a0<strong>ce n\u2019est que du bonheur<\/strong>\u00a0\u00e0 partager&#8230; Ma\u00a0<strong>cuisine \u00e8ggo bien agenc\u00e9e<\/strong>\u00a0dispose aussi d\u2019un\u00a0<strong>bel espace convivial<\/strong>\u00a0tr\u00e8s appr\u00e9ci\u00e9 pour tous nos moments de partage en famille et entre amis.<\/p>\n<\/div>\n<\/section>\n<\/div>\n<\/section>\t\t\t\t\t\t\t\t<\/div>\n\t\t\t\t<\/div>\n\t\t\t\t<\/div>\n\t\t<div class=\"elementor-element elementor-element-7465c50 e-con-full e-flex e-con e-child\" data-id=\"7465c50\" data-element_type=\"container\" data-e-type=\"container\" data-settings=\"{&quot;background_motion_fx_motion_fx_scrolling&quot;:&quot;yes&quot;,&quot;background_motion_fx_translateX_effect&quot;:&quot;yes&quot;,&quot;background_motion_fx_translateX_direction&quot;:&quot;negative&quot;,&quot;background_background&quot;:&quot;classic&quot;,&quot;background_motion_fx_translateX_speed&quot;:{&quot;unit&quot;:&quot;px&quot;,&quot;size&quot;:4,&quot;sizes&quot;:[]},&quot;background_motion_fx_translateX_affectedRange&quot;:{&quot;unit&quot;:&quot;%&quot;,&quot;size&quot;:&quot;&quot;,&quot;sizes&quot;:{&quot;start&quot;:0,&quot;end&quot;:100}},&quot;background_motion_fx_devices&quot;:[&quot;desktop&quot;,&quot;tablet&quot;,&quot;mobile&quot;]}\">\n\t\t\t\t<\/div>\n\t\t\t\t\t<\/div>\n\t\t\t\t<\/div>\n\t\t\t\t<\/div>\n\t\t","protected":false},"excerpt":{"rendered":"<p>\u201c Les chocolats Darcis &amp; les cuisines \u00e8ggo, ce sont deux cr\u00e9ateurs de bonheur! \u201d Jean-Philippe Darci Comment avez-vous fait la connaissance de \u00e8ggo? En tant que p\u00e2tissier et chocolatier, j\u2019ai eu le privil\u00e8ge de\u00a0collaborer avec \u00e8ggo\u00a0pour l\u2019organisation d\u2019ateliers culinaires sur plusieurs salons.\u00a0L\u2019accueil de l\u2019\u00e9quipe\u00a0sur place m\u2019avait\u00a0enthousiasm\u00e9\u00a0et j\u2019avais \u00e9t\u00e9 tout de suite convaincu de la\u00a0qualit\u00e9 [&hellip;]<\/p>\n","protected":false},"featured_media":30289,"comment_status":"open","ping_status":"closed","template":"","testimonials_category":[88],"testimonials_tag":[],"class_list":["post-15328","testimonials","type-testimonials","status-publish","has-post-thumbnail","hentry","testimonials_category-cuisine"],"yoast_head":"<!-- This site is optimized with the Yoast SEO Premium plugin v26.2 (Yoast SEO v27.3) - https:\/\/yoast.com\/product\/yoast-seo-premium-wordpress\/ -->\n<title>La cuisine de\u00a0Jean-Philippe Darcis - Eggo<\/title>\n<meta name=\"robots\" content=\"index, follow, max-snippet:-1, max-image-preview:large, max-video-preview:-1\" \/>\n<link rel=\"canonical\" href=\"https:\/\/develop.wp.eggo.agifly.cloud\/fr\/temoignages\/la-cuisine-de-jean-philippe-darcis\/\" \/>\n<meta property=\"og:locale\" content=\"fr_FR\" \/>\n<meta property=\"og:type\" content=\"article\" \/>\n<meta property=\"og:title\" content=\"La cuisine de\u00a0Jean-Philippe Darcis\" \/>\n<meta property=\"og:description\" content=\"\u201c Les chocolats Darcis &amp; les cuisines \u00e8ggo, ce sont deux cr\u00e9ateurs de bonheur! \u201d Jean-Philippe Darci Comment avez-vous fait la connaissance de \u00e8ggo? En tant que p\u00e2tissier et chocolatier, j\u2019ai eu le privil\u00e8ge de\u00a0collaborer avec \u00e8ggo\u00a0pour l\u2019organisation d\u2019ateliers culinaires sur plusieurs salons.\u00a0L\u2019accueil de l\u2019\u00e9quipe\u00a0sur place m\u2019avait\u00a0enthousiasm\u00e9\u00a0et j\u2019avais \u00e9t\u00e9 tout de suite convaincu de la\u00a0qualit\u00e9 [&hellip;]\" \/>\n<meta property=\"og:url\" content=\"https:\/\/develop.wp.eggo.agifly.cloud\/fr\/temoignages\/la-cuisine-de-jean-philippe-darcis\/\" \/>\n<meta property=\"og:site_name\" content=\"Eggo\" \/>\n<meta property=\"article:publisher\" content=\"https:\/\/www.facebook.com\/eggokitchen\" \/>\n<meta property=\"article:modified_time\" content=\"2025-04-17T12:38:53+00:00\" \/>\n<meta property=\"og:image\" content=\"https:\/\/develop.wp.eggo.agifly.cloud\/wp-content\/uploads\/2025\/03\/Darcis-1-63-Grande.jpeg\" \/>\n\t<meta property=\"og:image:width\" content=\"1280\" \/>\n\t<meta property=\"og:image:height\" content=\"831\" \/>\n\t<meta property=\"og:image:type\" content=\"image\/jpeg\" \/>\n<meta name=\"twitter:card\" content=\"summary_large_image\" \/>\n<meta name=\"twitter:label1\" content=\"Dur\u00e9e de lecture estim\u00e9e\" \/>\n\t<meta name=\"twitter:data1\" content=\"5 minutes\" \/>\n<script type=\"application\/ld+json\" class=\"yoast-schema-graph\">{\"@context\":\"https:\\\/\\\/schema.org\",\"@graph\":[{\"@type\":\"WebPage\",\"@id\":\"https:\\\/\\\/develop.wp.eggo.agifly.cloud\\\/fr\\\/temoignages\\\/la-cuisine-de-jean-philippe-darcis\\\/\",\"url\":\"https:\\\/\\\/develop.wp.eggo.agifly.cloud\\\/fr\\\/temoignages\\\/la-cuisine-de-jean-philippe-darcis\\\/\",\"name\":\"La cuisine de\u00a0Jean-Philippe Darcis - Eggo\",\"isPartOf\":{\"@id\":\"https:\\\/\\\/develop.wp.eggo.agifly.cloud\\\/fr\\\/#website\"},\"primaryImageOfPage\":{\"@id\":\"https:\\\/\\\/develop.wp.eggo.agifly.cloud\\\/fr\\\/temoignages\\\/la-cuisine-de-jean-philippe-darcis\\\/#primaryimage\"},\"image\":{\"@id\":\"https:\\\/\\\/develop.wp.eggo.agifly.cloud\\\/fr\\\/temoignages\\\/la-cuisine-de-jean-philippe-darcis\\\/#primaryimage\"},\"thumbnailUrl\":\"https:\\\/\\\/develop.wp.eggo.agifly.cloud\\\/wp-content\\\/uploads\\\/2025\\\/03\\\/Darcis-1-63-Grande.jpeg\",\"datePublished\":\"2025-03-30T18:46:19+00:00\",\"dateModified\":\"2025-04-17T12:38:53+00:00\",\"breadcrumb\":{\"@id\":\"https:\\\/\\\/develop.wp.eggo.agifly.cloud\\\/fr\\\/temoignages\\\/la-cuisine-de-jean-philippe-darcis\\\/#breadcrumb\"},\"inLanguage\":\"fr-FR\",\"potentialAction\":[{\"@type\":\"ReadAction\",\"target\":[\"https:\\\/\\\/develop.wp.eggo.agifly.cloud\\\/fr\\\/temoignages\\\/la-cuisine-de-jean-philippe-darcis\\\/\"]}]},{\"@type\":\"ImageObject\",\"inLanguage\":\"fr-FR\",\"@id\":\"https:\\\/\\\/develop.wp.eggo.agifly.cloud\\\/fr\\\/temoignages\\\/la-cuisine-de-jean-philippe-darcis\\\/#primaryimage\",\"url\":\"https:\\\/\\\/develop.wp.eggo.agifly.cloud\\\/wp-content\\\/uploads\\\/2025\\\/03\\\/Darcis-1-63-Grande.jpeg\",\"contentUrl\":\"https:\\\/\\\/develop.wp.eggo.agifly.cloud\\\/wp-content\\\/uploads\\\/2025\\\/03\\\/Darcis-1-63-Grande.jpeg\",\"width\":1280,\"height\":831,\"caption\":\"Un homme en chemise bleue pr\u00e9pare un plat sur un plan de travail blanc avec des bols color\u00e9s et une bouteille de vin.\"},{\"@type\":\"BreadcrumbList\",\"@id\":\"https:\\\/\\\/develop.wp.eggo.agifly.cloud\\\/fr\\\/temoignages\\\/la-cuisine-de-jean-philippe-darcis\\\/#breadcrumb\",\"itemListElement\":[{\"@type\":\"ListItem\",\"position\":1,\"name\":\"Home\",\"item\":\"https:\\\/\\\/develop.wp.eggo.agifly.cloud\\\/fr\\\/\"},{\"@type\":\"ListItem\",\"position\":2,\"name\":\"Testimonials\",\"item\":\"https:\\\/\\\/develop.wp.eggo.agifly.cloud\\\/fr\\\/temoignages\\\/\"},{\"@type\":\"ListItem\",\"position\":3,\"name\":\"La cuisine de\u00a0Jean-Philippe Darcis\"}]},{\"@type\":\"WebSite\",\"@id\":\"https:\\\/\\\/develop.wp.eggo.agifly.cloud\\\/fr\\\/#website\",\"url\":\"https:\\\/\\\/develop.wp.eggo.agifly.cloud\\\/fr\\\/\",\"name\":\"\u00e8ggo\",\"description\":\"\",\"publisher\":{\"@id\":\"https:\\\/\\\/develop.wp.eggo.agifly.cloud\\\/fr\\\/#organization\"},\"potentialAction\":[{\"@type\":\"SearchAction\",\"target\":{\"@type\":\"EntryPoint\",\"urlTemplate\":\"https:\\\/\\\/develop.wp.eggo.agifly.cloud\\\/fr\\\/?s={search_term_string}\"},\"query-input\":{\"@type\":\"PropertyValueSpecification\",\"valueRequired\":true,\"valueName\":\"search_term_string\"}}],\"inLanguage\":\"fr-FR\"},{\"@type\":[\"Organization\",\"Place\"],\"@id\":\"https:\\\/\\\/develop.wp.eggo.agifly.cloud\\\/fr\\\/#organization\",\"name\":\"\u00e8ggo\",\"alternateName\":\"eggo\",\"url\":\"https:\\\/\\\/develop.wp.eggo.agifly.cloud\\\/fr\\\/\",\"logo\":{\"@id\":\"https:\\\/\\\/develop.wp.eggo.agifly.cloud\\\/fr\\\/temoignages\\\/la-cuisine-de-jean-philippe-darcis\\\/#local-main-organization-logo\"},\"image\":{\"@id\":\"https:\\\/\\\/develop.wp.eggo.agifly.cloud\\\/fr\\\/temoignages\\\/la-cuisine-de-jean-philippe-darcis\\\/#local-main-organization-logo\"},\"sameAs\":[\"https:\\\/\\\/www.facebook.com\\\/eggokitchen\",\"https:\\\/\\\/www.linkedin.com\\\/company\\\/eggo\\\/\"],\"description\":\"Des cuisines et meubles de rangement de qualit\u00e9 \u00e0 des prix avantageux ! D\u00e9couvrez nos mod\u00e8les et prenez rendez-vous en ligne dans votre showroom \u00e8ggo.\",\"telephone\":[],\"openingHoursSpecification\":[{\"@type\":\"OpeningHoursSpecification\",\"dayOfWeek\":[\"Monday\",\"Tuesday\",\"Wednesday\",\"Thursday\",\"Friday\",\"Saturday\",\"Sunday\"],\"opens\":\"09:00\",\"closes\":\"17:00\"}]},{\"@type\":\"ImageObject\",\"inLanguage\":\"fr-FR\",\"@id\":\"https:\\\/\\\/develop.wp.eggo.agifly.cloud\\\/fr\\\/temoignages\\\/la-cuisine-de-jean-philippe-darcis\\\/#local-main-organization-logo\",\"url\":\"https:\\\/\\\/develop.wp.eggo.agifly.cloud\\\/wp-content\\\/uploads\\\/2025\\\/01\\\/Logo.webp\",\"contentUrl\":\"https:\\\/\\\/develop.wp.eggo.agifly.cloud\\\/wp-content\\\/uploads\\\/2025\\\/01\\\/Logo.webp\",\"width\":88,\"height\":88,\"caption\":\"\u00e8ggo\"}]}<\/script>\n<!-- \/ Yoast SEO Premium plugin. -->","yoast_head_json":{"title":"La cuisine de\u00a0Jean-Philippe Darcis - Eggo","robots":{"index":"index","follow":"follow","max-snippet":"max-snippet:-1","max-image-preview":"max-image-preview:large","max-video-preview":"max-video-preview:-1"},"canonical":"https:\/\/develop.wp.eggo.agifly.cloud\/fr\/temoignages\/la-cuisine-de-jean-philippe-darcis\/","og_locale":"fr_FR","og_type":"article","og_title":"La cuisine de\u00a0Jean-Philippe Darcis","og_description":"\u201c Les chocolats Darcis &amp; les cuisines \u00e8ggo, ce sont deux cr\u00e9ateurs de bonheur! \u201d Jean-Philippe Darci Comment avez-vous fait la connaissance de \u00e8ggo? En tant que p\u00e2tissier et chocolatier, j\u2019ai eu le privil\u00e8ge de\u00a0collaborer avec \u00e8ggo\u00a0pour l\u2019organisation d\u2019ateliers culinaires sur plusieurs salons.\u00a0L\u2019accueil de l\u2019\u00e9quipe\u00a0sur place m\u2019avait\u00a0enthousiasm\u00e9\u00a0et j\u2019avais \u00e9t\u00e9 tout de suite convaincu de la\u00a0qualit\u00e9 [&hellip;]","og_url":"https:\/\/develop.wp.eggo.agifly.cloud\/fr\/temoignages\/la-cuisine-de-jean-philippe-darcis\/","og_site_name":"Eggo","article_publisher":"https:\/\/www.facebook.com\/eggokitchen","article_modified_time":"2025-04-17T12:38:53+00:00","og_image":[{"width":1280,"height":831,"url":"https:\/\/develop.wp.eggo.agifly.cloud\/wp-content\/uploads\/2025\/03\/Darcis-1-63-Grande.jpeg","type":"image\/jpeg"}],"twitter_card":"summary_large_image","twitter_misc":{"Dur\u00e9e de lecture estim\u00e9e":"5 minutes"},"schema":{"@context":"https:\/\/schema.org","@graph":[{"@type":"WebPage","@id":"https:\/\/develop.wp.eggo.agifly.cloud\/fr\/temoignages\/la-cuisine-de-jean-philippe-darcis\/","url":"https:\/\/develop.wp.eggo.agifly.cloud\/fr\/temoignages\/la-cuisine-de-jean-philippe-darcis\/","name":"La cuisine de\u00a0Jean-Philippe Darcis - Eggo","isPartOf":{"@id":"https:\/\/develop.wp.eggo.agifly.cloud\/fr\/#website"},"primaryImageOfPage":{"@id":"https:\/\/develop.wp.eggo.agifly.cloud\/fr\/temoignages\/la-cuisine-de-jean-philippe-darcis\/#primaryimage"},"image":{"@id":"https:\/\/develop.wp.eggo.agifly.cloud\/fr\/temoignages\/la-cuisine-de-jean-philippe-darcis\/#primaryimage"},"thumbnailUrl":"https:\/\/develop.wp.eggo.agifly.cloud\/wp-content\/uploads\/2025\/03\/Darcis-1-63-Grande.jpeg","datePublished":"2025-03-30T18:46:19+00:00","dateModified":"2025-04-17T12:38:53+00:00","breadcrumb":{"@id":"https:\/\/develop.wp.eggo.agifly.cloud\/fr\/temoignages\/la-cuisine-de-jean-philippe-darcis\/#breadcrumb"},"inLanguage":"fr-FR","potentialAction":[{"@type":"ReadAction","target":["https:\/\/develop.wp.eggo.agifly.cloud\/fr\/temoignages\/la-cuisine-de-jean-philippe-darcis\/"]}]},{"@type":"ImageObject","inLanguage":"fr-FR","@id":"https:\/\/develop.wp.eggo.agifly.cloud\/fr\/temoignages\/la-cuisine-de-jean-philippe-darcis\/#primaryimage","url":"https:\/\/develop.wp.eggo.agifly.cloud\/wp-content\/uploads\/2025\/03\/Darcis-1-63-Grande.jpeg","contentUrl":"https:\/\/develop.wp.eggo.agifly.cloud\/wp-content\/uploads\/2025\/03\/Darcis-1-63-Grande.jpeg","width":1280,"height":831,"caption":"Un homme en chemise bleue pr\u00e9pare un plat sur un plan de travail blanc avec des bols color\u00e9s et une bouteille de vin."},{"@type":"BreadcrumbList","@id":"https:\/\/develop.wp.eggo.agifly.cloud\/fr\/temoignages\/la-cuisine-de-jean-philippe-darcis\/#breadcrumb","itemListElement":[{"@type":"ListItem","position":1,"name":"Home","item":"https:\/\/develop.wp.eggo.agifly.cloud\/fr\/"},{"@type":"ListItem","position":2,"name":"Testimonials","item":"https:\/\/develop.wp.eggo.agifly.cloud\/fr\/temoignages\/"},{"@type":"ListItem","position":3,"name":"La cuisine de\u00a0Jean-Philippe Darcis"}]},{"@type":"WebSite","@id":"https:\/\/develop.wp.eggo.agifly.cloud\/fr\/#website","url":"https:\/\/develop.wp.eggo.agifly.cloud\/fr\/","name":"\u00e8ggo","description":"","publisher":{"@id":"https:\/\/develop.wp.eggo.agifly.cloud\/fr\/#organization"},"potentialAction":[{"@type":"SearchAction","target":{"@type":"EntryPoint","urlTemplate":"https:\/\/develop.wp.eggo.agifly.cloud\/fr\/?s={search_term_string}"},"query-input":{"@type":"PropertyValueSpecification","valueRequired":true,"valueName":"search_term_string"}}],"inLanguage":"fr-FR"},{"@type":["Organization","Place"],"@id":"https:\/\/develop.wp.eggo.agifly.cloud\/fr\/#organization","name":"\u00e8ggo","alternateName":"eggo","url":"https:\/\/develop.wp.eggo.agifly.cloud\/fr\/","logo":{"@id":"https:\/\/develop.wp.eggo.agifly.cloud\/fr\/temoignages\/la-cuisine-de-jean-philippe-darcis\/#local-main-organization-logo"},"image":{"@id":"https:\/\/develop.wp.eggo.agifly.cloud\/fr\/temoignages\/la-cuisine-de-jean-philippe-darcis\/#local-main-organization-logo"},"sameAs":["https:\/\/www.facebook.com\/eggokitchen","https:\/\/www.linkedin.com\/company\/eggo\/"],"description":"Des cuisines et meubles de rangement de qualit\u00e9 \u00e0 des prix avantageux ! D\u00e9couvrez nos mod\u00e8les et prenez rendez-vous en ligne dans votre showroom \u00e8ggo.","telephone":[],"openingHoursSpecification":[{"@type":"OpeningHoursSpecification","dayOfWeek":["Monday","Tuesday","Wednesday","Thursday","Friday","Saturday","Sunday"],"opens":"09:00","closes":"17:00"}]},{"@type":"ImageObject","inLanguage":"fr-FR","@id":"https:\/\/develop.wp.eggo.agifly.cloud\/fr\/temoignages\/la-cuisine-de-jean-philippe-darcis\/#local-main-organization-logo","url":"https:\/\/develop.wp.eggo.agifly.cloud\/wp-content\/uploads\/2025\/01\/Logo.webp","contentUrl":"https:\/\/develop.wp.eggo.agifly.cloud\/wp-content\/uploads\/2025\/01\/Logo.webp","width":88,"height":88,"caption":"\u00e8ggo"}]}},"meta_box":{"newly_labeled":"0","promotion_toggle":"0","small_featured_promotion_toggle":"0","promotion_icon":[],"promotion_description":"","promotion_period":"","promotion_link":"","promotion_bg_color":"#ffffff","promotion_text_color":"#fe5000","read_more_content":"","testimonial_text":"Chef P\u00e2tissier, <b>Ambassadeur du chocolat belge<\/b> depuis 2001 et <b>pionnier du macaron<\/b> en Belgique, <b>Jean-Philippe Darcis<\/b> est fan de \u00e8ggo depuis tr\u00e8s longtemps. C\u2019est donc tout naturellement qu\u2019il s\u2019est adress\u00e9 \u00e0 nos conseillers-vendeurs de Verviers pour l\u2019agencement de son <b>nouvel espace culinaire<\/b> dans la maison familiale de la r\u00e9gion vervi\u00e9toise.\r\n\r\n","author_name":"","testimonial_text_box_toggle":"0","testimonial_promotion_toggle":"0"},"_links":{"self":[{"href":"https:\/\/develop.wp.eggo.agifly.cloud\/fr\/wp-json\/wp\/v2\/testimonials\/15328","targetHints":{"allow":["GET"]}}],"collection":[{"href":"https:\/\/develop.wp.eggo.agifly.cloud\/fr\/wp-json\/wp\/v2\/testimonials"}],"about":[{"href":"https:\/\/develop.wp.eggo.agifly.cloud\/fr\/wp-json\/wp\/v2\/types\/testimonials"}],"replies":[{"embeddable":true,"href":"https:\/\/develop.wp.eggo.agifly.cloud\/fr\/wp-json\/wp\/v2\/comments?post=15328"}],"version-history":[{"count":0,"href":"https:\/\/develop.wp.eggo.agifly.cloud\/fr\/wp-json\/wp\/v2\/testimonials\/15328\/revisions"}],"wp:featuredmedia":[{"embeddable":true,"href":"https:\/\/develop.wp.eggo.agifly.cloud\/fr\/wp-json\/wp\/v2\/media\/30289"}],"wp:attachment":[{"href":"https:\/\/develop.wp.eggo.agifly.cloud\/fr\/wp-json\/wp\/v2\/media?parent=15328"}],"wp:term":[{"taxonomy":"testimonials_category","embeddable":true,"href":"https:\/\/develop.wp.eggo.agifly.cloud\/fr\/wp-json\/wp\/v2\/testimonials_category?post=15328"},{"taxonomy":"testimonials_tag","embeddable":true,"href":"https:\/\/develop.wp.eggo.agifly.cloud\/fr\/wp-json\/wp\/v2\/testimonials_tag?post=15328"}],"curies":[{"name":"wp","href":"https:\/\/api.w.org\/{rel}","templated":true}]}}