{"id":15686,"date":"2025-03-30T22:22:42","date_gmt":"2025-03-30T22:22:42","guid":{"rendered":"https:\/\/develop.wp.eggo.agifly.cloud\/?post_type=testimonials&#038;p=15686"},"modified":"2025-04-15T21:54:03","modified_gmt":"2025-04-15T21:54:03","slug":"la-cuisine-du-gite-la-grange-de-victor","status":"publish","type":"testimonials","link":"https:\/\/develop.wp.eggo.agifly.cloud\/fr\/temoignages\/la-cuisine-du-gite-la-grange-de-victor\/","title":{"rendered":"La cuisine du\u00a0g\u00eete \u2018La Grange de Victor\u2019"},"content":{"rendered":"\t\t<div data-elementor-type=\"wp-post\" data-elementor-id=\"15686\" class=\"elementor elementor-15686\" data-elementor-post-type=\"testimonials\">\n\t\t\t\t<div class=\"elementor-element elementor-element-cb11fee e-flex e-con-boxed e-con e-parent\" data-id=\"cb11fee\" data-element_type=\"container\" data-e-type=\"container\" data-settings=\"{&quot;background_background&quot;:&quot;classic&quot;}\">\n\t\t\t\t\t<div class=\"e-con-inner\">\n\t\t<div class=\"elementor-element elementor-element-e3a8c98 e-con-full e-flex e-con e-child\" data-id=\"e3a8c98\" data-element_type=\"container\" data-e-type=\"container\">\n\t\t\t\t<div class=\"elementor-element elementor-element-43553c6 elementor-widget elementor-widget-heading\" data-id=\"43553c6\" data-element_type=\"widget\" data-e-type=\"widget\" data-widget_type=\"heading.default\">\n\t\t\t\t<div class=\"elementor-widget-container\">\n\t\t\t\t\t<h2 class=\"elementor-heading-title elementor-size-default\">Pourquoi avoir choisi \u00e8ggo ?\n<\/h2>\t\t\t\t<\/div>\n\t\t\t\t<\/div>\n\t\t\t\t<div class=\"elementor-element elementor-element-feadd4b elementor-widget elementor-widget-text-editor\" data-id=\"feadd4b\" data-element_type=\"widget\" data-e-type=\"widget\" data-widget_type=\"text-editor.default\">\n\t\t\t\t<div class=\"elementor-widget-container\">\n\t\t\t\t\t\t\t\t\t<section><section><div class=\"container container--small typeset\"><p>Je connaissais \u00e8ggo car j\u2019\u00e9tais d\u00e9j\u00e0 pass\u00e9 plusieurs fois devant le showroom d\u2019Arlon. J\u2019ai d\u00e9cid\u00e9 de travailler avec eux car,\u00a0lors de ma visite en magasin,<strong>\u00a0j\u2019ai \u00e9t\u00e9 s\u00e9duit par la qualit\u00e9 des cuisines<\/strong>. Cela \u00e9tait clairement \u00e0 la hauteur de mes attentes. De plus, apr\u00e8s avoir expos\u00e9 mes besoins et mes id\u00e9es au cuisiniste, celui-ci m\u2019a donn\u00e9 de\u00a0<strong>tr\u00e8s bons conseils\u00a0<\/strong>adapt\u00e9s \u00e0 mon projet. J\u2019ai \u00e9galement appr\u00e9ci\u00e9 l\u2019\u00e9tendue des possibilit\u00e9s en termes de mati\u00e8res, couleurs, agencements et \u00e9lectros.<\/p><p>\u00a0<\/p><p>Le petit plus\u00a0? J\u2019ai trouv\u00e9 tr\u00e8s int\u00e9ressant de voir ma future cuisine\u00a0<strong>prendre vie en 3D<\/strong>, simultan\u00e9ment aux choix r\u00e9alis\u00e9s lors de la r\u00e9alisation du devis.<\/p><\/div><\/section><div><div class=\"container\"><div class=\"slider js-slider\"><div class=\"swiper-container js-swiper-container swiper-container-horizontal\"><div class=\"swiper-wrapper\"><figure class=\"slide swiper-slide swiper-slide-duplicate\" data-swiper-slide-index=\"0\"><div class=\"img-container\">\u00a0<\/div><\/figure><\/div><\/div><\/div><\/div><\/div><\/section>\t\t\t\t\t\t\t\t<\/div>\n\t\t\t\t<\/div>\n\t\t\t\t<\/div>\n\t\t<div class=\"elementor-element elementor-element-13dc568 e-con-full e-flex e-con e-child\" data-id=\"13dc568\" data-element_type=\"container\" data-e-type=\"container\" data-settings=\"{&quot;background_background&quot;:&quot;classic&quot;,&quot;background_motion_fx_motion_fx_scrolling&quot;:&quot;yes&quot;,&quot;background_motion_fx_translateX_effect&quot;:&quot;yes&quot;,&quot;background_motion_fx_translateX_direction&quot;:&quot;negative&quot;,&quot;background_motion_fx_translateX_speed&quot;:{&quot;unit&quot;:&quot;px&quot;,&quot;size&quot;:4,&quot;sizes&quot;:[]},&quot;background_motion_fx_translateX_affectedRange&quot;:{&quot;unit&quot;:&quot;%&quot;,&quot;size&quot;:&quot;&quot;,&quot;sizes&quot;:{&quot;start&quot;:0,&quot;end&quot;:100}},&quot;background_motion_fx_devices&quot;:[&quot;desktop&quot;,&quot;tablet&quot;,&quot;mobile&quot;]}\">\n\t\t\t\t<div class=\"elementor-element elementor-element-d3ea4a1 elementor-widget elementor-widget-heading\" data-id=\"d3ea4a1\" data-element_type=\"widget\" data-e-type=\"widget\" data-widget_type=\"heading.default\">\n\t\t\t\t<div class=\"elementor-widget-container\">\n\t\t\t\t\t<h2 class=\"elementor-heading-title elementor-size-default\">\u201c Rassurante, professionnelle et \u00e9tonnante, en 3 mots, mon exp\u00e9rience \u00e8ggo c\u2019est \u00e7a ! \u201d\n\n<\/h2>\t\t\t\t<\/div>\n\t\t\t\t<\/div>\n\t\t\t\t<\/div>\n\t\t\t\t\t<\/div>\n\t\t\t\t<\/div>\n\t\t<div class=\"elementor-element elementor-element-b0c2613 e-con-full e-flex e-con e-parent\" data-id=\"b0c2613\" data-element_type=\"container\" data-e-type=\"container\">\n\t\t\t\t<div class=\"elementor-element elementor-element-dc99cb3 elementor-arrows-position-outside large-custom-arrows elementor-widget elementor-widget-image-carousel\" data-id=\"dc99cb3\" data-element_type=\"widget\" data-e-type=\"widget\" data-settings=\"{&quot;slides_to_show&quot;:&quot;3&quot;,&quot;slides_to_show_tablet&quot;:&quot;2&quot;,&quot;slides_to_show_mobile&quot;:&quot;1&quot;,&quot;slides_to_scroll&quot;:&quot;1&quot;,&quot;navigation&quot;:&quot;arrows&quot;,&quot;image_spacing_custom&quot;:{&quot;unit&quot;:&quot;px&quot;,&quot;size&quot;:16,&quot;sizes&quot;:[]},&quot;autoplay&quot;:&quot;yes&quot;,&quot;pause_on_hover&quot;:&quot;yes&quot;,&quot;pause_on_interaction&quot;:&quot;yes&quot;,&quot;autoplay_speed&quot;:5000,&quot;infinite&quot;:&quot;yes&quot;,&quot;speed&quot;:500,&quot;image_spacing_custom_tablet&quot;:{&quot;unit&quot;:&quot;px&quot;,&quot;size&quot;:&quot;&quot;,&quot;sizes&quot;:[]}}\" data-widget_type=\"image-carousel.default\">\n\t\t\t\t<div class=\"elementor-widget-container\">\n\t\t\t\t\t\t\t<div class=\"elementor-image-carousel-wrapper swiper\" role=\"region\" aria-roledescription=\"carousel\" aria-label=\"Carrousel d\u2019images\" dir=\"ltr\">\n\t\t\t<div class=\"elementor-image-carousel swiper-wrapper swiper-image-stretch\" aria-live=\"off\">\n\t\t\t\t\t\t\t\t<div class=\"swiper-slide\" role=\"group\" aria-roledescription=\"slide\" aria-label=\"1 sur 5\"><figure class=\"swiper-slide-inner\"><img decoding=\"async\" class=\"swiper-slide-image\" src=\"https:\/\/develop.wp.eggo.agifly.cloud\/wp-content\/uploads\/elementor\/thumbs\/01-2-r42yguk2qckj11bg5id6bawbhobjas7dnqjx0yqeww.jpg\" alt=\"Cuisine moderne avec \u00eelot central en bois clair, \u00e9quip\u00e9e de placards blancs, \u00e9lectrom\u00e9nager noir, et table \u00e0 manger avec chaises orange et blanches.\" \/><\/figure><\/div><div class=\"swiper-slide\" role=\"group\" aria-roledescription=\"slide\" aria-label=\"2 sur 5\"><figure class=\"swiper-slide-inner\"><img decoding=\"async\" class=\"swiper-slide-image\" src=\"https:\/\/develop.wp.eggo.agifly.cloud\/wp-content\/uploads\/elementor\/thumbs\/02-2-r42ytqwcii86cekyu32vj1q0y0qux9es3kts3nlxj4.jpg\" alt=\"Cuisine moderne avec \u00eelot central en bois clair, bols et tasses color\u00e9s, corbeille de fruits, et appareils encastr\u00e9s dans des armoires blanches.\" \/><\/figure><\/div><div class=\"swiper-slide\" role=\"group\" aria-roledescription=\"slide\" aria-label=\"3 sur 5\"><figure class=\"swiper-slide-inner\"><img decoding=\"async\" class=\"swiper-slide-image\" src=\"https:\/\/develop.wp.eggo.agifly.cloud\/wp-content\/uploads\/elementor\/thumbs\/03-2-r42yt4c7yhdalrhqhtbtv7eyoru1six80h64l0jdog.jpg\" alt=\"Cuisine moderne avec des placards blancs, un plan de travail en bois clair, des appareils \u00e9lectrom\u00e9nagers en acier inoxydable et des tomates sur une planche \u00e0 d\u00e9couper.\" \/><\/figure><\/div><div class=\"swiper-slide\" role=\"group\" aria-roledescription=\"slide\" aria-label=\"4 sur 5\"><figure class=\"swiper-slide-inner\"><img decoding=\"async\" class=\"swiper-slide-image\" src=\"https:\/\/develop.wp.eggo.agifly.cloud\/wp-content\/uploads\/elementor\/thumbs\/04-2-r42ykqm10nw92xo0fowl4tk003585onduzr9j6yr5s.jpg\" alt=\"\u00celot de cuisine en bois clair avec \u00e9vier double, planche \u00e0 d\u00e9couper, lave-vaisselle ouvert et chaises orange et blanches en arri\u00e8re-plan.\" \/><\/figure><\/div><div class=\"swiper-slide\" role=\"group\" aria-roledescription=\"slide\" aria-label=\"5 sur 5\"><figure class=\"swiper-slide-inner\"><img decoding=\"async\" class=\"swiper-slide-image\" src=\"https:\/\/develop.wp.eggo.agifly.cloud\/wp-content\/uploads\/elementor\/thumbs\/05-2-r42yo2xdbggyd0t8x4wtzz701eo7ixx0zj9eym0d1c.jpg\" alt=\"Tiroir de cuisine blanc ouvert avec poign\u00e9e m\u00e9tallique, contenant des ustensiles visibles \u00e0 l&#039;int\u00e9rieur, \u00e9clair\u00e9 par une lumi\u00e8re douce.\" \/><\/figure><\/div>\t\t\t<\/div>\n\t\t\t\t\t\t\t\t\t\t\t\t<div class=\"elementor-swiper-button elementor-swiper-button-prev\" role=\"button\" tabindex=\"0\">\n\t\t\t\t\t\t<svg xmlns=\"http:\/\/www.w3.org\/2000\/svg\" width=\"30\" height=\"30\" viewBox=\"0 0 30 30\" fill=\"none\"><path d=\"M7.35205 13.167L17.1861 3.33295L14.5934 0.740234L0.333323 15.0003L14.5934 29.2602L17.1861 26.6675L7.35205 16.8336H29.6667V13.167H7.35205Z\" fill=\"#6E6809\"><\/path><\/svg>\t\t\t\t\t<\/div>\n\t\t\t\t\t<div class=\"elementor-swiper-button elementor-swiper-button-next\" role=\"button\" tabindex=\"0\">\n\t\t\t\t\t\t<svg xmlns=\"http:\/\/www.w3.org\/2000\/svg\" width=\"30\" height=\"30\" viewBox=\"0 0 30 30\" fill=\"none\"><path d=\"M22.648 13.167L12.814 3.33295L15.4067 0.740234L29.6667 15.0003L15.4067 29.2602L12.814 26.6675L22.648 16.8336H0.333374V13.167H22.648Z\" fill=\"#6E6809\"><\/path><\/svg>\t\t\t\t\t<\/div>\n\t\t\t\t\n\t\t\t\t\t\t\t\t\t<\/div>\n\t\t\t\t\t\t<\/div>\n\t\t\t\t<\/div>\n\t\t\t\t<\/div>\n\t\t<div class=\"elementor-element elementor-element-ce4793c e-flex e-con-boxed e-con e-parent\" data-id=\"ce4793c\" data-element_type=\"container\" data-e-type=\"container\" data-settings=\"{&quot;background_background&quot;:&quot;classic&quot;}\">\n\t\t\t\t\t<div class=\"e-con-inner\">\n\t\t<div class=\"elementor-element elementor-element-7465c50 e-con-full e-flex e-con e-child\" data-id=\"7465c50\" data-element_type=\"container\" data-e-type=\"container\" data-settings=\"{&quot;background_motion_fx_motion_fx_scrolling&quot;:&quot;yes&quot;,&quot;background_motion_fx_translateX_effect&quot;:&quot;yes&quot;,&quot;background_motion_fx_translateX_direction&quot;:&quot;negative&quot;,&quot;background_background&quot;:&quot;classic&quot;,&quot;background_motion_fx_translateX_speed&quot;:{&quot;unit&quot;:&quot;px&quot;,&quot;size&quot;:4,&quot;sizes&quot;:[]},&quot;background_motion_fx_translateX_affectedRange&quot;:{&quot;unit&quot;:&quot;%&quot;,&quot;size&quot;:&quot;&quot;,&quot;sizes&quot;:{&quot;start&quot;:0,&quot;end&quot;:100}},&quot;background_motion_fx_devices&quot;:[&quot;desktop&quot;,&quot;tablet&quot;,&quot;mobile&quot;]}\">\n\t\t\t\t<div class=\"elementor-element elementor-element-925bff0 elementor-widget elementor-widget-heading\" data-id=\"925bff0\" data-element_type=\"widget\" data-e-type=\"widget\" data-widget_type=\"heading.default\">\n\t\t\t\t<div class=\"elementor-widget-container\">\n\t\t\t\t\t<h2 class=\"elementor-heading-title elementor-size-default\">\u201c Tout s\u2019est bien d\u00e9roul\u00e9, <br \/>je me sens inspir\u00e9 dans ma nouvelle cuisine \u201d\n\n<\/h2>\t\t\t\t<\/div>\n\t\t\t\t<\/div>\n\t\t\t\t<\/div>\n\t\t<div class=\"elementor-element elementor-element-72f1879 e-con-full e-flex e-con e-child\" data-id=\"72f1879\" data-element_type=\"container\" data-e-type=\"container\">\n\t\t\t\t<div class=\"elementor-element elementor-element-5d8a52b elementor-widget elementor-widget-heading\" data-id=\"5d8a52b\" data-element_type=\"widget\" data-e-type=\"widget\" data-widget_type=\"heading.default\">\n\t\t\t\t<div class=\"elementor-widget-container\">\n\t\t\t\t\t<h2 class=\"elementor-heading-title elementor-size-default\">Quels \u00e9taient<b> vos besoins et envies<\/b> ?\n<\/h2>\t\t\t\t<\/div>\n\t\t\t\t<\/div>\n\t\t\t\t<div class=\"elementor-element elementor-element-7295f4b elementor-widget elementor-widget-text-editor\" data-id=\"7295f4b\" data-element_type=\"widget\" data-e-type=\"widget\" data-widget_type=\"text-editor.default\">\n\t\t\t\t<div class=\"elementor-widget-container\">\n\t\t\t\t\t\t\t\t\t<section><div class=\"container container--small typeset\"><section><div class=\"container container--small typeset\"><p>Cette cuisine \u00e9tait destin\u00e9e \u00e0 \u00eatre install\u00e9e dans mon g\u00eete. Il fallait donc qu\u2019elle soit<strong>\u00a0tr\u00e8s spacieuse<\/strong>\u00a0et agenc\u00e9e de mani\u00e8re\u00a0<strong>optimale\u00a0<\/strong>pour pouvoir accueillir 18 personnes. La cuisine est un ind\u00e9niable moment de\u00a0<strong>convivialit<\/strong>\u00e9, je souhaitais donc int\u00e9grer de\u00a0<strong>grands espaces de travail\u00a0<\/strong>afin que plusieurs personnes puissent cuisiner en m\u00eame temps. Avoir des \u00e9quipements et des \u00e9lectrom\u00e9nagers\u00a0<strong>robustes<\/strong> \u00e9tait \u00e9galement primordial.<\/p><\/div><\/section><\/div><\/section>\t\t\t\t\t\t\t\t<\/div>\n\t\t\t\t<\/div>\n\t\t\t\t<\/div>\n\t\t\t\t\t<\/div>\n\t\t\t\t<\/div>\n\t\t\t\t<\/div>\n\t\t","protected":false},"excerpt":{"rendered":"<p>Pourquoi avoir choisi \u00e8ggo ? Je connaissais \u00e8ggo car j\u2019\u00e9tais d\u00e9j\u00e0 pass\u00e9 plusieurs fois devant le showroom d\u2019Arlon. J\u2019ai d\u00e9cid\u00e9 de travailler avec eux car,\u00a0lors de ma visite en magasin,\u00a0j\u2019ai \u00e9t\u00e9 s\u00e9duit par la qualit\u00e9 des cuisines. Cela \u00e9tait clairement \u00e0 la hauteur de mes attentes. De plus, apr\u00e8s avoir expos\u00e9 mes besoins et mes [&hellip;]<\/p>\n","protected":false},"featured_media":15687,"comment_status":"open","ping_status":"closed","template":"","testimonials_category":[88],"testimonials_tag":[],"class_list":["post-15686","testimonials","type-testimonials","status-publish","has-post-thumbnail","hentry","testimonials_category-cuisine"],"yoast_head":"<!-- This site is optimized with the Yoast SEO Premium plugin v26.2 (Yoast SEO v27.3) - https:\/\/yoast.com\/product\/yoast-seo-premium-wordpress\/ -->\n<title>La cuisine du\u00a0g\u00eete \u2018La Grange de Victor\u2019 - Eggo<\/title>\n<meta name=\"robots\" content=\"index, follow, max-snippet:-1, max-image-preview:large, max-video-preview:-1\" \/>\n<link rel=\"canonical\" href=\"https:\/\/develop.wp.eggo.agifly.cloud\/fr\/temoignages\/la-cuisine-du-gite-la-grange-de-victor\/\" \/>\n<meta property=\"og:locale\" content=\"fr_FR\" \/>\n<meta property=\"og:type\" content=\"article\" \/>\n<meta property=\"og:title\" content=\"La cuisine du\u00a0g\u00eete \u2018La Grange de Victor\u2019\" \/>\n<meta property=\"og:description\" content=\"Pourquoi avoir choisi \u00e8ggo ? Je connaissais \u00e8ggo car j\u2019\u00e9tais d\u00e9j\u00e0 pass\u00e9 plusieurs fois devant le showroom d\u2019Arlon. J\u2019ai d\u00e9cid\u00e9 de travailler avec eux car,\u00a0lors de ma visite en magasin,\u00a0j\u2019ai \u00e9t\u00e9 s\u00e9duit par la qualit\u00e9 des cuisines. Cela \u00e9tait clairement \u00e0 la hauteur de mes attentes. De plus, apr\u00e8s avoir expos\u00e9 mes besoins et mes [&hellip;]\" \/>\n<meta property=\"og:url\" content=\"https:\/\/develop.wp.eggo.agifly.cloud\/fr\/temoignages\/la-cuisine-du-gite-la-grange-de-victor\/\" \/>\n<meta property=\"og:site_name\" content=\"Eggo\" \/>\n<meta property=\"article:publisher\" content=\"https:\/\/www.facebook.com\/eggokitchen\" \/>\n<meta property=\"article:modified_time\" content=\"2025-04-15T21:54:03+00:00\" \/>\n<meta property=\"og:image\" content=\"https:\/\/develop.wp.eggo.agifly.cloud\/wp-content\/uploads\/2025\/03\/Header-1-1.jpg\" \/>\n\t<meta property=\"og:image:width\" content=\"760\" \/>\n\t<meta property=\"og:image:height\" content=\"521\" \/>\n\t<meta property=\"og:image:type\" content=\"image\/jpeg\" \/>\n<meta name=\"twitter:card\" content=\"summary_large_image\" \/>\n<meta name=\"twitter:label1\" content=\"Dur\u00e9e de lecture estim\u00e9e\" \/>\n\t<meta name=\"twitter:data1\" content=\"4 minutes\" \/>\n<script type=\"application\/ld+json\" class=\"yoast-schema-graph\">{\"@context\":\"https:\\\/\\\/schema.org\",\"@graph\":[{\"@type\":\"WebPage\",\"@id\":\"https:\\\/\\\/develop.wp.eggo.agifly.cloud\\\/fr\\\/temoignages\\\/la-cuisine-du-gite-la-grange-de-victor\\\/\",\"url\":\"https:\\\/\\\/develop.wp.eggo.agifly.cloud\\\/fr\\\/temoignages\\\/la-cuisine-du-gite-la-grange-de-victor\\\/\",\"name\":\"La cuisine du\u00a0g\u00eete \u2018La Grange de Victor\u2019 - Eggo\",\"isPartOf\":{\"@id\":\"https:\\\/\\\/develop.wp.eggo.agifly.cloud\\\/fr\\\/#website\"},\"primaryImageOfPage\":{\"@id\":\"https:\\\/\\\/develop.wp.eggo.agifly.cloud\\\/fr\\\/temoignages\\\/la-cuisine-du-gite-la-grange-de-victor\\\/#primaryimage\"},\"image\":{\"@id\":\"https:\\\/\\\/develop.wp.eggo.agifly.cloud\\\/fr\\\/temoignages\\\/la-cuisine-du-gite-la-grange-de-victor\\\/#primaryimage\"},\"thumbnailUrl\":\"https:\\\/\\\/develop.wp.eggo.agifly.cloud\\\/wp-content\\\/uploads\\\/2025\\\/03\\\/Header-1-1.jpg\",\"datePublished\":\"2025-03-30T22:22:42+00:00\",\"dateModified\":\"2025-04-15T21:54:03+00:00\",\"breadcrumb\":{\"@id\":\"https:\\\/\\\/develop.wp.eggo.agifly.cloud\\\/fr\\\/temoignages\\\/la-cuisine-du-gite-la-grange-de-victor\\\/#breadcrumb\"},\"inLanguage\":\"fr-FR\",\"potentialAction\":[{\"@type\":\"ReadAction\",\"target\":[\"https:\\\/\\\/develop.wp.eggo.agifly.cloud\\\/fr\\\/temoignages\\\/la-cuisine-du-gite-la-grange-de-victor\\\/\"]}]},{\"@type\":\"ImageObject\",\"inLanguage\":\"fr-FR\",\"@id\":\"https:\\\/\\\/develop.wp.eggo.agifly.cloud\\\/fr\\\/temoignages\\\/la-cuisine-du-gite-la-grange-de-victor\\\/#primaryimage\",\"url\":\"https:\\\/\\\/develop.wp.eggo.agifly.cloud\\\/wp-content\\\/uploads\\\/2025\\\/03\\\/Header-1-1.jpg\",\"contentUrl\":\"https:\\\/\\\/develop.wp.eggo.agifly.cloud\\\/wp-content\\\/uploads\\\/2025\\\/03\\\/Header-1-1.jpg\",\"width\":760,\"height\":521,\"caption\":\"Cuisine moderne avec un \u00eelot central en bois clair, chaises orange, vaisselle align\u00e9e et armoires blanches, \u00e9clair\u00e9e par une grande fen\u00eatre.\"},{\"@type\":\"BreadcrumbList\",\"@id\":\"https:\\\/\\\/develop.wp.eggo.agifly.cloud\\\/fr\\\/temoignages\\\/la-cuisine-du-gite-la-grange-de-victor\\\/#breadcrumb\",\"itemListElement\":[{\"@type\":\"ListItem\",\"position\":1,\"name\":\"Home\",\"item\":\"https:\\\/\\\/develop.wp.eggo.agifly.cloud\\\/fr\\\/\"},{\"@type\":\"ListItem\",\"position\":2,\"name\":\"Testimonials\",\"item\":\"https:\\\/\\\/develop.wp.eggo.agifly.cloud\\\/fr\\\/temoignages\\\/\"},{\"@type\":\"ListItem\",\"position\":3,\"name\":\"La cuisine du\u00a0g\u00eete \u2018La Grange de Victor\u2019\"}]},{\"@type\":\"WebSite\",\"@id\":\"https:\\\/\\\/develop.wp.eggo.agifly.cloud\\\/fr\\\/#website\",\"url\":\"https:\\\/\\\/develop.wp.eggo.agifly.cloud\\\/fr\\\/\",\"name\":\"\u00e8ggo\",\"description\":\"\",\"publisher\":{\"@id\":\"https:\\\/\\\/develop.wp.eggo.agifly.cloud\\\/fr\\\/#organization\"},\"potentialAction\":[{\"@type\":\"SearchAction\",\"target\":{\"@type\":\"EntryPoint\",\"urlTemplate\":\"https:\\\/\\\/develop.wp.eggo.agifly.cloud\\\/fr\\\/?s={search_term_string}\"},\"query-input\":{\"@type\":\"PropertyValueSpecification\",\"valueRequired\":true,\"valueName\":\"search_term_string\"}}],\"inLanguage\":\"fr-FR\"},{\"@type\":[\"Organization\",\"Place\"],\"@id\":\"https:\\\/\\\/develop.wp.eggo.agifly.cloud\\\/fr\\\/#organization\",\"name\":\"\u00e8ggo\",\"alternateName\":\"eggo\",\"url\":\"https:\\\/\\\/develop.wp.eggo.agifly.cloud\\\/fr\\\/\",\"logo\":{\"@id\":\"https:\\\/\\\/develop.wp.eggo.agifly.cloud\\\/fr\\\/temoignages\\\/la-cuisine-du-gite-la-grange-de-victor\\\/#local-main-organization-logo\"},\"image\":{\"@id\":\"https:\\\/\\\/develop.wp.eggo.agifly.cloud\\\/fr\\\/temoignages\\\/la-cuisine-du-gite-la-grange-de-victor\\\/#local-main-organization-logo\"},\"sameAs\":[\"https:\\\/\\\/www.facebook.com\\\/eggokitchen\",\"https:\\\/\\\/www.linkedin.com\\\/company\\\/eggo\\\/\"],\"description\":\"Des cuisines et meubles de rangement de qualit\u00e9 \u00e0 des prix avantageux ! D\u00e9couvrez nos mod\u00e8les et prenez rendez-vous en ligne dans votre showroom \u00e8ggo.\",\"telephone\":[],\"openingHoursSpecification\":[{\"@type\":\"OpeningHoursSpecification\",\"dayOfWeek\":[\"Monday\",\"Tuesday\",\"Wednesday\",\"Thursday\",\"Friday\",\"Saturday\",\"Sunday\"],\"opens\":\"09:00\",\"closes\":\"17:00\"}]},{\"@type\":\"ImageObject\",\"inLanguage\":\"fr-FR\",\"@id\":\"https:\\\/\\\/develop.wp.eggo.agifly.cloud\\\/fr\\\/temoignages\\\/la-cuisine-du-gite-la-grange-de-victor\\\/#local-main-organization-logo\",\"url\":\"https:\\\/\\\/develop.wp.eggo.agifly.cloud\\\/wp-content\\\/uploads\\\/2025\\\/01\\\/Logo.webp\",\"contentUrl\":\"https:\\\/\\\/develop.wp.eggo.agifly.cloud\\\/wp-content\\\/uploads\\\/2025\\\/01\\\/Logo.webp\",\"width\":88,\"height\":88,\"caption\":\"\u00e8ggo\"}]}<\/script>\n<!-- \/ Yoast SEO Premium plugin. -->","yoast_head_json":{"title":"La cuisine du\u00a0g\u00eete \u2018La Grange de Victor\u2019 - Eggo","robots":{"index":"index","follow":"follow","max-snippet":"max-snippet:-1","max-image-preview":"max-image-preview:large","max-video-preview":"max-video-preview:-1"},"canonical":"https:\/\/develop.wp.eggo.agifly.cloud\/fr\/temoignages\/la-cuisine-du-gite-la-grange-de-victor\/","og_locale":"fr_FR","og_type":"article","og_title":"La cuisine du\u00a0g\u00eete \u2018La Grange de Victor\u2019","og_description":"Pourquoi avoir choisi \u00e8ggo ? Je connaissais \u00e8ggo car j\u2019\u00e9tais d\u00e9j\u00e0 pass\u00e9 plusieurs fois devant le showroom d\u2019Arlon. J\u2019ai d\u00e9cid\u00e9 de travailler avec eux car,\u00a0lors de ma visite en magasin,\u00a0j\u2019ai \u00e9t\u00e9 s\u00e9duit par la qualit\u00e9 des cuisines. Cela \u00e9tait clairement \u00e0 la hauteur de mes attentes. De plus, apr\u00e8s avoir expos\u00e9 mes besoins et mes [&hellip;]","og_url":"https:\/\/develop.wp.eggo.agifly.cloud\/fr\/temoignages\/la-cuisine-du-gite-la-grange-de-victor\/","og_site_name":"Eggo","article_publisher":"https:\/\/www.facebook.com\/eggokitchen","article_modified_time":"2025-04-15T21:54:03+00:00","og_image":[{"width":760,"height":521,"url":"https:\/\/develop.wp.eggo.agifly.cloud\/wp-content\/uploads\/2025\/03\/Header-1-1.jpg","type":"image\/jpeg"}],"twitter_card":"summary_large_image","twitter_misc":{"Dur\u00e9e de lecture estim\u00e9e":"4 minutes"},"schema":{"@context":"https:\/\/schema.org","@graph":[{"@type":"WebPage","@id":"https:\/\/develop.wp.eggo.agifly.cloud\/fr\/temoignages\/la-cuisine-du-gite-la-grange-de-victor\/","url":"https:\/\/develop.wp.eggo.agifly.cloud\/fr\/temoignages\/la-cuisine-du-gite-la-grange-de-victor\/","name":"La cuisine du\u00a0g\u00eete \u2018La Grange de Victor\u2019 - Eggo","isPartOf":{"@id":"https:\/\/develop.wp.eggo.agifly.cloud\/fr\/#website"},"primaryImageOfPage":{"@id":"https:\/\/develop.wp.eggo.agifly.cloud\/fr\/temoignages\/la-cuisine-du-gite-la-grange-de-victor\/#primaryimage"},"image":{"@id":"https:\/\/develop.wp.eggo.agifly.cloud\/fr\/temoignages\/la-cuisine-du-gite-la-grange-de-victor\/#primaryimage"},"thumbnailUrl":"https:\/\/develop.wp.eggo.agifly.cloud\/wp-content\/uploads\/2025\/03\/Header-1-1.jpg","datePublished":"2025-03-30T22:22:42+00:00","dateModified":"2025-04-15T21:54:03+00:00","breadcrumb":{"@id":"https:\/\/develop.wp.eggo.agifly.cloud\/fr\/temoignages\/la-cuisine-du-gite-la-grange-de-victor\/#breadcrumb"},"inLanguage":"fr-FR","potentialAction":[{"@type":"ReadAction","target":["https:\/\/develop.wp.eggo.agifly.cloud\/fr\/temoignages\/la-cuisine-du-gite-la-grange-de-victor\/"]}]},{"@type":"ImageObject","inLanguage":"fr-FR","@id":"https:\/\/develop.wp.eggo.agifly.cloud\/fr\/temoignages\/la-cuisine-du-gite-la-grange-de-victor\/#primaryimage","url":"https:\/\/develop.wp.eggo.agifly.cloud\/wp-content\/uploads\/2025\/03\/Header-1-1.jpg","contentUrl":"https:\/\/develop.wp.eggo.agifly.cloud\/wp-content\/uploads\/2025\/03\/Header-1-1.jpg","width":760,"height":521,"caption":"Cuisine moderne avec un \u00eelot central en bois clair, chaises orange, vaisselle align\u00e9e et armoires blanches, \u00e9clair\u00e9e par une grande fen\u00eatre."},{"@type":"BreadcrumbList","@id":"https:\/\/develop.wp.eggo.agifly.cloud\/fr\/temoignages\/la-cuisine-du-gite-la-grange-de-victor\/#breadcrumb","itemListElement":[{"@type":"ListItem","position":1,"name":"Home","item":"https:\/\/develop.wp.eggo.agifly.cloud\/fr\/"},{"@type":"ListItem","position":2,"name":"Testimonials","item":"https:\/\/develop.wp.eggo.agifly.cloud\/fr\/temoignages\/"},{"@type":"ListItem","position":3,"name":"La cuisine du\u00a0g\u00eete \u2018La Grange de Victor\u2019"}]},{"@type":"WebSite","@id":"https:\/\/develop.wp.eggo.agifly.cloud\/fr\/#website","url":"https:\/\/develop.wp.eggo.agifly.cloud\/fr\/","name":"\u00e8ggo","description":"","publisher":{"@id":"https:\/\/develop.wp.eggo.agifly.cloud\/fr\/#organization"},"potentialAction":[{"@type":"SearchAction","target":{"@type":"EntryPoint","urlTemplate":"https:\/\/develop.wp.eggo.agifly.cloud\/fr\/?s={search_term_string}"},"query-input":{"@type":"PropertyValueSpecification","valueRequired":true,"valueName":"search_term_string"}}],"inLanguage":"fr-FR"},{"@type":["Organization","Place"],"@id":"https:\/\/develop.wp.eggo.agifly.cloud\/fr\/#organization","name":"\u00e8ggo","alternateName":"eggo","url":"https:\/\/develop.wp.eggo.agifly.cloud\/fr\/","logo":{"@id":"https:\/\/develop.wp.eggo.agifly.cloud\/fr\/temoignages\/la-cuisine-du-gite-la-grange-de-victor\/#local-main-organization-logo"},"image":{"@id":"https:\/\/develop.wp.eggo.agifly.cloud\/fr\/temoignages\/la-cuisine-du-gite-la-grange-de-victor\/#local-main-organization-logo"},"sameAs":["https:\/\/www.facebook.com\/eggokitchen","https:\/\/www.linkedin.com\/company\/eggo\/"],"description":"Des cuisines et meubles de rangement de qualit\u00e9 \u00e0 des prix avantageux ! D\u00e9couvrez nos mod\u00e8les et prenez rendez-vous en ligne dans votre showroom \u00e8ggo.","telephone":[],"openingHoursSpecification":[{"@type":"OpeningHoursSpecification","dayOfWeek":["Monday","Tuesday","Wednesday","Thursday","Friday","Saturday","Sunday"],"opens":"09:00","closes":"17:00"}]},{"@type":"ImageObject","inLanguage":"fr-FR","@id":"https:\/\/develop.wp.eggo.agifly.cloud\/fr\/temoignages\/la-cuisine-du-gite-la-grange-de-victor\/#local-main-organization-logo","url":"https:\/\/develop.wp.eggo.agifly.cloud\/wp-content\/uploads\/2025\/01\/Logo.webp","contentUrl":"https:\/\/develop.wp.eggo.agifly.cloud\/wp-content\/uploads\/2025\/01\/Logo.webp","width":88,"height":88,"caption":"\u00e8ggo"}]}},"meta_box":{"newly_labeled":"0","promotion_toggle":"0","small_featured_promotion_toggle":"0","promotion_icon":[],"promotion_description":"","promotion_period":"","promotion_link":"","promotion_bg_color":"#ffffff","promotion_text_color":"#fe5000","read_more_content":"","testimonial_text":"","author_name":"","testimonial_text_box_toggle":"0","testimonial_promotion_toggle":"0"},"_links":{"self":[{"href":"https:\/\/develop.wp.eggo.agifly.cloud\/fr\/wp-json\/wp\/v2\/testimonials\/15686","targetHints":{"allow":["GET"]}}],"collection":[{"href":"https:\/\/develop.wp.eggo.agifly.cloud\/fr\/wp-json\/wp\/v2\/testimonials"}],"about":[{"href":"https:\/\/develop.wp.eggo.agifly.cloud\/fr\/wp-json\/wp\/v2\/types\/testimonials"}],"replies":[{"embeddable":true,"href":"https:\/\/develop.wp.eggo.agifly.cloud\/fr\/wp-json\/wp\/v2\/comments?post=15686"}],"version-history":[{"count":0,"href":"https:\/\/develop.wp.eggo.agifly.cloud\/fr\/wp-json\/wp\/v2\/testimonials\/15686\/revisions"}],"wp:featuredmedia":[{"embeddable":true,"href":"https:\/\/develop.wp.eggo.agifly.cloud\/fr\/wp-json\/wp\/v2\/media\/15687"}],"wp:attachment":[{"href":"https:\/\/develop.wp.eggo.agifly.cloud\/fr\/wp-json\/wp\/v2\/media?parent=15686"}],"wp:term":[{"taxonomy":"testimonials_category","embeddable":true,"href":"https:\/\/develop.wp.eggo.agifly.cloud\/fr\/wp-json\/wp\/v2\/testimonials_category?post=15686"},{"taxonomy":"testimonials_tag","embeddable":true,"href":"https:\/\/develop.wp.eggo.agifly.cloud\/fr\/wp-json\/wp\/v2\/testimonials_tag?post=15686"}],"curies":[{"name":"wp","href":"https:\/\/api.w.org\/{rel}","templated":true}]}}