{"id":15746,"date":"2025-03-30T22:54:05","date_gmt":"2025-03-30T22:54:05","guid":{"rendered":"https:\/\/develop.wp.eggo.agifly.cloud\/?post_type=testimonials&#038;p=15746"},"modified":"2025-04-15T22:04:05","modified_gmt":"2025-04-15T22:04:05","slug":"la-cuisine-de-christelle-et-philippe-d","status":"publish","type":"testimonials","link":"https:\/\/develop.wp.eggo.agifly.cloud\/fr\/temoignages\/la-cuisine-de-christelle-et-philippe-d\/","title":{"rendered":"La cuisine\u00a0de Christelle et Philippe D."},"content":{"rendered":"\t\t<div data-elementor-type=\"wp-post\" data-elementor-id=\"15746\" class=\"elementor elementor-15746\" data-elementor-post-type=\"testimonials\">\n\t\t\t\t<div class=\"elementor-element elementor-element-b0c2613 e-flex e-con-boxed e-con e-parent\" data-id=\"b0c2613\" data-element_type=\"container\" data-e-type=\"container\" data-settings=\"{&quot;background_background&quot;:&quot;classic&quot;}\">\n\t\t\t\t\t<div class=\"e-con-inner\">\n\t\t<div class=\"elementor-element elementor-element-94b7a37 e-con-full e-flex e-con e-child\" data-id=\"94b7a37\" data-element_type=\"container\" data-e-type=\"container\" data-settings=\"{&quot;background_motion_fx_motion_fx_scrolling&quot;:&quot;yes&quot;,&quot;background_motion_fx_translateX_effect&quot;:&quot;yes&quot;,&quot;background_motion_fx_translateX_direction&quot;:&quot;negative&quot;,&quot;background_background&quot;:&quot;classic&quot;,&quot;background_motion_fx_translateX_speed&quot;:{&quot;unit&quot;:&quot;px&quot;,&quot;size&quot;:4,&quot;sizes&quot;:[]},&quot;background_motion_fx_translateX_affectedRange&quot;:{&quot;unit&quot;:&quot;%&quot;,&quot;size&quot;:&quot;&quot;,&quot;sizes&quot;:{&quot;start&quot;:0,&quot;end&quot;:100}},&quot;background_motion_fx_devices&quot;:[&quot;desktop&quot;,&quot;tablet&quot;,&quot;mobile&quot;]}\">\n\t\t\t\t<\/div>\n\t\t<div class=\"elementor-element elementor-element-e3a8c98 e-con-full e-flex e-con e-child\" data-id=\"e3a8c98\" data-element_type=\"container\" data-e-type=\"container\" data-settings=\"{&quot;background_background&quot;:&quot;classic&quot;,&quot;background_motion_fx_motion_fx_scrolling&quot;:&quot;yes&quot;,&quot;background_motion_fx_translateX_effect&quot;:&quot;yes&quot;,&quot;background_motion_fx_translateX_direction&quot;:&quot;negative&quot;,&quot;background_motion_fx_translateX_speed&quot;:{&quot;unit&quot;:&quot;px&quot;,&quot;size&quot;:4,&quot;sizes&quot;:[]},&quot;background_motion_fx_translateX_affectedRange&quot;:{&quot;unit&quot;:&quot;%&quot;,&quot;size&quot;:&quot;&quot;,&quot;sizes&quot;:{&quot;start&quot;:0,&quot;end&quot;:100}},&quot;background_motion_fx_devices&quot;:[&quot;desktop&quot;,&quot;tablet&quot;,&quot;mobile&quot;]}\">\n\t\t\t\t<div class=\"elementor-element elementor-element-43553c6 elementor-widget elementor-widget-heading\" data-id=\"43553c6\" data-element_type=\"widget\" data-e-type=\"widget\" data-widget_type=\"heading.default\">\n\t\t\t\t<div class=\"elementor-widget-container\">\n\t\t\t\t\t<h2 class=\"elementor-heading-title elementor-size-default\">Comment avez-vous d\u00e9couvert \u00e8ggo?\n<\/h2>\t\t\t\t<\/div>\n\t\t\t\t<\/div>\n\t\t\t\t<div class=\"elementor-element elementor-element-feadd4b elementor-widget elementor-widget-text-editor\" data-id=\"feadd4b\" data-element_type=\"widget\" data-e-type=\"widget\" data-widget_type=\"text-editor.default\">\n\t\t\t\t<div class=\"elementor-widget-container\">\n\t\t\t\t\t\t\t\t\t<p>Gr\u00e2ce \u00e0 la recommandation de nos proches.\u00a0Il y a 2 ans, \u00a0nous avions command\u00e9 un dressing sur mesure \u00e8ggo pour notre chambre.\u00a0<\/p>\t\t\t\t\t\t\t\t<\/div>\n\t\t\t\t<\/div>\n\t\t\t\t<\/div>\n\t\t\t\t\t<\/div>\n\t\t\t\t<\/div>\n\t\t<div class=\"elementor-element elementor-element-0b6e987 e-flex e-con-boxed e-con e-parent\" data-id=\"0b6e987\" data-element_type=\"container\" data-e-type=\"container\">\n\t\t\t\t\t<div class=\"e-con-inner\">\n\t\t<div class=\"elementor-element elementor-element-c048ae2 e-con-full e-flex e-con e-child\" data-id=\"c048ae2\" data-element_type=\"container\" data-e-type=\"container\" data-settings=\"{&quot;background_background&quot;:&quot;classic&quot;,&quot;background_motion_fx_motion_fx_scrolling&quot;:&quot;yes&quot;,&quot;background_motion_fx_translateX_effect&quot;:&quot;yes&quot;,&quot;background_motion_fx_translateX_direction&quot;:&quot;negative&quot;,&quot;background_motion_fx_translateX_speed&quot;:{&quot;unit&quot;:&quot;px&quot;,&quot;size&quot;:4,&quot;sizes&quot;:[]},&quot;background_motion_fx_translateX_affectedRange&quot;:{&quot;unit&quot;:&quot;%&quot;,&quot;size&quot;:&quot;&quot;,&quot;sizes&quot;:{&quot;start&quot;:0,&quot;end&quot;:100}},&quot;background_motion_fx_devices&quot;:[&quot;desktop&quot;,&quot;tablet&quot;,&quot;mobile&quot;]}\">\n\t\t\t\t<div class=\"elementor-element elementor-element-f9f92e6 elementor-widget elementor-widget-heading\" data-id=\"f9f92e6\" data-element_type=\"widget\" data-e-type=\"widget\" data-widget_type=\"heading.default\">\n\t\t\t\t<div class=\"elementor-widget-container\">\n\t\t\t\t\t<h2 class=\"elementor-heading-title elementor-size-default\">Pourquoi avez-vous choisi une cuisine \u00e8ggo?\n<\/h2>\t\t\t\t<\/div>\n\t\t\t\t<\/div>\n\t\t\t\t<div class=\"elementor-element elementor-element-3956780 elementor-widget elementor-widget-text-editor\" data-id=\"3956780\" data-element_type=\"widget\" data-e-type=\"widget\" data-widget_type=\"text-editor.default\">\n\t\t\t\t<div class=\"elementor-widget-container\">\n\t\t\t\t\t\t\t\t\t<p>Pour notre dressing, nous avions \u00e9t\u00e9 tr\u00e8s bien conseill\u00e9s et le travail a \u00e9t\u00e9 parfaitement r\u00e9alis\u00e9.\u00a0<br \/>Il \u00e9tait logique de nous tourner de nouveau vers \u00e8ggo pour notre future cuisine. Nous avons \u00e9t\u00e9 s\u00e9duits par les lignes \u00e9pur\u00e9es et l&rsquo;excellent rapport &#8211; qualit\u00e9 &#8211; prix.\u00a0<br \/>De plus, nous avions pas mal de contraintes techniques et notre cuisiniste a pu nous proposer une solution pour chacune de ces difficult\u00e9s!\u00a0<\/p>\t\t\t\t\t\t\t\t<\/div>\n\t\t\t\t<\/div>\n\t\t\t\t<\/div>\n\t\t<div class=\"elementor-element elementor-element-77d4ef6 e-con-full e-flex e-con e-child\" data-id=\"77d4ef6\" data-element_type=\"container\" data-e-type=\"container\" data-settings=\"{&quot;background_motion_fx_translateX_effect&quot;:&quot;yes&quot;,&quot;background_motion_fx_translateX_direction&quot;:&quot;negative&quot;,&quot;background_motion_fx_translateX_speed&quot;:{&quot;unit&quot;:&quot;px&quot;,&quot;size&quot;:4,&quot;sizes&quot;:[]},&quot;background_motion_fx_translateX_affectedRange&quot;:{&quot;unit&quot;:&quot;%&quot;,&quot;size&quot;:&quot;&quot;,&quot;sizes&quot;:{&quot;start&quot;:0,&quot;end&quot;:100}},&quot;background_motion_fx_devices&quot;:[&quot;desktop&quot;,&quot;tablet&quot;,&quot;mobile&quot;]}\">\n\t\t\t\t<div class=\"elementor-element elementor-element-2a4b9cc elementor-arrows-position-outside large-custom-arrows elementor-widget elementor-widget-image-carousel\" data-id=\"2a4b9cc\" data-element_type=\"widget\" data-e-type=\"widget\" data-settings=\"{&quot;slides_to_show&quot;:&quot;1&quot;,&quot;slides_to_show_tablet&quot;:&quot;2&quot;,&quot;slides_to_show_mobile&quot;:&quot;1&quot;,&quot;navigation&quot;:&quot;arrows&quot;,&quot;autoplay&quot;:&quot;yes&quot;,&quot;pause_on_hover&quot;:&quot;yes&quot;,&quot;pause_on_interaction&quot;:&quot;yes&quot;,&quot;autoplay_speed&quot;:5000,&quot;infinite&quot;:&quot;yes&quot;,&quot;effect&quot;:&quot;slide&quot;,&quot;speed&quot;:500,&quot;image_spacing_custom_tablet&quot;:{&quot;unit&quot;:&quot;px&quot;,&quot;size&quot;:&quot;&quot;,&quot;sizes&quot;:[]}}\" data-widget_type=\"image-carousel.default\">\n\t\t\t\t<div class=\"elementor-widget-container\">\n\t\t\t\t\t\t\t<div class=\"elementor-image-carousel-wrapper swiper\" role=\"region\" aria-roledescription=\"carousel\" aria-label=\"Carrousel d\u2019images\" dir=\"ltr\">\n\t\t\t<div class=\"elementor-image-carousel swiper-wrapper swiper-image-stretch\" aria-live=\"off\">\n\t\t\t\t\t\t\t\t<div class=\"swiper-slide\" role=\"group\" aria-roledescription=\"slide\" aria-label=\"1 sur 7\"><figure class=\"swiper-slide-inner\"><img decoding=\"async\" class=\"swiper-slide-image\" src=\"https:\/\/develop.wp.eggo.agifly.cloud\/wp-content\/uploads\/elementor\/thumbs\/carroussel-1-r42yry1hexre3b76ct1m9037yfmj659aunt9zka3gg.jpg\" alt=\"Une personne ajuste une hotte de cuisine blanche, des fleurs blanches dans un vase turquoise sont visibles \u00e0 droite.\" \/><\/figure><\/div><div class=\"swiper-slide\" role=\"group\" aria-roledescription=\"slide\" aria-label=\"2 sur 7\"><figure class=\"swiper-slide-inner\"><img decoding=\"async\" class=\"swiper-slide-image\" src=\"https:\/\/develop.wp.eggo.agifly.cloud\/wp-content\/uploads\/elementor\/thumbs\/carroussel-2-r42yhu9xy1xfa7vkcxszy1vu2bfhfa56gncd9h9gcg.jpg\" alt=\"Une main ouvre un four encastr\u00e9 Siemens noir et argent, avec un \u00e9cran affichant &quot;Pizza&quot;, dans une cuisine moderne.\" \/><\/figure><\/div><div class=\"swiper-slide\" role=\"group\" aria-roledescription=\"slide\" aria-label=\"3 sur 7\"><figure class=\"swiper-slide-inner\"><img decoding=\"async\" class=\"swiper-slide-image\" src=\"https:\/\/develop.wp.eggo.agifly.cloud\/wp-content\/uploads\/elementor\/thumbs\/carroussel-3-r42ygtm8jij8pfctazyjqt4uwag6333nblwfjort34.jpg\" alt=\"Une personne ouvre un tiroir de cuisine gris contenant des verres et des tasses blanches et rouges, avec une th\u00e9i\u00e8re \u00e0 proximit\u00e9.\" \/><\/figure><\/div><div class=\"swiper-slide\" role=\"group\" aria-roledescription=\"slide\" aria-label=\"4 sur 7\"><figure class=\"swiper-slide-inner\"><img decoding=\"async\" class=\"swiper-slide-image\" src=\"https:\/\/develop.wp.eggo.agifly.cloud\/wp-content\/uploads\/elementor\/thumbs\/carroussel-4-r42yrbhcuwwico3y0jakl5s5p6pq1erqrk5mgx7jls.jpg\" alt=\"Un robinet en m\u00e9tal, deux bouteilles bleues et un presse-agrumes argent\u00e9 sont dispos\u00e9s sur un plan de travail beige avec des prises \u00e9lectriques murales.\" \/><\/figure><\/div><div class=\"swiper-slide\" role=\"group\" aria-roledescription=\"slide\" aria-label=\"5 sur 7\"><figure class=\"swiper-slide-inner\"><img decoding=\"async\" class=\"swiper-slide-image\" src=\"https:\/\/develop.wp.eggo.agifly.cloud\/wp-content\/uploads\/elementor\/thumbs\/carroussel-5-r42yoyvvrtopbritqiq5cr4o8iaosnfwfxfxa0oz5s.jpg\" alt=\"Cuisine moderne avec comptoirs noirs, mur blanc, tableau de plage, trois plantes en pots bleus et \u00e9clairage encastr\u00e9.\" \/><\/figure><\/div><div class=\"swiper-slide\" role=\"group\" aria-roledescription=\"slide\" aria-label=\"6 sur 7\"><figure class=\"swiper-slide-inner\"><img decoding=\"async\" class=\"swiper-slide-image\" src=\"https:\/\/develop.wp.eggo.agifly.cloud\/wp-content\/uploads\/elementor\/thumbs\/carroussel-6-r42yqqswok4798xzdacs2b00mpjnc2hncpsxwu27eo.jpg\" alt=\"Une femme en jean et chemisier noir ouvre un r\u00e9frig\u00e9rateur rempli de produits alimentaires. \u00c0 c\u00f4t\u00e9, un tableau noir affiche des photos et des dessins.\" \/><\/figure><\/div><div class=\"swiper-slide\" role=\"group\" aria-roledescription=\"slide\" aria-label=\"7 sur 7\"><figure class=\"swiper-slide-inner\"><img decoding=\"async\" class=\"swiper-slide-image\" src=\"https:\/\/develop.wp.eggo.agifly.cloud\/wp-content\/uploads\/elementor\/thumbs\/carroussel-7-r42ypuue86wgai8ejwjgpj2cflx62cyrwbmflfdla8.jpg\" alt=\"Deux personnes trinquent dans une cuisine moderne avec un plan de travail noir, des bols de nourriture et une bouteille de vin.\" \/><\/figure><\/div>\t\t\t<\/div>\n\t\t\t\t\t\t\t\t\t\t\t\t<div class=\"elementor-swiper-button elementor-swiper-button-prev\" role=\"button\" tabindex=\"0\">\n\t\t\t\t\t\t<svg xmlns=\"http:\/\/www.w3.org\/2000\/svg\" width=\"30\" height=\"30\" viewBox=\"0 0 30 30\" fill=\"none\"><path d=\"M7.35205 13.167L17.1861 3.33295L14.5934 0.740234L0.333323 15.0003L14.5934 29.2602L17.1861 26.6675L7.35205 16.8336H29.6667V13.167H7.35205Z\" fill=\"#6E6809\"><\/path><\/svg>\t\t\t\t\t<\/div>\n\t\t\t\t\t<div class=\"elementor-swiper-button elementor-swiper-button-next\" role=\"button\" tabindex=\"0\">\n\t\t\t\t\t\t<svg xmlns=\"http:\/\/www.w3.org\/2000\/svg\" width=\"30\" height=\"30\" viewBox=\"0 0 30 30\" fill=\"none\"><path d=\"M22.648 13.167L12.814 3.33295L15.4067 0.740234L29.6667 15.0003L15.4067 29.2602L12.814 26.6675L22.648 16.8336H0.333374V13.167H22.648Z\" fill=\"#6E6809\"><\/path><\/svg>\t\t\t\t\t<\/div>\n\t\t\t\t\n\t\t\t\t\t\t\t\t\t<\/div>\n\t\t\t\t\t\t<\/div>\n\t\t\t\t<\/div>\n\t\t\t\t<\/div>\n\t\t\t\t\t<\/div>\n\t\t\t\t<\/div>\n\t\t<div class=\"elementor-element elementor-element-ce4793c e-flex e-con-boxed e-con e-parent\" data-id=\"ce4793c\" data-element_type=\"container\" data-e-type=\"container\" data-settings=\"{&quot;background_background&quot;:&quot;classic&quot;}\">\n\t\t\t\t\t<div class=\"e-con-inner\">\n\t\t<div class=\"elementor-element elementor-element-72f1879 e-con-full e-flex e-con e-child\" data-id=\"72f1879\" data-element_type=\"container\" data-e-type=\"container\">\n\t\t\t\t<div class=\"elementor-element elementor-element-5d8a52b elementor-widget elementor-widget-heading\" data-id=\"5d8a52b\" data-element_type=\"widget\" data-e-type=\"widget\" data-widget_type=\"heading.default\">\n\t\t\t\t<div class=\"elementor-widget-container\">\n\t\t\t\t\t<h2 class=\"elementor-heading-title elementor-size-default\">\u201c Nous restons de plus en<br \/> plus dans notre nouvelle<br \/> cuisine, tant elle est belle et zen \u201d\n\n<\/h2>\t\t\t\t<\/div>\n\t\t\t\t<\/div>\n\t\t\t\t<div class=\"elementor-element elementor-element-7295f4b elementor-widget elementor-widget-text-editor\" data-id=\"7295f4b\" data-element_type=\"widget\" data-e-type=\"widget\" data-widget_type=\"text-editor.default\">\n\t\t\t\t<div class=\"elementor-widget-container\">\n\t\t\t\t\t\t\t\t\t<p style=\"text-align: center;\">Vous vivons dans une une fermette. Nous souhaitions m\u00ealer l&rsquo;ambiance rustique de notre maison et du mobilier moderne. Nous nous sommes tr\u00e8s vite orient\u00e9s vers une cuisine noire, moderne avec un plan de travail plus profond pour faciliter la r\u00e9alisation de bons petits plats. Bref, une cuisine facile \u00e0 vivre, o\u00f9 on peut se retrouver pour manger, passer du temps ensemble en toute convivialit\u00e9. \u00c8ggo a \u00e9t\u00e9 \u00e0 l&rsquo;\u00e9coute de tous nos besoins&#8230;<br \/>Mission remplie!\u00a0Notre cuisine est une belle r\u00e9ussite.<\/p>\t\t\t\t\t\t\t\t<\/div>\n\t\t\t\t<\/div>\n\t\t\t\t<div class=\"elementor-element elementor-element-ea6eb3b elementor-widget elementor-widget-image\" data-id=\"ea6eb3b\" data-element_type=\"widget\" data-e-type=\"widget\" data-widget_type=\"image.default\">\n\t\t\t\t<div class=\"elementor-widget-container\">\n\t\t\t\t\t\t\t\t\t\t\t\t\t\t\t<img fetchpriority=\"high\" decoding=\"async\" width=\"1024\" height=\"664\" src=\"https:\/\/develop.wp.eggo.agifly.cloud\/wp-content\/uploads\/2025\/03\/montage_V4_FR-1024x664.jpg\" class=\"attachment-large size-large wp-image-15766\" alt=\"Comparaison de cuisines : avant avec meubles blancs et murs color\u00e9s, apr\u00e8s avec meubles noirs et murs neutres, \u00e9clairage moderne.\" srcset=\"https:\/\/develop.wp.eggo.agifly.cloud\/wp-content\/uploads\/2025\/03\/montage_V4_FR-1024x664.jpg 1024w, https:\/\/develop.wp.eggo.agifly.cloud\/wp-content\/uploads\/2025\/03\/montage_V4_FR-300x195.jpg 300w, https:\/\/develop.wp.eggo.agifly.cloud\/wp-content\/uploads\/2025\/03\/montage_V4_FR-768x498.jpg 768w, https:\/\/develop.wp.eggo.agifly.cloud\/wp-content\/uploads\/2025\/03\/montage_V4_FR-1536x996.jpg 1536w, https:\/\/develop.wp.eggo.agifly.cloud\/wp-content\/uploads\/2025\/03\/montage_V4_FR.jpg 1980w\" sizes=\"(max-width: 1024px) 100vw, 1024px\" \/>\t\t\t\t\t\t\t\t\t\t\t\t\t\t\t<\/div>\n\t\t\t\t<\/div>\n\t\t\t\t<\/div>\n\t\t\t\t\t<\/div>\n\t\t\t\t<\/div>\n\t\t\t\t<\/div>\n\t\t","protected":false},"excerpt":{"rendered":"<p>Comment avez-vous d\u00e9couvert \u00e8ggo? Gr\u00e2ce \u00e0 la recommandation de nos proches.\u00a0Il y a 2 ans, \u00a0nous avions command\u00e9 un dressing sur mesure \u00e8ggo pour notre chambre.\u00a0 Pourquoi avez-vous choisi une cuisine \u00e8ggo? Pour notre dressing, nous avions \u00e9t\u00e9 tr\u00e8s bien conseill\u00e9s et le travail a \u00e9t\u00e9 parfaitement r\u00e9alis\u00e9.\u00a0Il \u00e9tait logique de nous tourner de nouveau [&hellip;]<\/p>\n","protected":false},"featured_media":15747,"comment_status":"open","ping_status":"closed","template":"","testimonials_category":[88],"testimonials_tag":[],"class_list":["post-15746","testimonials","type-testimonials","status-publish","has-post-thumbnail","hentry","testimonials_category-cuisine"],"yoast_head":"<!-- This site is optimized with the Yoast SEO Premium plugin v26.2 (Yoast SEO v27.3) - https:\/\/yoast.com\/product\/yoast-seo-premium-wordpress\/ -->\n<title>La cuisine\u00a0de Christelle et Philippe D. - Eggo<\/title>\n<meta name=\"robots\" content=\"index, follow, max-snippet:-1, max-image-preview:large, max-video-preview:-1\" \/>\n<link rel=\"canonical\" href=\"https:\/\/develop.wp.eggo.agifly.cloud\/fr\/temoignages\/la-cuisine-de-christelle-et-philippe-d\/\" \/>\n<meta property=\"og:locale\" content=\"fr_FR\" \/>\n<meta property=\"og:type\" content=\"article\" \/>\n<meta property=\"og:title\" content=\"La cuisine\u00a0de Christelle et Philippe D.\" \/>\n<meta property=\"og:description\" content=\"Comment avez-vous d\u00e9couvert \u00e8ggo? Gr\u00e2ce \u00e0 la recommandation de nos proches.\u00a0Il y a 2 ans, \u00a0nous avions command\u00e9 un dressing sur mesure \u00e8ggo pour notre chambre.\u00a0 Pourquoi avez-vous choisi une cuisine \u00e8ggo? Pour notre dressing, nous avions \u00e9t\u00e9 tr\u00e8s bien conseill\u00e9s et le travail a \u00e9t\u00e9 parfaitement r\u00e9alis\u00e9.\u00a0Il \u00e9tait logique de nous tourner de nouveau [&hellip;]\" \/>\n<meta property=\"og:url\" content=\"https:\/\/develop.wp.eggo.agifly.cloud\/fr\/temoignages\/la-cuisine-de-christelle-et-philippe-d\/\" \/>\n<meta property=\"og:site_name\" content=\"Eggo\" \/>\n<meta property=\"article:publisher\" content=\"https:\/\/www.facebook.com\/eggokitchen\" \/>\n<meta property=\"article:modified_time\" content=\"2025-04-15T22:04:05+00:00\" \/>\n<meta property=\"og:image\" content=\"https:\/\/develop.wp.eggo.agifly.cloud\/wp-content\/uploads\/2025\/03\/cover-v2.jpg\" \/>\n\t<meta property=\"og:image:width\" content=\"760\" \/>\n\t<meta property=\"og:image:height\" content=\"521\" \/>\n\t<meta property=\"og:image:type\" content=\"image\/jpeg\" \/>\n<meta name=\"twitter:card\" content=\"summary_large_image\" \/>\n<meta name=\"twitter:label1\" content=\"Dur\u00e9e de lecture estim\u00e9e\" \/>\n\t<meta name=\"twitter:data1\" content=\"4 minutes\" \/>\n<script type=\"application\/ld+json\" class=\"yoast-schema-graph\">{\"@context\":\"https:\\\/\\\/schema.org\",\"@graph\":[{\"@type\":\"WebPage\",\"@id\":\"https:\\\/\\\/develop.wp.eggo.agifly.cloud\\\/fr\\\/temoignages\\\/la-cuisine-de-christelle-et-philippe-d\\\/\",\"url\":\"https:\\\/\\\/develop.wp.eggo.agifly.cloud\\\/fr\\\/temoignages\\\/la-cuisine-de-christelle-et-philippe-d\\\/\",\"name\":\"La cuisine\u00a0de Christelle et Philippe D. - Eggo\",\"isPartOf\":{\"@id\":\"https:\\\/\\\/develop.wp.eggo.agifly.cloud\\\/fr\\\/#website\"},\"primaryImageOfPage\":{\"@id\":\"https:\\\/\\\/develop.wp.eggo.agifly.cloud\\\/fr\\\/temoignages\\\/la-cuisine-de-christelle-et-philippe-d\\\/#primaryimage\"},\"image\":{\"@id\":\"https:\\\/\\\/develop.wp.eggo.agifly.cloud\\\/fr\\\/temoignages\\\/la-cuisine-de-christelle-et-philippe-d\\\/#primaryimage\"},\"thumbnailUrl\":\"https:\\\/\\\/develop.wp.eggo.agifly.cloud\\\/wp-content\\\/uploads\\\/2025\\\/03\\\/cover-v2.jpg\",\"datePublished\":\"2025-03-30T22:54:05+00:00\",\"dateModified\":\"2025-04-15T22:04:05+00:00\",\"breadcrumb\":{\"@id\":\"https:\\\/\\\/develop.wp.eggo.agifly.cloud\\\/fr\\\/temoignages\\\/la-cuisine-de-christelle-et-philippe-d\\\/#breadcrumb\"},\"inLanguage\":\"fr-FR\",\"potentialAction\":[{\"@type\":\"ReadAction\",\"target\":[\"https:\\\/\\\/develop.wp.eggo.agifly.cloud\\\/fr\\\/temoignages\\\/la-cuisine-de-christelle-et-philippe-d\\\/\"]}]},{\"@type\":\"ImageObject\",\"inLanguage\":\"fr-FR\",\"@id\":\"https:\\\/\\\/develop.wp.eggo.agifly.cloud\\\/fr\\\/temoignages\\\/la-cuisine-de-christelle-et-philippe-d\\\/#primaryimage\",\"url\":\"https:\\\/\\\/develop.wp.eggo.agifly.cloud\\\/wp-content\\\/uploads\\\/2025\\\/03\\\/cover-v2.jpg\",\"contentUrl\":\"https:\\\/\\\/develop.wp.eggo.agifly.cloud\\\/wp-content\\\/uploads\\\/2025\\\/03\\\/cover-v2.jpg\",\"width\":760,\"height\":521,\"caption\":\"Cuisine moderne avec meubles noirs, plan de travail beige, \u00e9vier en inox, et d\u00e9coration murale tropicale. Une lampe et des bouteilles bleues sont visibles.\"},{\"@type\":\"BreadcrumbList\",\"@id\":\"https:\\\/\\\/develop.wp.eggo.agifly.cloud\\\/fr\\\/temoignages\\\/la-cuisine-de-christelle-et-philippe-d\\\/#breadcrumb\",\"itemListElement\":[{\"@type\":\"ListItem\",\"position\":1,\"name\":\"Home\",\"item\":\"https:\\\/\\\/develop.wp.eggo.agifly.cloud\\\/fr\\\/\"},{\"@type\":\"ListItem\",\"position\":2,\"name\":\"Testimonials\",\"item\":\"https:\\\/\\\/develop.wp.eggo.agifly.cloud\\\/fr\\\/temoignages\\\/\"},{\"@type\":\"ListItem\",\"position\":3,\"name\":\"La cuisine\u00a0de Christelle et Philippe D.\"}]},{\"@type\":\"WebSite\",\"@id\":\"https:\\\/\\\/develop.wp.eggo.agifly.cloud\\\/fr\\\/#website\",\"url\":\"https:\\\/\\\/develop.wp.eggo.agifly.cloud\\\/fr\\\/\",\"name\":\"\u00e8ggo\",\"description\":\"\",\"publisher\":{\"@id\":\"https:\\\/\\\/develop.wp.eggo.agifly.cloud\\\/fr\\\/#organization\"},\"potentialAction\":[{\"@type\":\"SearchAction\",\"target\":{\"@type\":\"EntryPoint\",\"urlTemplate\":\"https:\\\/\\\/develop.wp.eggo.agifly.cloud\\\/fr\\\/?s={search_term_string}\"},\"query-input\":{\"@type\":\"PropertyValueSpecification\",\"valueRequired\":true,\"valueName\":\"search_term_string\"}}],\"inLanguage\":\"fr-FR\"},{\"@type\":[\"Organization\",\"Place\"],\"@id\":\"https:\\\/\\\/develop.wp.eggo.agifly.cloud\\\/fr\\\/#organization\",\"name\":\"\u00e8ggo\",\"alternateName\":\"eggo\",\"url\":\"https:\\\/\\\/develop.wp.eggo.agifly.cloud\\\/fr\\\/\",\"logo\":{\"@id\":\"https:\\\/\\\/develop.wp.eggo.agifly.cloud\\\/fr\\\/temoignages\\\/la-cuisine-de-christelle-et-philippe-d\\\/#local-main-organization-logo\"},\"image\":{\"@id\":\"https:\\\/\\\/develop.wp.eggo.agifly.cloud\\\/fr\\\/temoignages\\\/la-cuisine-de-christelle-et-philippe-d\\\/#local-main-organization-logo\"},\"sameAs\":[\"https:\\\/\\\/www.facebook.com\\\/eggokitchen\",\"https:\\\/\\\/www.linkedin.com\\\/company\\\/eggo\\\/\"],\"description\":\"Des cuisines et meubles de rangement de qualit\u00e9 \u00e0 des prix avantageux ! D\u00e9couvrez nos mod\u00e8les et prenez rendez-vous en ligne dans votre showroom \u00e8ggo.\",\"telephone\":[],\"openingHoursSpecification\":[{\"@type\":\"OpeningHoursSpecification\",\"dayOfWeek\":[\"Monday\",\"Tuesday\",\"Wednesday\",\"Thursday\",\"Friday\",\"Saturday\",\"Sunday\"],\"opens\":\"09:00\",\"closes\":\"17:00\"}]},{\"@type\":\"ImageObject\",\"inLanguage\":\"fr-FR\",\"@id\":\"https:\\\/\\\/develop.wp.eggo.agifly.cloud\\\/fr\\\/temoignages\\\/la-cuisine-de-christelle-et-philippe-d\\\/#local-main-organization-logo\",\"url\":\"https:\\\/\\\/develop.wp.eggo.agifly.cloud\\\/wp-content\\\/uploads\\\/2025\\\/01\\\/Logo.webp\",\"contentUrl\":\"https:\\\/\\\/develop.wp.eggo.agifly.cloud\\\/wp-content\\\/uploads\\\/2025\\\/01\\\/Logo.webp\",\"width\":88,\"height\":88,\"caption\":\"\u00e8ggo\"}]}<\/script>\n<!-- \/ Yoast SEO Premium plugin. -->","yoast_head_json":{"title":"La cuisine\u00a0de Christelle et Philippe D. - Eggo","robots":{"index":"index","follow":"follow","max-snippet":"max-snippet:-1","max-image-preview":"max-image-preview:large","max-video-preview":"max-video-preview:-1"},"canonical":"https:\/\/develop.wp.eggo.agifly.cloud\/fr\/temoignages\/la-cuisine-de-christelle-et-philippe-d\/","og_locale":"fr_FR","og_type":"article","og_title":"La cuisine\u00a0de Christelle et Philippe D.","og_description":"Comment avez-vous d\u00e9couvert \u00e8ggo? Gr\u00e2ce \u00e0 la recommandation de nos proches.\u00a0Il y a 2 ans, \u00a0nous avions command\u00e9 un dressing sur mesure \u00e8ggo pour notre chambre.\u00a0 Pourquoi avez-vous choisi une cuisine \u00e8ggo? Pour notre dressing, nous avions \u00e9t\u00e9 tr\u00e8s bien conseill\u00e9s et le travail a \u00e9t\u00e9 parfaitement r\u00e9alis\u00e9.\u00a0Il \u00e9tait logique de nous tourner de nouveau [&hellip;]","og_url":"https:\/\/develop.wp.eggo.agifly.cloud\/fr\/temoignages\/la-cuisine-de-christelle-et-philippe-d\/","og_site_name":"Eggo","article_publisher":"https:\/\/www.facebook.com\/eggokitchen","article_modified_time":"2025-04-15T22:04:05+00:00","og_image":[{"width":760,"height":521,"url":"https:\/\/develop.wp.eggo.agifly.cloud\/wp-content\/uploads\/2025\/03\/cover-v2.jpg","type":"image\/jpeg"}],"twitter_card":"summary_large_image","twitter_misc":{"Dur\u00e9e de lecture estim\u00e9e":"4 minutes"},"schema":{"@context":"https:\/\/schema.org","@graph":[{"@type":"WebPage","@id":"https:\/\/develop.wp.eggo.agifly.cloud\/fr\/temoignages\/la-cuisine-de-christelle-et-philippe-d\/","url":"https:\/\/develop.wp.eggo.agifly.cloud\/fr\/temoignages\/la-cuisine-de-christelle-et-philippe-d\/","name":"La cuisine\u00a0de Christelle et Philippe D. - Eggo","isPartOf":{"@id":"https:\/\/develop.wp.eggo.agifly.cloud\/fr\/#website"},"primaryImageOfPage":{"@id":"https:\/\/develop.wp.eggo.agifly.cloud\/fr\/temoignages\/la-cuisine-de-christelle-et-philippe-d\/#primaryimage"},"image":{"@id":"https:\/\/develop.wp.eggo.agifly.cloud\/fr\/temoignages\/la-cuisine-de-christelle-et-philippe-d\/#primaryimage"},"thumbnailUrl":"https:\/\/develop.wp.eggo.agifly.cloud\/wp-content\/uploads\/2025\/03\/cover-v2.jpg","datePublished":"2025-03-30T22:54:05+00:00","dateModified":"2025-04-15T22:04:05+00:00","breadcrumb":{"@id":"https:\/\/develop.wp.eggo.agifly.cloud\/fr\/temoignages\/la-cuisine-de-christelle-et-philippe-d\/#breadcrumb"},"inLanguage":"fr-FR","potentialAction":[{"@type":"ReadAction","target":["https:\/\/develop.wp.eggo.agifly.cloud\/fr\/temoignages\/la-cuisine-de-christelle-et-philippe-d\/"]}]},{"@type":"ImageObject","inLanguage":"fr-FR","@id":"https:\/\/develop.wp.eggo.agifly.cloud\/fr\/temoignages\/la-cuisine-de-christelle-et-philippe-d\/#primaryimage","url":"https:\/\/develop.wp.eggo.agifly.cloud\/wp-content\/uploads\/2025\/03\/cover-v2.jpg","contentUrl":"https:\/\/develop.wp.eggo.agifly.cloud\/wp-content\/uploads\/2025\/03\/cover-v2.jpg","width":760,"height":521,"caption":"Cuisine moderne avec meubles noirs, plan de travail beige, \u00e9vier en inox, et d\u00e9coration murale tropicale. Une lampe et des bouteilles bleues sont visibles."},{"@type":"BreadcrumbList","@id":"https:\/\/develop.wp.eggo.agifly.cloud\/fr\/temoignages\/la-cuisine-de-christelle-et-philippe-d\/#breadcrumb","itemListElement":[{"@type":"ListItem","position":1,"name":"Home","item":"https:\/\/develop.wp.eggo.agifly.cloud\/fr\/"},{"@type":"ListItem","position":2,"name":"Testimonials","item":"https:\/\/develop.wp.eggo.agifly.cloud\/fr\/temoignages\/"},{"@type":"ListItem","position":3,"name":"La cuisine\u00a0de Christelle et Philippe D."}]},{"@type":"WebSite","@id":"https:\/\/develop.wp.eggo.agifly.cloud\/fr\/#website","url":"https:\/\/develop.wp.eggo.agifly.cloud\/fr\/","name":"\u00e8ggo","description":"","publisher":{"@id":"https:\/\/develop.wp.eggo.agifly.cloud\/fr\/#organization"},"potentialAction":[{"@type":"SearchAction","target":{"@type":"EntryPoint","urlTemplate":"https:\/\/develop.wp.eggo.agifly.cloud\/fr\/?s={search_term_string}"},"query-input":{"@type":"PropertyValueSpecification","valueRequired":true,"valueName":"search_term_string"}}],"inLanguage":"fr-FR"},{"@type":["Organization","Place"],"@id":"https:\/\/develop.wp.eggo.agifly.cloud\/fr\/#organization","name":"\u00e8ggo","alternateName":"eggo","url":"https:\/\/develop.wp.eggo.agifly.cloud\/fr\/","logo":{"@id":"https:\/\/develop.wp.eggo.agifly.cloud\/fr\/temoignages\/la-cuisine-de-christelle-et-philippe-d\/#local-main-organization-logo"},"image":{"@id":"https:\/\/develop.wp.eggo.agifly.cloud\/fr\/temoignages\/la-cuisine-de-christelle-et-philippe-d\/#local-main-organization-logo"},"sameAs":["https:\/\/www.facebook.com\/eggokitchen","https:\/\/www.linkedin.com\/company\/eggo\/"],"description":"Des cuisines et meubles de rangement de qualit\u00e9 \u00e0 des prix avantageux ! D\u00e9couvrez nos mod\u00e8les et prenez rendez-vous en ligne dans votre showroom \u00e8ggo.","telephone":[],"openingHoursSpecification":[{"@type":"OpeningHoursSpecification","dayOfWeek":["Monday","Tuesday","Wednesday","Thursday","Friday","Saturday","Sunday"],"opens":"09:00","closes":"17:00"}]},{"@type":"ImageObject","inLanguage":"fr-FR","@id":"https:\/\/develop.wp.eggo.agifly.cloud\/fr\/temoignages\/la-cuisine-de-christelle-et-philippe-d\/#local-main-organization-logo","url":"https:\/\/develop.wp.eggo.agifly.cloud\/wp-content\/uploads\/2025\/01\/Logo.webp","contentUrl":"https:\/\/develop.wp.eggo.agifly.cloud\/wp-content\/uploads\/2025\/01\/Logo.webp","width":88,"height":88,"caption":"\u00e8ggo"}]}},"meta_box":{"newly_labeled":"0","promotion_toggle":"0","small_featured_promotion_toggle":"0","promotion_icon":[],"promotion_description":"","promotion_period":"","promotion_link":"","promotion_bg_color":"#ffffff","promotion_text_color":"#fe5000","read_more_content":"","testimonial_text":"","author_name":"","testimonial_text_box_toggle":"0","testimonial_promotion_toggle":"0"},"_links":{"self":[{"href":"https:\/\/develop.wp.eggo.agifly.cloud\/fr\/wp-json\/wp\/v2\/testimonials\/15746","targetHints":{"allow":["GET"]}}],"collection":[{"href":"https:\/\/develop.wp.eggo.agifly.cloud\/fr\/wp-json\/wp\/v2\/testimonials"}],"about":[{"href":"https:\/\/develop.wp.eggo.agifly.cloud\/fr\/wp-json\/wp\/v2\/types\/testimonials"}],"replies":[{"embeddable":true,"href":"https:\/\/develop.wp.eggo.agifly.cloud\/fr\/wp-json\/wp\/v2\/comments?post=15746"}],"version-history":[{"count":0,"href":"https:\/\/develop.wp.eggo.agifly.cloud\/fr\/wp-json\/wp\/v2\/testimonials\/15746\/revisions"}],"wp:featuredmedia":[{"embeddable":true,"href":"https:\/\/develop.wp.eggo.agifly.cloud\/fr\/wp-json\/wp\/v2\/media\/15747"}],"wp:attachment":[{"href":"https:\/\/develop.wp.eggo.agifly.cloud\/fr\/wp-json\/wp\/v2\/media?parent=15746"}],"wp:term":[{"taxonomy":"testimonials_category","embeddable":true,"href":"https:\/\/develop.wp.eggo.agifly.cloud\/fr\/wp-json\/wp\/v2\/testimonials_category?post=15746"},{"taxonomy":"testimonials_tag","embeddable":true,"href":"https:\/\/develop.wp.eggo.agifly.cloud\/fr\/wp-json\/wp\/v2\/testimonials_tag?post=15746"}],"curies":[{"name":"wp","href":"https:\/\/api.w.org\/{rel}","templated":true}]}}