{"id":37856,"date":"2025-06-13T08:11:16","date_gmt":"2025-06-13T08:11:16","guid":{"rendered":"https:\/\/develop.wp.eggo.agifly.cloud\/?post_type=cuisines&#038;p=37856"},"modified":"2025-06-26T13:35:45","modified_gmt":"2025-06-26T13:35:45","slug":"de-keuken-van-tine-en-dries-2","status":"publish","type":"cuisines","link":"https:\/\/develop.wp.eggo.agifly.cloud\/nl\/keuken\/moderne-keuken\/de-keuken-van-tine-en-dries-2\/","title":{"rendered":"De keuken van Lieke en Daan"},"content":{"rendered":"","protected":false},"excerpt":{"rendered":"","protected":false},"featured_media":37858,"comment_status":"closed","ping_status":"closed","template":"","cuisines_category":[96],"cuisines_tag":[],"post_type_filter":[143,143],"eggo_style_tags":[],"eggo_color_tags":[140,231,231,64],"eggo_material_and_finishes_tags":[],"eggo_price_range_tags":[82],"eggo_price_range_tags_21":[233],"class_list":{"0":"post-37856","1":"cuisines","2":"type-cuisines","3":"status-publish","4":"has-post-thumbnail","5":"hentry","6":"cuisines_category-cuisine-contemporaines","7":"post_type_filter-cuisine","9":"eggo_color_tags-bois","10":"eggo_color_tags-rose","12":"eggo_color_tags-blanc","13":"eggo_price_range_tags-entre-10-000e-et-15-000e","14":"eggo_price_range_tags_21-entre-10-000e-et-15-000e"},"yoast_head":"<!-- This site is optimized with the Yoast SEO Premium plugin v26.2 (Yoast SEO v27.3) - https:\/\/yoast.com\/product\/yoast-seo-premium-wordpress\/ -->\n<title>De keuken van Lieke en Daan - Eggo<\/title>\n<meta name=\"description\" content=\"Bekijk de keuken van Johnny bij \u00e8ggo, waar design en functionaliteit samenkomen voor een moderne keuken die bij zijn levensstijl past.\" \/>\n<meta name=\"robots\" content=\"index, follow, max-snippet:-1, max-image-preview:large, max-video-preview:-1\" \/>\n<link rel=\"canonical\" href=\"https:\/\/develop.wp.eggo.agifly.cloud\/nl\/keuken\/moderne-keuken\/de-keuken-van-tine-en-dries-2\/\" \/>\n<meta property=\"og:locale\" content=\"nl_NL\" \/>\n<meta property=\"og:type\" content=\"article\" \/>\n<meta property=\"og:title\" content=\"De keuken van Lieke en Daan\" \/>\n<meta property=\"og:description\" content=\"Bekijk de keuken van Johnny bij \u00e8ggo, waar design en functionaliteit samenkomen voor een moderne keuken die bij zijn levensstijl past.\" \/>\n<meta property=\"og:url\" content=\"https:\/\/develop.wp.eggo.agifly.cloud\/nl\/keuken\/moderne-keuken\/de-keuken-van-tine-en-dries-2\/\" \/>\n<meta property=\"og:site_name\" content=\"Eggo\" \/>\n<meta property=\"article:publisher\" content=\"https:\/\/www.facebook.com\/eggokitchen\" \/>\n<meta property=\"article:modified_time\" content=\"2025-06-26T13:35:45+00:00\" \/>\n<meta property=\"og:image\" content=\"https:\/\/develop.wp.eggo.agifly.cloud\/wp-content\/uploads\/2025\/06\/miysis_3d_eggo_2585_wip05-scaled.jpg\" \/>\n\t<meta property=\"og:image:width\" content=\"2048\" \/>\n\t<meta property=\"og:image:height\" content=\"1174\" \/>\n\t<meta property=\"og:image:type\" content=\"image\/jpeg\" \/>\n<meta name=\"twitter:card\" content=\"summary_large_image\" \/>\n<meta name=\"twitter:label1\" content=\"Geschatte leestijd\" \/>\n\t<meta name=\"twitter:data1\" content=\"1 minuut\" \/>\n<script type=\"application\/ld+json\" class=\"yoast-schema-graph\">{\"@context\":\"https:\\\/\\\/schema.org\",\"@graph\":[{\"@type\":\"WebPage\",\"@id\":\"https:\\\/\\\/develop.wp.eggo.agifly.cloud\\\/nl\\\/keuken\\\/moderne-keuken\\\/de-keuken-van-tine-en-dries-2\\\/\",\"url\":\"https:\\\/\\\/develop.wp.eggo.agifly.cloud\\\/nl\\\/keuken\\\/moderne-keuken\\\/de-keuken-van-tine-en-dries-2\\\/\",\"name\":\"De keuken van Lieke en Daan - Eggo\",\"isPartOf\":{\"@id\":\"https:\\\/\\\/develop.wp.eggo.agifly.cloud\\\/nl\\\/#website\"},\"primaryImageOfPage\":{\"@id\":\"https:\\\/\\\/develop.wp.eggo.agifly.cloud\\\/nl\\\/keuken\\\/moderne-keuken\\\/de-keuken-van-tine-en-dries-2\\\/#primaryimage\"},\"image\":{\"@id\":\"https:\\\/\\\/develop.wp.eggo.agifly.cloud\\\/nl\\\/keuken\\\/moderne-keuken\\\/de-keuken-van-tine-en-dries-2\\\/#primaryimage\"},\"thumbnailUrl\":\"https:\\\/\\\/develop.wp.eggo.agifly.cloud\\\/wp-content\\\/uploads\\\/2025\\\/06\\\/miysis_3d_eggo_2585_wip05-scaled.jpg\",\"datePublished\":\"2025-06-13T08:11:16+00:00\",\"dateModified\":\"2025-06-26T13:35:45+00:00\",\"description\":\"Bekijk de keuken van Johnny bij \u00e8ggo, waar design en functionaliteit samenkomen voor een moderne keuken die bij zijn levensstijl past.\",\"breadcrumb\":{\"@id\":\"https:\\\/\\\/develop.wp.eggo.agifly.cloud\\\/nl\\\/keuken\\\/moderne-keuken\\\/de-keuken-van-tine-en-dries-2\\\/#breadcrumb\"},\"inLanguage\":\"nl-NL\",\"potentialAction\":[{\"@type\":\"ReadAction\",\"target\":[\"https:\\\/\\\/develop.wp.eggo.agifly.cloud\\\/nl\\\/keuken\\\/moderne-keuken\\\/de-keuken-van-tine-en-dries-2\\\/\"]}]},{\"@type\":\"ImageObject\",\"inLanguage\":\"nl-NL\",\"@id\":\"https:\\\/\\\/develop.wp.eggo.agifly.cloud\\\/nl\\\/keuken\\\/moderne-keuken\\\/de-keuken-van-tine-en-dries-2\\\/#primaryimage\",\"url\":\"https:\\\/\\\/develop.wp.eggo.agifly.cloud\\\/wp-content\\\/uploads\\\/2025\\\/06\\\/miysis_3d_eggo_2585_wip05-scaled.jpg\",\"contentUrl\":\"https:\\\/\\\/develop.wp.eggo.agifly.cloud\\\/wp-content\\\/uploads\\\/2025\\\/06\\\/miysis_3d_eggo_2585_wip05-scaled.jpg\",\"width\":2048,\"height\":1174},{\"@type\":\"BreadcrumbList\",\"@id\":\"https:\\\/\\\/develop.wp.eggo.agifly.cloud\\\/nl\\\/keuken\\\/moderne-keuken\\\/de-keuken-van-tine-en-dries-2\\\/#breadcrumb\",\"itemListElement\":[{\"@type\":\"ListItem\",\"position\":1,\"name\":\"Home\",\"item\":\"https:\\\/\\\/develop.wp.eggo.agifly.cloud\\\/nl\\\/\"},{\"@type\":\"ListItem\",\"position\":2,\"name\":\"Keuken\",\"item\":\"https:\\\/\\\/develop.wp.eggo.agifly.cloud\\\/nl\\\/keuken\\\/\"},{\"@type\":\"ListItem\",\"position\":3,\"name\":\"De keuken van Lieke en Daan\"}]},{\"@type\":\"WebSite\",\"@id\":\"https:\\\/\\\/develop.wp.eggo.agifly.cloud\\\/nl\\\/#website\",\"url\":\"https:\\\/\\\/develop.wp.eggo.agifly.cloud\\\/nl\\\/\",\"name\":\"\u00e8ggo\",\"description\":\"\",\"publisher\":{\"@id\":\"https:\\\/\\\/develop.wp.eggo.agifly.cloud\\\/nl\\\/#organization\"},\"potentialAction\":[{\"@type\":\"SearchAction\",\"target\":{\"@type\":\"EntryPoint\",\"urlTemplate\":\"https:\\\/\\\/develop.wp.eggo.agifly.cloud\\\/nl\\\/?s={search_term_string}\"},\"query-input\":{\"@type\":\"PropertyValueSpecification\",\"valueRequired\":true,\"valueName\":\"search_term_string\"}}],\"inLanguage\":\"nl-NL\"},{\"@type\":[\"Organization\",\"Place\"],\"@id\":\"https:\\\/\\\/develop.wp.eggo.agifly.cloud\\\/nl\\\/#organization\",\"name\":\"\u00e8ggo\",\"alternateName\":\"eggo\",\"url\":\"https:\\\/\\\/develop.wp.eggo.agifly.cloud\\\/nl\\\/\",\"logo\":{\"@id\":\"https:\\\/\\\/develop.wp.eggo.agifly.cloud\\\/nl\\\/keuken\\\/moderne-keuken\\\/de-keuken-van-tine-en-dries-2\\\/#local-main-organization-logo\"},\"image\":{\"@id\":\"https:\\\/\\\/develop.wp.eggo.agifly.cloud\\\/nl\\\/keuken\\\/moderne-keuken\\\/de-keuken-van-tine-en-dries-2\\\/#local-main-organization-logo\"},\"sameAs\":[\"https:\\\/\\\/www.facebook.com\\\/eggokitchen\",\"https:\\\/\\\/www.linkedin.com\\\/company\\\/eggo\\\/\"],\"description\":\"Des cuisines et meubles de rangement de qualit\u00e9 \u00e0 des prix avantageux ! D\u00e9couvrez nos mod\u00e8les et prenez rendez-vous en ligne dans votre showroom \u00e8ggo.\",\"telephone\":[],\"openingHoursSpecification\":[{\"@type\":\"OpeningHoursSpecification\",\"dayOfWeek\":[\"Monday\",\"Tuesday\",\"Wednesday\",\"Thursday\",\"Friday\",\"Saturday\",\"Sunday\"],\"opens\":\"09:00\",\"closes\":\"17:00\"}]},{\"@type\":\"ImageObject\",\"inLanguage\":\"nl-NL\",\"@id\":\"https:\\\/\\\/develop.wp.eggo.agifly.cloud\\\/nl\\\/keuken\\\/moderne-keuken\\\/de-keuken-van-tine-en-dries-2\\\/#local-main-organization-logo\",\"url\":\"https:\\\/\\\/develop.wp.eggo.agifly.cloud\\\/wp-content\\\/uploads\\\/2025\\\/01\\\/Logo.webp\",\"contentUrl\":\"https:\\\/\\\/develop.wp.eggo.agifly.cloud\\\/wp-content\\\/uploads\\\/2025\\\/01\\\/Logo.webp\",\"width\":88,\"height\":88,\"caption\":\"\u00e8ggo\"}]}<\/script>\n<!-- \/ Yoast SEO Premium plugin. -->","yoast_head_json":{"title":"De keuken van Lieke en Daan - Eggo","description":"Bekijk de keuken van Johnny bij \u00e8ggo, waar design en functionaliteit samenkomen voor een moderne keuken die bij zijn levensstijl past.","robots":{"index":"index","follow":"follow","max-snippet":"max-snippet:-1","max-image-preview":"max-image-preview:large","max-video-preview":"max-video-preview:-1"},"canonical":"https:\/\/develop.wp.eggo.agifly.cloud\/nl\/keuken\/moderne-keuken\/de-keuken-van-tine-en-dries-2\/","og_locale":"nl_NL","og_type":"article","og_title":"De keuken van Lieke en Daan","og_description":"Bekijk de keuken van Johnny bij \u00e8ggo, waar design en functionaliteit samenkomen voor een moderne keuken die bij zijn levensstijl past.","og_url":"https:\/\/develop.wp.eggo.agifly.cloud\/nl\/keuken\/moderne-keuken\/de-keuken-van-tine-en-dries-2\/","og_site_name":"Eggo","article_publisher":"https:\/\/www.facebook.com\/eggokitchen","article_modified_time":"2025-06-26T13:35:45+00:00","og_image":[{"width":2048,"height":1174,"url":"https:\/\/develop.wp.eggo.agifly.cloud\/wp-content\/uploads\/2025\/06\/miysis_3d_eggo_2585_wip05-scaled.jpg","type":"image\/jpeg"}],"twitter_card":"summary_large_image","twitter_misc":{"Geschatte leestijd":"1 minuut"},"schema":{"@context":"https:\/\/schema.org","@graph":[{"@type":"WebPage","@id":"https:\/\/develop.wp.eggo.agifly.cloud\/nl\/keuken\/moderne-keuken\/de-keuken-van-tine-en-dries-2\/","url":"https:\/\/develop.wp.eggo.agifly.cloud\/nl\/keuken\/moderne-keuken\/de-keuken-van-tine-en-dries-2\/","name":"De keuken van Lieke en Daan - Eggo","isPartOf":{"@id":"https:\/\/develop.wp.eggo.agifly.cloud\/nl\/#website"},"primaryImageOfPage":{"@id":"https:\/\/develop.wp.eggo.agifly.cloud\/nl\/keuken\/moderne-keuken\/de-keuken-van-tine-en-dries-2\/#primaryimage"},"image":{"@id":"https:\/\/develop.wp.eggo.agifly.cloud\/nl\/keuken\/moderne-keuken\/de-keuken-van-tine-en-dries-2\/#primaryimage"},"thumbnailUrl":"https:\/\/develop.wp.eggo.agifly.cloud\/wp-content\/uploads\/2025\/06\/miysis_3d_eggo_2585_wip05-scaled.jpg","datePublished":"2025-06-13T08:11:16+00:00","dateModified":"2025-06-26T13:35:45+00:00","description":"Bekijk de keuken van Johnny bij \u00e8ggo, waar design en functionaliteit samenkomen voor een moderne keuken die bij zijn levensstijl past.","breadcrumb":{"@id":"https:\/\/develop.wp.eggo.agifly.cloud\/nl\/keuken\/moderne-keuken\/de-keuken-van-tine-en-dries-2\/#breadcrumb"},"inLanguage":"nl-NL","potentialAction":[{"@type":"ReadAction","target":["https:\/\/develop.wp.eggo.agifly.cloud\/nl\/keuken\/moderne-keuken\/de-keuken-van-tine-en-dries-2\/"]}]},{"@type":"ImageObject","inLanguage":"nl-NL","@id":"https:\/\/develop.wp.eggo.agifly.cloud\/nl\/keuken\/moderne-keuken\/de-keuken-van-tine-en-dries-2\/#primaryimage","url":"https:\/\/develop.wp.eggo.agifly.cloud\/wp-content\/uploads\/2025\/06\/miysis_3d_eggo_2585_wip05-scaled.jpg","contentUrl":"https:\/\/develop.wp.eggo.agifly.cloud\/wp-content\/uploads\/2025\/06\/miysis_3d_eggo_2585_wip05-scaled.jpg","width":2048,"height":1174},{"@type":"BreadcrumbList","@id":"https:\/\/develop.wp.eggo.agifly.cloud\/nl\/keuken\/moderne-keuken\/de-keuken-van-tine-en-dries-2\/#breadcrumb","itemListElement":[{"@type":"ListItem","position":1,"name":"Home","item":"https:\/\/develop.wp.eggo.agifly.cloud\/nl\/"},{"@type":"ListItem","position":2,"name":"Keuken","item":"https:\/\/develop.wp.eggo.agifly.cloud\/nl\/keuken\/"},{"@type":"ListItem","position":3,"name":"De keuken van Lieke en Daan"}]},{"@type":"WebSite","@id":"https:\/\/develop.wp.eggo.agifly.cloud\/nl\/#website","url":"https:\/\/develop.wp.eggo.agifly.cloud\/nl\/","name":"\u00e8ggo","description":"","publisher":{"@id":"https:\/\/develop.wp.eggo.agifly.cloud\/nl\/#organization"},"potentialAction":[{"@type":"SearchAction","target":{"@type":"EntryPoint","urlTemplate":"https:\/\/develop.wp.eggo.agifly.cloud\/nl\/?s={search_term_string}"},"query-input":{"@type":"PropertyValueSpecification","valueRequired":true,"valueName":"search_term_string"}}],"inLanguage":"nl-NL"},{"@type":["Organization","Place"],"@id":"https:\/\/develop.wp.eggo.agifly.cloud\/nl\/#organization","name":"\u00e8ggo","alternateName":"eggo","url":"https:\/\/develop.wp.eggo.agifly.cloud\/nl\/","logo":{"@id":"https:\/\/develop.wp.eggo.agifly.cloud\/nl\/keuken\/moderne-keuken\/de-keuken-van-tine-en-dries-2\/#local-main-organization-logo"},"image":{"@id":"https:\/\/develop.wp.eggo.agifly.cloud\/nl\/keuken\/moderne-keuken\/de-keuken-van-tine-en-dries-2\/#local-main-organization-logo"},"sameAs":["https:\/\/www.facebook.com\/eggokitchen","https:\/\/www.linkedin.com\/company\/eggo\/"],"description":"Des cuisines et meubles de rangement de qualit\u00e9 \u00e0 des prix avantageux ! D\u00e9couvrez nos mod\u00e8les et prenez rendez-vous en ligne dans votre showroom \u00e8ggo.","telephone":[],"openingHoursSpecification":[{"@type":"OpeningHoursSpecification","dayOfWeek":["Monday","Tuesday","Wednesday","Thursday","Friday","Saturday","Sunday"],"opens":"09:00","closes":"17:00"}]},{"@type":"ImageObject","inLanguage":"nl-NL","@id":"https:\/\/develop.wp.eggo.agifly.cloud\/nl\/keuken\/moderne-keuken\/de-keuken-van-tine-en-dries-2\/#local-main-organization-logo","url":"https:\/\/develop.wp.eggo.agifly.cloud\/wp-content\/uploads\/2025\/01\/Logo.webp","contentUrl":"https:\/\/develop.wp.eggo.agifly.cloud\/wp-content\/uploads\/2025\/01\/Logo.webp","width":88,"height":88,"caption":"\u00e8ggo"}]}},"custom_meta":{"colors":[{"color":"#000000","name":"Unnamed Color","layouts":[{"name":"Unnamed Layout","layout_style_icon":"","layout_image":"","hotspots":[{"_state":"expanded","tooltip_details":{"tooltip_image":""}}]}]}]},"meta_box":{"normal_price":"","price_tva_6":"","price_tva_21":"","discounted_price":"","discounted_price_tva_6":"10690","discounted_price_tva_21":"11876","text_information_side_panel":"","included_in_price_side_panel":"","included_price_items":[{"included_icon":["23003"],"included_text":"Meubels ","included_price":"8.052 \u20ac","included_price_21":"9.232 \u20ac"},{"included_icon":["2044"],"included_text":"Toestellen en sanitair","included_price":"2.638 \u20ac","included_price_21":"2.644 \u20ac"}],"show_secondary_items":"1","secondary_included_title":"Optioneel - Kwaliteitsservice van \u00e8ggo","included_price_items_secondary":[{"included_icon_secondary":["8961"],"included_text_secondary":"Opmeting, levering en installatie: wij zorgen voor alles ","included_price_21_secondary":"1.436 \u20ac"}],"banner_short_description":"<strong>Harmonieus en modern: de keuken van Lieke en Daan ontworpen door \u00e8ggo<\/strong><br>Lieke en Daan hebben een zwak voor hedendaagse, strakke keukens, waar alles op een natuurlijke manier een plekje krijgt. Ze kozen voor een aangebouwd eilend dat perfect past in de leefruimte en tegelijk structuur aanbrengt in de ruimte. Om de lijnen niet te doorbreken, opteerden ze voor een kookplaat met ingebouwde dampkap, een discrete en doeltreffende oplossing die het zicht vrijhoudt. Als finishing touch zorgt de bronzen achterwand subtiel voor warmte en een verfijnd contrast. Bij \u00e8ggo kozen Lieke en Daan voor een keuken die mooi en slim tegelijk is, en perfect afgestemd op hun dagelijks leven, nog steeds met betaalbaar design.","banner_pdf_url":"","promotion_title":"Profiteer van onze condities","post_promotion_description":"\u00c8ggo, het Belgische merk voor betaalbaar design","promotion_discount":"","linked_promotion":[],"linked_partners":[],"linked_showroom":[],"exhibition_selected":"0","exhibition_more_information_title":"","exhibition_model_detail_title":"","your_advantage":"","promotion_toggle":"0","small_featured_promotion_toggle":"0","promotion_icon":[],"promotion_description":"","promotion_period":"","promotion_link":"","promotion_bg_color":"#ffffff","promotion_text_color":"#fe5000","custom_colors":[{"layouts":[{"hotspots":[{"_state":"expanded"}],"_state":"expanded"}],"_state":"empty"}],"featured_image_hotspots":[],"read_more_content":"","override_widget_settings":"0","show_post_expanded":"0","show_post_title":"0","show_like":"0","show_configuration":"0","show_price":"0","show_old_price":"0","show_eggo_category":"0","show_popup":"0","show_promotion":"0","show_hotspots":"0","responsive_height":"500","responsive_height_tablet":"500","responsive_height_mobile":"500","show_direction_vertical":"0","show_direction_vertical_tablet":"0","show_direction_vertical_mobile":"0","popup_title":"Une cuisine qui vous ressemble","popup_excerpt":"Il y a toujours une cuisine \u00e8ggo au design bien pens\u00e9 pour accueillir toute la famille","popup_cta_text":"D\u00e9couvrir nos cuisines","popup_cta_link":"https:\/\/develop.wp.eggo.agifly.cloud\/cuisine\/","post_title_position_center":"0","title_position_x":"18","title_position_y":"18","title_font_size":"18","hotspots":[{"hotspot_position_x":"50","hotspot_position_y":"50","_state":"expanded"}]},"_links":{"self":[{"href":"https:\/\/develop.wp.eggo.agifly.cloud\/nl\/wp-json\/wp\/v2\/cuisines\/37856","targetHints":{"allow":["GET"]}}],"collection":[{"href":"https:\/\/develop.wp.eggo.agifly.cloud\/nl\/wp-json\/wp\/v2\/cuisines"}],"about":[{"href":"https:\/\/develop.wp.eggo.agifly.cloud\/nl\/wp-json\/wp\/v2\/types\/cuisines"}],"replies":[{"embeddable":true,"href":"https:\/\/develop.wp.eggo.agifly.cloud\/nl\/wp-json\/wp\/v2\/comments?post=37856"}],"version-history":[{"count":0,"href":"https:\/\/develop.wp.eggo.agifly.cloud\/nl\/wp-json\/wp\/v2\/cuisines\/37856\/revisions"}],"wp:featuredmedia":[{"embeddable":true,"href":"https:\/\/develop.wp.eggo.agifly.cloud\/nl\/wp-json\/wp\/v2\/media\/37858"}],"wp:attachment":[{"href":"https:\/\/develop.wp.eggo.agifly.cloud\/nl\/wp-json\/wp\/v2\/media?parent=37856"}],"wp:term":[{"taxonomy":"cuisines_category","embeddable":true,"href":"https:\/\/develop.wp.eggo.agifly.cloud\/nl\/wp-json\/wp\/v2\/cuisines_category?post=37856"},{"taxonomy":"cuisines_tag","embeddable":true,"href":"https:\/\/develop.wp.eggo.agifly.cloud\/nl\/wp-json\/wp\/v2\/cuisines_tag?post=37856"},{"taxonomy":"post_type_filter","embeddable":true,"href":"https:\/\/develop.wp.eggo.agifly.cloud\/nl\/wp-json\/wp\/v2\/post_type_filter?post=37856"},{"taxonomy":"eggo_style_tags","embeddable":true,"href":"https:\/\/develop.wp.eggo.agifly.cloud\/nl\/wp-json\/wp\/v2\/eggo_style_tags?post=37856"},{"taxonomy":"eggo_color_tags","embeddable":true,"href":"https:\/\/develop.wp.eggo.agifly.cloud\/nl\/wp-json\/wp\/v2\/eggo_color_tags?post=37856"},{"taxonomy":"eggo_material_and_finishes_tags","embeddable":true,"href":"https:\/\/develop.wp.eggo.agifly.cloud\/nl\/wp-json\/wp\/v2\/eggo_material_and_finishes_tags?post=37856"},{"taxonomy":"eggo_price_range_tags","embeddable":true,"href":"https:\/\/develop.wp.eggo.agifly.cloud\/nl\/wp-json\/wp\/v2\/eggo_price_range_tags?post=37856"},{"taxonomy":"eggo_price_range_tags_21","embeddable":true,"href":"https:\/\/develop.wp.eggo.agifly.cloud\/nl\/wp-json\/wp\/v2\/eggo_price_range_tags_21?post=37856"}],"curies":[{"name":"wp","href":"https:\/\/api.w.org\/{rel}","templated":true}]}}