{"id":37835,"date":"2025-06-12T14:13:28","date_gmt":"2025-06-12T14:13:28","guid":{"rendered":"https:\/\/develop.wp.eggo.agifly.cloud\/?post_type=dressings&#038;p=37835"},"modified":"2025-06-12T14:21:43","modified_gmt":"2025-06-12T14:21:43","slug":"de-dressing-van-els-en-richard","status":"publish","type":"dressings","link":"https:\/\/develop.wp.eggo.agifly.cloud\/nl\/dressing\/de-dressing-van-els-en-richard\/","title":{"rendered":"De dressing van Els en Richard"},"content":{"rendered":"","protected":false},"excerpt":{"rendered":"","protected":false},"featured_media":37843,"comment_status":"closed","ping_status":"closed","template":"","dressings_category":[],"dressings_tag":[],"post_type_filter":[145,145],"eggo_style_tags":[],"eggo_color_tags":[],"eggo_material_and_finishes_tags":[],"eggo_price_range_tags":[79],"eggo_price_range_tags_21":[236],"class_list":{"0":"post-37835","1":"dressings","2":"type-dressings","3":"status-publish","4":"has-post-thumbnail","5":"hentry","6":"post_type_filter-dressing","8":"eggo_price_range_tags-inferieur-a-6-000e","9":"eggo_price_range_tags_21-inferieur-a-6-000e"},"yoast_head":"<!-- This site is optimized with the Yoast SEO Premium plugin v26.2 (Yoast SEO v27.3) - https:\/\/yoast.com\/product\/yoast-seo-premium-wordpress\/ -->\n<title>De dressing van Els en Richard - Eggo<\/title>\n<meta name=\"description\" content=\"Bekijk de dressing van Violette en Marcel bij \u00e8ggo. Laat je inspireren door slimme opbergoplossingen en stijlvolle afwerkingen.\" \/>\n<meta name=\"robots\" content=\"index, follow, max-snippet:-1, max-image-preview:large, max-video-preview:-1\" \/>\n<link rel=\"canonical\" href=\"https:\/\/develop.wp.eggo.agifly.cloud\/nl\/dressing\/de-dressing-van-els-en-richard\/\" \/>\n<meta property=\"og:locale\" content=\"nl_NL\" \/>\n<meta property=\"og:type\" content=\"article\" \/>\n<meta property=\"og:title\" content=\"De dressing van Els en Richard\" \/>\n<meta property=\"og:description\" content=\"Bekijk de dressing van Violette en Marcel bij \u00e8ggo. Laat je inspireren door slimme opbergoplossingen en stijlvolle afwerkingen.\" \/>\n<meta property=\"og:url\" content=\"https:\/\/develop.wp.eggo.agifly.cloud\/nl\/dressing\/de-dressing-van-els-en-richard\/\" \/>\n<meta property=\"og:site_name\" content=\"Eggo\" \/>\n<meta property=\"article:publisher\" content=\"https:\/\/www.facebook.com\/eggokitchen\" \/>\n<meta property=\"article:modified_time\" content=\"2025-06-12T14:21:43+00:00\" \/>\n<meta property=\"og:image\" content=\"https:\/\/develop.wp.eggo.agifly.cloud\/wp-content\/uploads\/2025\/06\/d05_envers-scaled.jpg\" \/>\n\t<meta property=\"og:image:width\" content=\"2048\" \/>\n\t<meta property=\"og:image:height\" content=\"1401\" \/>\n\t<meta property=\"og:image:type\" content=\"image\/jpeg\" \/>\n<meta name=\"twitter:card\" content=\"summary_large_image\" \/>\n<meta name=\"twitter:label1\" content=\"Geschatte leestijd\" \/>\n\t<meta name=\"twitter:data1\" content=\"1 minuut\" \/>\n<script type=\"application\/ld+json\" class=\"yoast-schema-graph\">{\"@context\":\"https:\\\/\\\/schema.org\",\"@graph\":[{\"@type\":\"WebPage\",\"@id\":\"https:\\\/\\\/develop.wp.eggo.agifly.cloud\\\/nl\\\/dressing\\\/de-dressing-van-els-en-richard\\\/\",\"url\":\"https:\\\/\\\/develop.wp.eggo.agifly.cloud\\\/nl\\\/dressing\\\/de-dressing-van-els-en-richard\\\/\",\"name\":\"De dressing van Els en Richard - Eggo\",\"isPartOf\":{\"@id\":\"https:\\\/\\\/develop.wp.eggo.agifly.cloud\\\/nl\\\/#website\"},\"primaryImageOfPage\":{\"@id\":\"https:\\\/\\\/develop.wp.eggo.agifly.cloud\\\/nl\\\/dressing\\\/de-dressing-van-els-en-richard\\\/#primaryimage\"},\"image\":{\"@id\":\"https:\\\/\\\/develop.wp.eggo.agifly.cloud\\\/nl\\\/dressing\\\/de-dressing-van-els-en-richard\\\/#primaryimage\"},\"thumbnailUrl\":\"https:\\\/\\\/develop.wp.eggo.agifly.cloud\\\/wp-content\\\/uploads\\\/2025\\\/06\\\/d05_envers-scaled.jpg\",\"datePublished\":\"2025-06-12T14:13:28+00:00\",\"dateModified\":\"2025-06-12T14:21:43+00:00\",\"description\":\"Bekijk de dressing van Violette en Marcel bij \u00e8ggo. Laat je inspireren door slimme opbergoplossingen en stijlvolle afwerkingen.\",\"breadcrumb\":{\"@id\":\"https:\\\/\\\/develop.wp.eggo.agifly.cloud\\\/nl\\\/dressing\\\/de-dressing-van-els-en-richard\\\/#breadcrumb\"},\"inLanguage\":\"nl-NL\",\"potentialAction\":[{\"@type\":\"ReadAction\",\"target\":[\"https:\\\/\\\/develop.wp.eggo.agifly.cloud\\\/nl\\\/dressing\\\/de-dressing-van-els-en-richard\\\/\"]}]},{\"@type\":\"ImageObject\",\"inLanguage\":\"nl-NL\",\"@id\":\"https:\\\/\\\/develop.wp.eggo.agifly.cloud\\\/nl\\\/dressing\\\/de-dressing-van-els-en-richard\\\/#primaryimage\",\"url\":\"https:\\\/\\\/develop.wp.eggo.agifly.cloud\\\/wp-content\\\/uploads\\\/2025\\\/06\\\/d05_envers-scaled.jpg\",\"contentUrl\":\"https:\\\/\\\/develop.wp.eggo.agifly.cloud\\\/wp-content\\\/uploads\\\/2025\\\/06\\\/d05_envers-scaled.jpg\",\"width\":2048,\"height\":1401},{\"@type\":\"BreadcrumbList\",\"@id\":\"https:\\\/\\\/develop.wp.eggo.agifly.cloud\\\/nl\\\/dressing\\\/de-dressing-van-els-en-richard\\\/#breadcrumb\",\"itemListElement\":[{\"@type\":\"ListItem\",\"position\":1,\"name\":\"Home\",\"item\":\"https:\\\/\\\/develop.wp.eggo.agifly.cloud\\\/nl\\\/\"},{\"@type\":\"ListItem\",\"position\":2,\"name\":\"Dressing\",\"item\":\"https:\\\/\\\/develop.wp.eggo.agifly.cloud\\\/nl\\\/dressing\\\/\"},{\"@type\":\"ListItem\",\"position\":3,\"name\":\"De dressing van Els en Richard\"}]},{\"@type\":\"WebSite\",\"@id\":\"https:\\\/\\\/develop.wp.eggo.agifly.cloud\\\/nl\\\/#website\",\"url\":\"https:\\\/\\\/develop.wp.eggo.agifly.cloud\\\/nl\\\/\",\"name\":\"\u00e8ggo\",\"description\":\"\",\"publisher\":{\"@id\":\"https:\\\/\\\/develop.wp.eggo.agifly.cloud\\\/nl\\\/#organization\"},\"potentialAction\":[{\"@type\":\"SearchAction\",\"target\":{\"@type\":\"EntryPoint\",\"urlTemplate\":\"https:\\\/\\\/develop.wp.eggo.agifly.cloud\\\/nl\\\/?s={search_term_string}\"},\"query-input\":{\"@type\":\"PropertyValueSpecification\",\"valueRequired\":true,\"valueName\":\"search_term_string\"}}],\"inLanguage\":\"nl-NL\"},{\"@type\":[\"Organization\",\"Place\"],\"@id\":\"https:\\\/\\\/develop.wp.eggo.agifly.cloud\\\/nl\\\/#organization\",\"name\":\"\u00e8ggo\",\"alternateName\":\"eggo\",\"url\":\"https:\\\/\\\/develop.wp.eggo.agifly.cloud\\\/nl\\\/\",\"logo\":{\"@id\":\"https:\\\/\\\/develop.wp.eggo.agifly.cloud\\\/nl\\\/dressing\\\/de-dressing-van-els-en-richard\\\/#local-main-organization-logo\"},\"image\":{\"@id\":\"https:\\\/\\\/develop.wp.eggo.agifly.cloud\\\/nl\\\/dressing\\\/de-dressing-van-els-en-richard\\\/#local-main-organization-logo\"},\"sameAs\":[\"https:\\\/\\\/www.facebook.com\\\/eggokitchen\",\"https:\\\/\\\/www.linkedin.com\\\/company\\\/eggo\\\/\"],\"description\":\"Des cuisines et meubles de rangement de qualit\u00e9 \u00e0 des prix avantageux ! D\u00e9couvrez nos mod\u00e8les et prenez rendez-vous en ligne dans votre showroom \u00e8ggo.\",\"telephone\":[],\"openingHoursSpecification\":[{\"@type\":\"OpeningHoursSpecification\",\"dayOfWeek\":[\"Monday\",\"Tuesday\",\"Wednesday\",\"Thursday\",\"Friday\",\"Saturday\",\"Sunday\"],\"opens\":\"09:00\",\"closes\":\"17:00\"}]},{\"@type\":\"ImageObject\",\"inLanguage\":\"nl-NL\",\"@id\":\"https:\\\/\\\/develop.wp.eggo.agifly.cloud\\\/nl\\\/dressing\\\/de-dressing-van-els-en-richard\\\/#local-main-organization-logo\",\"url\":\"https:\\\/\\\/develop.wp.eggo.agifly.cloud\\\/wp-content\\\/uploads\\\/2025\\\/01\\\/Logo.webp\",\"contentUrl\":\"https:\\\/\\\/develop.wp.eggo.agifly.cloud\\\/wp-content\\\/uploads\\\/2025\\\/01\\\/Logo.webp\",\"width\":88,\"height\":88,\"caption\":\"\u00e8ggo\"}]}<\/script>\n<!-- \/ Yoast SEO Premium plugin. -->","yoast_head_json":{"title":"De dressing van Els en Richard - Eggo","description":"Bekijk de dressing van Violette en Marcel bij \u00e8ggo. Laat je inspireren door slimme opbergoplossingen en stijlvolle afwerkingen.","robots":{"index":"index","follow":"follow","max-snippet":"max-snippet:-1","max-image-preview":"max-image-preview:large","max-video-preview":"max-video-preview:-1"},"canonical":"https:\/\/develop.wp.eggo.agifly.cloud\/nl\/dressing\/de-dressing-van-els-en-richard\/","og_locale":"nl_NL","og_type":"article","og_title":"De dressing van Els en Richard","og_description":"Bekijk de dressing van Violette en Marcel bij \u00e8ggo. Laat je inspireren door slimme opbergoplossingen en stijlvolle afwerkingen.","og_url":"https:\/\/develop.wp.eggo.agifly.cloud\/nl\/dressing\/de-dressing-van-els-en-richard\/","og_site_name":"Eggo","article_publisher":"https:\/\/www.facebook.com\/eggokitchen","article_modified_time":"2025-06-12T14:21:43+00:00","og_image":[{"width":2048,"height":1401,"url":"https:\/\/develop.wp.eggo.agifly.cloud\/wp-content\/uploads\/2025\/06\/d05_envers-scaled.jpg","type":"image\/jpeg"}],"twitter_card":"summary_large_image","twitter_misc":{"Geschatte leestijd":"1 minuut"},"schema":{"@context":"https:\/\/schema.org","@graph":[{"@type":"WebPage","@id":"https:\/\/develop.wp.eggo.agifly.cloud\/nl\/dressing\/de-dressing-van-els-en-richard\/","url":"https:\/\/develop.wp.eggo.agifly.cloud\/nl\/dressing\/de-dressing-van-els-en-richard\/","name":"De dressing van Els en Richard - Eggo","isPartOf":{"@id":"https:\/\/develop.wp.eggo.agifly.cloud\/nl\/#website"},"primaryImageOfPage":{"@id":"https:\/\/develop.wp.eggo.agifly.cloud\/nl\/dressing\/de-dressing-van-els-en-richard\/#primaryimage"},"image":{"@id":"https:\/\/develop.wp.eggo.agifly.cloud\/nl\/dressing\/de-dressing-van-els-en-richard\/#primaryimage"},"thumbnailUrl":"https:\/\/develop.wp.eggo.agifly.cloud\/wp-content\/uploads\/2025\/06\/d05_envers-scaled.jpg","datePublished":"2025-06-12T14:13:28+00:00","dateModified":"2025-06-12T14:21:43+00:00","description":"Bekijk de dressing van Violette en Marcel bij \u00e8ggo. Laat je inspireren door slimme opbergoplossingen en stijlvolle afwerkingen.","breadcrumb":{"@id":"https:\/\/develop.wp.eggo.agifly.cloud\/nl\/dressing\/de-dressing-van-els-en-richard\/#breadcrumb"},"inLanguage":"nl-NL","potentialAction":[{"@type":"ReadAction","target":["https:\/\/develop.wp.eggo.agifly.cloud\/nl\/dressing\/de-dressing-van-els-en-richard\/"]}]},{"@type":"ImageObject","inLanguage":"nl-NL","@id":"https:\/\/develop.wp.eggo.agifly.cloud\/nl\/dressing\/de-dressing-van-els-en-richard\/#primaryimage","url":"https:\/\/develop.wp.eggo.agifly.cloud\/wp-content\/uploads\/2025\/06\/d05_envers-scaled.jpg","contentUrl":"https:\/\/develop.wp.eggo.agifly.cloud\/wp-content\/uploads\/2025\/06\/d05_envers-scaled.jpg","width":2048,"height":1401},{"@type":"BreadcrumbList","@id":"https:\/\/develop.wp.eggo.agifly.cloud\/nl\/dressing\/de-dressing-van-els-en-richard\/#breadcrumb","itemListElement":[{"@type":"ListItem","position":1,"name":"Home","item":"https:\/\/develop.wp.eggo.agifly.cloud\/nl\/"},{"@type":"ListItem","position":2,"name":"Dressing","item":"https:\/\/develop.wp.eggo.agifly.cloud\/nl\/dressing\/"},{"@type":"ListItem","position":3,"name":"De dressing van Els en Richard"}]},{"@type":"WebSite","@id":"https:\/\/develop.wp.eggo.agifly.cloud\/nl\/#website","url":"https:\/\/develop.wp.eggo.agifly.cloud\/nl\/","name":"\u00e8ggo","description":"","publisher":{"@id":"https:\/\/develop.wp.eggo.agifly.cloud\/nl\/#organization"},"potentialAction":[{"@type":"SearchAction","target":{"@type":"EntryPoint","urlTemplate":"https:\/\/develop.wp.eggo.agifly.cloud\/nl\/?s={search_term_string}"},"query-input":{"@type":"PropertyValueSpecification","valueRequired":true,"valueName":"search_term_string"}}],"inLanguage":"nl-NL"},{"@type":["Organization","Place"],"@id":"https:\/\/develop.wp.eggo.agifly.cloud\/nl\/#organization","name":"\u00e8ggo","alternateName":"eggo","url":"https:\/\/develop.wp.eggo.agifly.cloud\/nl\/","logo":{"@id":"https:\/\/develop.wp.eggo.agifly.cloud\/nl\/dressing\/de-dressing-van-els-en-richard\/#local-main-organization-logo"},"image":{"@id":"https:\/\/develop.wp.eggo.agifly.cloud\/nl\/dressing\/de-dressing-van-els-en-richard\/#local-main-organization-logo"},"sameAs":["https:\/\/www.facebook.com\/eggokitchen","https:\/\/www.linkedin.com\/company\/eggo\/"],"description":"Des cuisines et meubles de rangement de qualit\u00e9 \u00e0 des prix avantageux ! D\u00e9couvrez nos mod\u00e8les et prenez rendez-vous en ligne dans votre showroom \u00e8ggo.","telephone":[],"openingHoursSpecification":[{"@type":"OpeningHoursSpecification","dayOfWeek":["Monday","Tuesday","Wednesday","Thursday","Friday","Saturday","Sunday"],"opens":"09:00","closes":"17:00"}]},{"@type":"ImageObject","inLanguage":"nl-NL","@id":"https:\/\/develop.wp.eggo.agifly.cloud\/nl\/dressing\/de-dressing-van-els-en-richard\/#local-main-organization-logo","url":"https:\/\/develop.wp.eggo.agifly.cloud\/wp-content\/uploads\/2025\/01\/Logo.webp","contentUrl":"https:\/\/develop.wp.eggo.agifly.cloud\/wp-content\/uploads\/2025\/01\/Logo.webp","width":88,"height":88,"caption":"\u00e8ggo"}]}},"meta_box":{"normal_price":"","price_tva_6":"","price_tva_21":"","discounted_price":"","discounted_price_tva_6":"3690","discounted_price_tva_21":"4547","text_information_side_panel":"","included_in_price_side_panel":"","included_price_items":[{"included_text":"Meubels","included_price":"3.690 \u20ac","included_price_21":"4.547 \u20ac"}],"show_secondary_items":"1","secondary_included_title":"Optioneel - Kwaliteitsservice van \u00e8ggo","included_price_items_secondary":[{"included_icon_secondary":["8961"],"included_text_secondary":"Opmeting, levering en installatie: wij zorgen voor alles ","included_price_21_secondary":"723 \u20ac"}],"banner_short_description":"","banner_pdf_url":"","promotion_title":"Profiteer van onze condities","post_promotion_description":"\u00c8ggo, het Belgische merk voor betaalbaar design !","promotion_discount":"","linked_promotion":[],"linked_partners":[],"linked_showroom":[],"exhibition_selected":"0","exhibition_more_information_title":"","exhibition_model_detail_title":"","your_advantage":"","promotion_toggle":"0","small_featured_promotion_toggle":"0","promotion_icon":[],"promotion_description":"","promotion_period":"","promotion_link":"","promotion_bg_color":"#ffffff","promotion_text_color":"#fe5000","read_more_content":"","override_widget_settings":"0","show_post_expanded":"0","show_post_title":"0","show_like":"0","show_configuration":"0","show_price":"0","show_old_price":"0","show_eggo_category":"0","show_popup":"0","show_promotion":"0","show_hotspots":"0","responsive_height":"500","responsive_height_tablet":"500","responsive_height_mobile":"500","show_direction_vertical":"0","show_direction_vertical_tablet":"0","show_direction_vertical_mobile":"0","popup_title":"Een dressing voor al je behoeften","popup_excerpt":"W\u00e1t een verandering !","popup_cta_text":"Ontdek onze dressings","popup_cta_link":"https:\/\/develop.wp.eggo.agifly.cloud\/nl\/dressing\/","post_title_position_center":"1","title_position_x":"18","title_position_y":"18","title_font_size":"18","hotspots":[{"hotspot_position_x":"50","hotspot_position_y":"50","_state":"expanded"}]},"_links":{"self":[{"href":"https:\/\/develop.wp.eggo.agifly.cloud\/nl\/wp-json\/wp\/v2\/dressings\/37835","targetHints":{"allow":["GET"]}}],"collection":[{"href":"https:\/\/develop.wp.eggo.agifly.cloud\/nl\/wp-json\/wp\/v2\/dressings"}],"about":[{"href":"https:\/\/develop.wp.eggo.agifly.cloud\/nl\/wp-json\/wp\/v2\/types\/dressings"}],"replies":[{"embeddable":true,"href":"https:\/\/develop.wp.eggo.agifly.cloud\/nl\/wp-json\/wp\/v2\/comments?post=37835"}],"version-history":[{"count":0,"href":"https:\/\/develop.wp.eggo.agifly.cloud\/nl\/wp-json\/wp\/v2\/dressings\/37835\/revisions"}],"wp:featuredmedia":[{"embeddable":true,"href":"https:\/\/develop.wp.eggo.agifly.cloud\/nl\/wp-json\/wp\/v2\/media\/37843"}],"wp:attachment":[{"href":"https:\/\/develop.wp.eggo.agifly.cloud\/nl\/wp-json\/wp\/v2\/media?parent=37835"}],"wp:term":[{"taxonomy":"dressings_category","embeddable":true,"href":"https:\/\/develop.wp.eggo.agifly.cloud\/nl\/wp-json\/wp\/v2\/dressings_category?post=37835"},{"taxonomy":"dressings_tag","embeddable":true,"href":"https:\/\/develop.wp.eggo.agifly.cloud\/nl\/wp-json\/wp\/v2\/dressings_tag?post=37835"},{"taxonomy":"post_type_filter","embeddable":true,"href":"https:\/\/develop.wp.eggo.agifly.cloud\/nl\/wp-json\/wp\/v2\/post_type_filter?post=37835"},{"taxonomy":"eggo_style_tags","embeddable":true,"href":"https:\/\/develop.wp.eggo.agifly.cloud\/nl\/wp-json\/wp\/v2\/eggo_style_tags?post=37835"},{"taxonomy":"eggo_color_tags","embeddable":true,"href":"https:\/\/develop.wp.eggo.agifly.cloud\/nl\/wp-json\/wp\/v2\/eggo_color_tags?post=37835"},{"taxonomy":"eggo_material_and_finishes_tags","embeddable":true,"href":"https:\/\/develop.wp.eggo.agifly.cloud\/nl\/wp-json\/wp\/v2\/eggo_material_and_finishes_tags?post=37835"},{"taxonomy":"eggo_price_range_tags","embeddable":true,"href":"https:\/\/develop.wp.eggo.agifly.cloud\/nl\/wp-json\/wp\/v2\/eggo_price_range_tags?post=37835"},{"taxonomy":"eggo_price_range_tags_21","embeddable":true,"href":"https:\/\/develop.wp.eggo.agifly.cloud\/nl\/wp-json\/wp\/v2\/eggo_price_range_tags_21?post=37835"}],"curies":[{"name":"wp","href":"https:\/\/api.w.org\/{rel}","templated":true}]}}