{"id":16340,"date":"2025-03-30T18:46:19","date_gmt":"2025-03-30T18:46:19","guid":{"rendered":"https:\/\/develop.wp.eggo.agifly.cloud\/testimonials\/de-keuken-van-jean-philippe-darcis\/"},"modified":"2025-04-17T12:38:54","modified_gmt":"2025-04-17T12:38:54","slug":"de-keuken-van-jean-philippe-darcis","status":"publish","type":"testimonials","link":"https:\/\/develop.wp.eggo.agifly.cloud\/nl\/getuigenis\/de-keuken-van-jean-philippe-darcis\/","title":{"rendered":"De keuken van Jean-Philippe Darcis"},"content":{"rendered":"\t\t<div data-elementor-type=\"wp-post\" data-elementor-id=\"16340\" class=\"elementor elementor-16340 elementor-15328\" data-elementor-post-type=\"testimonials\">\n\t\t\t\t<div class=\"elementor-element elementor-element-b0c2613 e-flex e-con-boxed e-con e-parent\" data-id=\"b0c2613\" data-element_type=\"container\" data-e-type=\"container\" data-settings=\"{&quot;background_background&quot;:&quot;classic&quot;}\">\n\t\t\t\t\t<div class=\"e-con-inner\">\n\t\t<div class=\"elementor-element elementor-element-94b7a37 e-con-full e-flex e-con e-child\" data-id=\"94b7a37\" data-element_type=\"container\" data-e-type=\"container\" data-settings=\"{&quot;background_motion_fx_motion_fx_scrolling&quot;:&quot;yes&quot;,&quot;background_motion_fx_translateX_effect&quot;:&quot;yes&quot;,&quot;background_motion_fx_translateX_direction&quot;:&quot;negative&quot;,&quot;background_background&quot;:&quot;classic&quot;,&quot;background_motion_fx_translateX_speed&quot;:{&quot;unit&quot;:&quot;px&quot;,&quot;size&quot;:4,&quot;sizes&quot;:[]},&quot;background_motion_fx_translateX_affectedRange&quot;:{&quot;unit&quot;:&quot;%&quot;,&quot;size&quot;:&quot;&quot;,&quot;sizes&quot;:{&quot;start&quot;:0,&quot;end&quot;:100}},&quot;background_motion_fx_devices&quot;:[&quot;desktop&quot;,&quot;tablet&quot;,&quot;mobile&quot;]}\">\n\t\t\t\t<div class=\"elementor-element elementor-element-c7f974a elementor-widget elementor-widget-heading\" data-id=\"c7f974a\" data-element_type=\"widget\" data-e-type=\"widget\" data-widget_type=\"heading.default\">\n\t\t\t\t<div class=\"elementor-widget-container\">\n\t\t\t\t\t<h2 class=\"elementor-heading-title elementor-size-default\">\u201c Pralines van Darcis &amp; keukens van \u00e8ggo: twee bronnen van geluk \u201d<\/h2>\t\t\t\t<\/div>\n\t\t\t\t<\/div>\n\t\t\t\t<div class=\"elementor-element elementor-element-2921d0f elementor-widget elementor-widget-text-editor\" data-id=\"2921d0f\" data-element_type=\"widget\" data-e-type=\"widget\" data-widget_type=\"text-editor.default\">\n\t\t\t\t<div class=\"elementor-widget-container\">\n\t\t\t\t\t\t\t\t\t<section>\n<div class=\"container container--small typeset\">\n<section>\n<div class=\"container\">\n<p class=\"author\" style=\"text-align: center;\">Jean-Philippe Darcis<\/p>\n<\/div>\n<\/section>\n<section>\n<div class=\"container container--small typeset\" style=\"text-align: center;\"><\/div>\n<\/section>\n<\/div>\n<\/section>\n\t\t\t\t\t\t\t\t<\/div>\n\t\t\t\t<\/div>\n\t\t\t\t<\/div>\n\t\t<div class=\"elementor-element elementor-element-e3a8c98 e-con-full e-flex e-con e-child\" data-id=\"e3a8c98\" data-element_type=\"container\" data-e-type=\"container\">\n\t\t\t\t<div class=\"elementor-element elementor-element-43553c6 elementor-widget elementor-widget-heading\" data-id=\"43553c6\" data-element_type=\"widget\" data-e-type=\"widget\" data-widget_type=\"heading.default\">\n\t\t\t\t<div class=\"elementor-widget-container\">\n\t\t\t\t\t<h2 class=\"elementor-heading-title elementor-size-default\">Hoe heb je <b>kennisgemaakt met \u00e8ggo<\/b>?<\/h2>\t\t\t\t<\/div>\n\t\t\t\t<\/div>\n\t\t\t\t<div class=\"elementor-element elementor-element-feadd4b elementor-widget elementor-widget-text-editor\" data-id=\"feadd4b\" data-element_type=\"widget\" data-e-type=\"widget\" data-widget_type=\"text-editor.default\">\n\t\t\t\t<div class=\"elementor-widget-container\">\n\t\t\t\t\t\t\t\t\t<section>\r\n<div class=\"container container--small typeset\">\r\n\r\nAls patissier en chocolatier had ik\u00a0<strong>het voorrecht om samen met \u00e8ggo\u00a0<\/strong>culinaire workshops te mogen organiseren op verschillende beurzen. Ik was meteen enthousiast over\u00a0<strong>de ontvangst van het team\u00a0<\/strong>op locatie, en van bij het begin overtuigd van\u00a0<strong>de kwaliteit van de meubelen<\/strong>. De keuken waarin ik werkte, was heel goed ingericht en volledig af. Zonder twijfel zei ik toen tegen mezelf dat mijn volgende keuken er een van \u00e8ggo zou zijn.\r\n\r\n<\/div>\r\n<\/section>\t\t\t\t\t\t\t\t<\/div>\n\t\t\t\t<\/div>\n\t\t\t\t<\/div>\n\t\t\t\t\t<\/div>\n\t\t\t\t<\/div>\n\t\t<div class=\"elementor-element elementor-element-63407f2 e-flex e-con-boxed e-con e-parent\" data-id=\"63407f2\" data-element_type=\"container\" data-e-type=\"container\">\n\t\t\t\t\t<div class=\"e-con-inner\">\n\t\t\t\t<div class=\"elementor-element elementor-element-813e697 elementor-widget__width-initial elementor-widget elementor-widget-heading\" data-id=\"813e697\" data-element_type=\"widget\" data-e-type=\"widget\" data-widget_type=\"heading.default\">\n\t\t\t\t<div class=\"elementor-widget-container\">\n\t\t\t\t\t<h2 class=\"elementor-heading-title elementor-size-default\">Vertel ons eens iets over je <b>keukenproject<\/b>.<\/h2>\t\t\t\t<\/div>\n\t\t\t\t<\/div>\n\t\t\t\t<div class=\"elementor-element elementor-element-7d37f30 elementor-widget elementor-widget-text-editor\" data-id=\"7d37f30\" data-element_type=\"widget\" data-e-type=\"widget\" data-widget_type=\"text-editor.default\">\n\t\t\t\t<div class=\"elementor-widget-container\">\n\t\t\t\t\t\t\t\t\t<p style=\"text-align: center;\">Tijdens mijn eerste contact in de winkel van Verviers ontmoette ik een goedlachse en professionele verkoopster die me mee op sleeptouw nam in de showroom. Ik waardeerde het dat ze naar me luisterde en nauwkeurig advies gaf bij het uitdokteren van mijn project.<\/p>\t\t\t\t\t\t\t\t<\/div>\n\t\t\t\t<\/div>\n\t\t\t\t\t<\/div>\n\t\t\t\t<\/div>\n\t\t<div class=\"elementor-element elementor-element-6e6e145 e-flex e-con-boxed e-con e-parent\" data-id=\"6e6e145\" data-element_type=\"container\" data-e-type=\"container\" data-settings=\"{&quot;background_background&quot;:&quot;classic&quot;}\">\n\t\t\t\t\t<div class=\"e-con-inner\">\n\t\t<div class=\"elementor-element elementor-element-70ca573 e-con-full e-flex e-con e-child\" data-id=\"70ca573\" data-element_type=\"container\" data-e-type=\"container\" data-settings=\"{&quot;background_motion_fx_motion_fx_scrolling&quot;:&quot;yes&quot;,&quot;background_motion_fx_translateX_effect&quot;:&quot;yes&quot;,&quot;background_motion_fx_translateX_direction&quot;:&quot;negative&quot;,&quot;background_background&quot;:&quot;classic&quot;,&quot;background_motion_fx_translateX_speed&quot;:{&quot;unit&quot;:&quot;px&quot;,&quot;size&quot;:4,&quot;sizes&quot;:[]},&quot;background_motion_fx_translateX_affectedRange&quot;:{&quot;unit&quot;:&quot;%&quot;,&quot;size&quot;:&quot;&quot;,&quot;sizes&quot;:{&quot;start&quot;:0,&quot;end&quot;:100}},&quot;background_motion_fx_devices&quot;:[&quot;desktop&quot;,&quot;tablet&quot;,&quot;mobile&quot;]}\">\n\t\t\t\t<\/div>\n\t\t<div class=\"elementor-element elementor-element-2c914e5 e-con-full e-flex e-con e-child\" data-id=\"2c914e5\" data-element_type=\"container\" data-e-type=\"container\" data-settings=\"{&quot;background_background&quot;:&quot;classic&quot;,&quot;background_motion_fx_motion_fx_scrolling&quot;:&quot;yes&quot;,&quot;background_motion_fx_translateX_effect&quot;:&quot;yes&quot;,&quot;background_motion_fx_translateX_direction&quot;:&quot;negative&quot;,&quot;background_motion_fx_translateX_speed&quot;:{&quot;unit&quot;:&quot;px&quot;,&quot;size&quot;:4,&quot;sizes&quot;:[]},&quot;background_motion_fx_translateX_affectedRange&quot;:{&quot;unit&quot;:&quot;%&quot;,&quot;size&quot;:&quot;&quot;,&quot;sizes&quot;:{&quot;start&quot;:0,&quot;end&quot;:100}},&quot;background_motion_fx_devices&quot;:[&quot;desktop&quot;,&quot;tablet&quot;,&quot;mobile&quot;]}\">\n\t\t\t\t<div class=\"elementor-element elementor-element-fe2b3d4 elementor-widget elementor-widget-heading\" data-id=\"fe2b3d4\" data-element_type=\"widget\" data-e-type=\"widget\" data-widget_type=\"heading.default\">\n\t\t\t\t<div class=\"elementor-widget-container\">\n\t\t\t\t\t<h2 class=\"elementor-heading-title elementor-size-default\">Een <b>slim ingerichte lade om kruiden<\/b> in op te bergen, op de goeie plaats!<\/h2>\t\t\t\t<\/div>\n\t\t\t\t<\/div>\n\t\t\t\t<div class=\"elementor-element elementor-element-8ce0f1a elementor-widget elementor-widget-text-editor\" data-id=\"8ce0f1a\" data-element_type=\"widget\" data-e-type=\"widget\" data-widget_type=\"text-editor.default\">\n\t\t\t\t<div class=\"elementor-widget-container\">\n\t\t\t\t\t\t\t\t\t<p>Ik heb gekozen voor drie\u00a0<strong>laden om kruiden<\/strong>\u00a0in op te bergen aan de kant\u00a0<strong>van het werkblad, net naast de kookplaat<\/strong>. Wat een geniaal idee! Terwijl ik mijn gerechten klaarmaak, heb ik een overzicht van al mijn kruiden, die onmiddellijk binnen handbereik zijn&#8230;\u00a0<strong>superpraktisch<\/strong>!<\/p>\n\t\t\t\t\t\t\t\t<\/div>\n\t\t\t\t<\/div>\n\t\t\t\t<\/div>\n\t\t\t\t\t<\/div>\n\t\t\t\t<\/div>\n\t\t<div class=\"elementor-element elementor-element-42d67c6 e-flex e-con-boxed e-con e-parent\" data-id=\"42d67c6\" data-element_type=\"container\" data-e-type=\"container\">\n\t\t\t\t\t<div class=\"e-con-inner\">\n\t\t<div class=\"elementor-element elementor-element-8bccaf8 e-con-full e-flex e-con e-child\" data-id=\"8bccaf8\" data-element_type=\"container\" data-e-type=\"container\" data-settings=\"{&quot;background_background&quot;:&quot;classic&quot;,&quot;background_motion_fx_motion_fx_scrolling&quot;:&quot;yes&quot;,&quot;background_motion_fx_translateX_effect&quot;:&quot;yes&quot;,&quot;background_motion_fx_translateX_direction&quot;:&quot;negative&quot;,&quot;background_motion_fx_translateX_speed&quot;:{&quot;unit&quot;:&quot;px&quot;,&quot;size&quot;:4,&quot;sizes&quot;:[]},&quot;background_motion_fx_translateX_affectedRange&quot;:{&quot;unit&quot;:&quot;%&quot;,&quot;size&quot;:&quot;&quot;,&quot;sizes&quot;:{&quot;start&quot;:0,&quot;end&quot;:100}},&quot;background_motion_fx_devices&quot;:[&quot;desktop&quot;,&quot;tablet&quot;,&quot;mobile&quot;]}\">\n\t\t\t\t<div class=\"elementor-element elementor-element-a6090ad elementor-widget elementor-widget-heading\" data-id=\"a6090ad\" data-element_type=\"widget\" data-e-type=\"widget\" data-widget_type=\"heading.default\">\n\t\t\t\t<div class=\"elementor-widget-container\">\n\t\t\t\t\t<h2 class=\"elementor-heading-title elementor-size-default\"><b>Mijn koffiemachine<\/b>: altijd gebruiksklaar en netjes opgeruimd!<\/h2>\t\t\t\t<\/div>\n\t\t\t\t<\/div>\n\t\t\t\t<div class=\"elementor-element elementor-element-17c0307 elementor-widget elementor-widget-text-editor\" data-id=\"17c0307\" data-element_type=\"widget\" data-e-type=\"widget\" data-widget_type=\"text-editor.default\">\n\t\t\t\t<div class=\"elementor-widget-container\">\n\t\t\t\t\t\t\t\t\t<p>Het eerste wat ik doe in mijn keuken, is een lekker kopje koffie klaarmaken. Onmisbaar om mijn dag goed te starten!<\/p>\n<p><strong>Ik heb graag alles bij de hand\u00a0<\/strong>en vind het vreselijk om te werken in een overvolle keuken, met toestellen en accessoires gewoon op het werkblad. Voor mij is een\u00a0<strong>mooie keuken strak, functioneel<\/strong>&#8230; en vooral netjes opgeruimd! De \u00e8ggo-raadgeefster had veel aandacht voor wat ik wilde en stelde mij \u201c<strong>laden in de kasten<\/strong>\u201d voor in het achterste blok van mijn keuken. Dat is\u00a0<strong>een uniform \u201cblok\u201d met schuifdeuren\u00a0<\/strong>waar ik onder andere mijn koffiemachine in kwijt kan! Ook een mixer, die veel plaats kan innemen in een keuken, past erin. Een echte aanrader voor wie graag bakt.<\/p>\n\t\t\t\t\t\t\t\t<\/div>\n\t\t\t\t<\/div>\n\t\t\t\t<\/div>\n\t\t<div class=\"elementor-element elementor-element-c37548e e-con-full e-flex e-con e-child\" data-id=\"c37548e\" data-element_type=\"container\" data-e-type=\"container\" data-settings=\"{&quot;background_background&quot;:&quot;classic&quot;,&quot;background_motion_fx_motion_fx_scrolling&quot;:&quot;yes&quot;,&quot;background_motion_fx_translateX_effect&quot;:&quot;yes&quot;,&quot;background_motion_fx_translateX_direction&quot;:&quot;negative&quot;,&quot;background_motion_fx_translateX_speed&quot;:{&quot;unit&quot;:&quot;px&quot;,&quot;size&quot;:4,&quot;sizes&quot;:[]},&quot;background_motion_fx_translateX_affectedRange&quot;:{&quot;unit&quot;:&quot;%&quot;,&quot;size&quot;:&quot;&quot;,&quot;sizes&quot;:{&quot;start&quot;:0,&quot;end&quot;:100}},&quot;background_motion_fx_devices&quot;:[&quot;desktop&quot;,&quot;tablet&quot;,&quot;mobile&quot;]}\">\n\t\t\t\t<\/div>\n\t\t\t\t\t<\/div>\n\t\t\t\t<\/div>\n\t\t<div class=\"elementor-element elementor-element-c707d98 e-flex e-con-boxed e-con e-parent\" data-id=\"c707d98\" data-element_type=\"container\" data-e-type=\"container\" data-settings=\"{&quot;background_background&quot;:&quot;classic&quot;}\">\n\t\t\t\t\t<div class=\"e-con-inner\">\n\t\t<div class=\"elementor-element elementor-element-a465f6b e-con-full e-flex e-con e-child\" data-id=\"a465f6b\" data-element_type=\"container\" data-e-type=\"container\" data-settings=\"{&quot;background_motion_fx_motion_fx_scrolling&quot;:&quot;yes&quot;,&quot;background_motion_fx_translateX_effect&quot;:&quot;yes&quot;,&quot;background_motion_fx_translateX_direction&quot;:&quot;negative&quot;,&quot;background_background&quot;:&quot;classic&quot;,&quot;background_motion_fx_translateX_speed&quot;:{&quot;unit&quot;:&quot;px&quot;,&quot;size&quot;:4,&quot;sizes&quot;:[]},&quot;background_motion_fx_translateX_affectedRange&quot;:{&quot;unit&quot;:&quot;%&quot;,&quot;size&quot;:&quot;&quot;,&quot;sizes&quot;:{&quot;start&quot;:0,&quot;end&quot;:100}},&quot;background_motion_fx_devices&quot;:[&quot;desktop&quot;,&quot;tablet&quot;,&quot;mobile&quot;]}\">\n\t\t\t\t<\/div>\n\t\t<div class=\"elementor-element elementor-element-2094968 e-con-full e-flex e-con e-child\" data-id=\"2094968\" data-element_type=\"container\" data-e-type=\"container\" data-settings=\"{&quot;background_background&quot;:&quot;classic&quot;,&quot;background_motion_fx_motion_fx_scrolling&quot;:&quot;yes&quot;,&quot;background_motion_fx_translateX_effect&quot;:&quot;yes&quot;,&quot;background_motion_fx_translateX_direction&quot;:&quot;negative&quot;,&quot;background_motion_fx_translateX_speed&quot;:{&quot;unit&quot;:&quot;px&quot;,&quot;size&quot;:4,&quot;sizes&quot;:[]},&quot;background_motion_fx_translateX_affectedRange&quot;:{&quot;unit&quot;:&quot;%&quot;,&quot;size&quot;:&quot;&quot;,&quot;sizes&quot;:{&quot;start&quot;:0,&quot;end&quot;:100}},&quot;background_motion_fx_devices&quot;:[&quot;desktop&quot;,&quot;tablet&quot;,&quot;mobile&quot;]}\">\n\t\t\t\t<div class=\"elementor-element elementor-element-2160bd4 elementor-widget elementor-widget-heading\" data-id=\"2160bd4\" data-element_type=\"widget\" data-e-type=\"widget\" data-widget_type=\"heading.default\">\n\t\t\t\t<div class=\"elementor-widget-container\">\n\t\t\t\t\t<h2 class=\"elementor-heading-title elementor-size-default\">Een must in mijn keuken: <b>een warmhoudlade<\/b><\/h2>\t\t\t\t<\/div>\n\t\t\t\t<\/div>\n\t\t\t\t<div class=\"elementor-element elementor-element-0d10241 elementor-widget elementor-widget-text-editor\" data-id=\"0d10241\" data-element_type=\"widget\" data-e-type=\"widget\" data-widget_type=\"text-editor.default\">\n\t\t\t\t<div class=\"elementor-widget-container\">\n\t\t\t\t\t\t\t\t\t<p>Waar ik zo dol op ben in mijn keuken is de\u00a0<strong>warmhoudlade<\/strong>. Die is ideaal wanneer je mooi wilt dresseren, maar ik gebruik ze dagelijks ook om borden warm te houden. Een onbetwistbare meerwaarde voor mijn keuken!\u00a0<strong>\u00a0De warmhoudlade die \u00e8ggo<\/strong>\u00a0voorstelde, is ook ideaal om chocolade op de juiste temperatuur te houden voor mijn bereidingen.<\/p>\n\t\t\t\t\t\t\t\t<\/div>\n\t\t\t\t<\/div>\n\t\t\t\t<\/div>\n\t\t\t\t\t<\/div>\n\t\t\t\t<\/div>\n\t\t<div class=\"elementor-element elementor-element-0800c0a e-con-full e-flex e-con e-parent\" data-id=\"0800c0a\" data-element_type=\"container\" data-e-type=\"container\">\n\t\t\t\t<div class=\"elementor-element elementor-element-e7809db elementor-widget__width-initial elementor-widget elementor-widget-heading\" data-id=\"e7809db\" data-element_type=\"widget\" data-e-type=\"widget\" data-widget_type=\"heading.default\">\n\t\t\t\t<div class=\"elementor-widget-container\">\n\t\t\t\t\t<h2 class=\"elementor-heading-title elementor-size-default\">\u201c Een warmhoudlade: h\u00e9t trucje voor een chef-chocolatier \ud83d\ude09 \u201d<\/h2>\t\t\t\t<\/div>\n\t\t\t\t<\/div>\n\t\t\t\t<\/div>\n\t\t<div class=\"elementor-element elementor-element-a251a8a e-flex e-con-boxed e-con e-parent\" data-id=\"a251a8a\" data-element_type=\"container\" data-e-type=\"container\" data-settings=\"{&quot;background_background&quot;:&quot;classic&quot;}\">\n\t\t\t\t\t<div class=\"e-con-inner\">\n\t\t\t\t<div class=\"elementor-element elementor-element-5c48d3f elementor-widget elementor-widget-heading\" data-id=\"5c48d3f\" data-element_type=\"widget\" data-e-type=\"widget\" data-widget_type=\"heading.default\">\n\t\t\t\t<div class=\"elementor-widget-container\">\n\t\t\t\t\t<h2 class=\"elementor-heading-title elementor-size-default\">Hoe verliep de <b>plaatsing van je nieuwe keuken<\/b>?<\/h2>\t\t\t\t<\/div>\n\t\t\t\t<\/div>\n\t\t\t\t<div class=\"elementor-element elementor-element-0fc3157 elementor-widget elementor-widget-text-editor\" data-id=\"0fc3157\" data-element_type=\"widget\" data-e-type=\"widget\" data-widget_type=\"text-editor.default\">\n\t\t\t\t<div class=\"elementor-widget-container\">\n\t\t\t\t\t\t\t\t\t<section>\r\n<div class=\"container container--small typeset\">\r\n<p style=\"text-align: center;\">Via mail en sms\u00a0<strong>werd ik<\/strong>\u00a0op de hoogte gebracht van\u00a0<strong>elke stap in de afhandeling van mijn project.<\/strong>\u00a0De \u00e8ggo-teams leverden en plaatsten mijn keuken volgens de afgesproken termijnen. Voor iemand zoals ik met een drukke planning,\u00a0<strong>was die timing heel geruststellend<\/strong>!<\/p>\r\n<p style=\"text-align: center;\">Door vertraging in de leveringen van elektroleveranciers tijdens de pandemie ontbrak er een huishoudtoestel, maar\u00a0<strong>\u00e8ggo vond al snel een oplossing<\/strong>. Echt een pluim voor de vriendelijkheid en de proactiviteit van de teams bij de globale afhandeling van mijn project.<\/p>\r\n\r\n<\/div>\r\n<\/section>\t\t\t\t\t\t\t\t<\/div>\n\t\t\t\t<\/div>\n\t\t\t\t<div class=\"elementor-element elementor-element-e91e8bf elementor-arrows-position-outside large-custom-arrows elementor-widget elementor-widget-image-carousel\" data-id=\"e91e8bf\" data-element_type=\"widget\" data-e-type=\"widget\" data-settings=\"{&quot;slides_to_show&quot;:&quot;3&quot;,&quot;slides_to_show_tablet&quot;:&quot;2&quot;,&quot;slides_to_show_mobile&quot;:&quot;1&quot;,&quot;slides_to_scroll&quot;:&quot;1&quot;,&quot;navigation&quot;:&quot;arrows&quot;,&quot;image_spacing_custom&quot;:{&quot;unit&quot;:&quot;px&quot;,&quot;size&quot;:16,&quot;sizes&quot;:[]},&quot;autoplay&quot;:&quot;yes&quot;,&quot;pause_on_hover&quot;:&quot;yes&quot;,&quot;pause_on_interaction&quot;:&quot;yes&quot;,&quot;autoplay_speed&quot;:5000,&quot;infinite&quot;:&quot;yes&quot;,&quot;speed&quot;:500,&quot;image_spacing_custom_tablet&quot;:{&quot;unit&quot;:&quot;px&quot;,&quot;size&quot;:&quot;&quot;,&quot;sizes&quot;:[]}}\" data-widget_type=\"image-carousel.default\">\n\t\t\t\t<div class=\"elementor-widget-container\">\n\t\t\t\t\t\t\t<div class=\"elementor-image-carousel-wrapper swiper\" role=\"region\" aria-roledescription=\"carousel\" aria-label=\"Carrousel d\u2019images\" dir=\"ltr\">\n\t\t\t<div class=\"elementor-image-carousel swiper-wrapper\" aria-live=\"off\">\n\t\t\t\t\t\t\t\t<div class=\"swiper-slide\" role=\"group\" aria-roledescription=\"slide\" aria-label=\"1 van 8\"><figure class=\"swiper-slide-inner\"><img decoding=\"async\" class=\"swiper-slide-image\" src=\"https:\/\/develop.wp.eggo.agifly.cloud\/wp-content\/uploads\/2025\/03\/slide_8jpg.jpg\" alt=\"slide_8jpg\" \/><\/figure><\/div><div class=\"swiper-slide\" role=\"group\" aria-roledescription=\"slide\" aria-label=\"2 van 8\"><figure class=\"swiper-slide-inner\"><img decoding=\"async\" class=\"swiper-slide-image\" src=\"https:\/\/develop.wp.eggo.agifly.cloud\/wp-content\/uploads\/2025\/03\/slide_2jpg.jpg\" alt=\"slide_2jpg\" \/><\/figure><\/div><div class=\"swiper-slide\" role=\"group\" aria-roledescription=\"slide\" aria-label=\"3 van 8\"><figure class=\"swiper-slide-inner\"><img decoding=\"async\" class=\"swiper-slide-image\" src=\"https:\/\/develop.wp.eggo.agifly.cloud\/wp-content\/uploads\/2025\/03\/slide_3.jpg\" alt=\"slide_3\" \/><\/figure><\/div><div class=\"swiper-slide\" role=\"group\" aria-roledescription=\"slide\" aria-label=\"4 van 8\"><figure class=\"swiper-slide-inner\"><img decoding=\"async\" class=\"swiper-slide-image\" src=\"https:\/\/develop.wp.eggo.agifly.cloud\/wp-content\/uploads\/2025\/03\/slide_4.jpg\" alt=\"slide_4\" \/><\/figure><\/div><div class=\"swiper-slide\" role=\"group\" aria-roledescription=\"slide\" aria-label=\"5 van 8\"><figure class=\"swiper-slide-inner\"><img decoding=\"async\" class=\"swiper-slide-image\" src=\"https:\/\/develop.wp.eggo.agifly.cloud\/wp-content\/uploads\/2025\/03\/slide_5.jpg\" alt=\"slide_5\" \/><\/figure><\/div><div class=\"swiper-slide\" role=\"group\" aria-roledescription=\"slide\" aria-label=\"6 van 8\"><figure class=\"swiper-slide-inner\"><img decoding=\"async\" class=\"swiper-slide-image\" src=\"https:\/\/develop.wp.eggo.agifly.cloud\/wp-content\/uploads\/2025\/03\/slide_6.jpg\" alt=\"slide_6\" \/><\/figure><\/div><div class=\"swiper-slide\" role=\"group\" aria-roledescription=\"slide\" aria-label=\"7 van 8\"><figure class=\"swiper-slide-inner\"><img decoding=\"async\" class=\"swiper-slide-image\" src=\"https:\/\/develop.wp.eggo.agifly.cloud\/wp-content\/uploads\/2025\/03\/slide_7.jpg\" alt=\"slide_7\" \/><\/figure><\/div><div class=\"swiper-slide\" role=\"group\" aria-roledescription=\"slide\" aria-label=\"8 van 8\"><figure class=\"swiper-slide-inner\"><img decoding=\"async\" class=\"swiper-slide-image\" src=\"https:\/\/develop.wp.eggo.agifly.cloud\/wp-content\/uploads\/2025\/03\/slide_8jpg.jpg\" alt=\"slide_8jpg\" \/><\/figure><\/div>\t\t\t<\/div>\n\t\t\t\t\t\t\t\t\t\t\t\t<div class=\"elementor-swiper-button elementor-swiper-button-prev\" role=\"button\" tabindex=\"0\">\n\t\t\t\t\t\t<svg xmlns=\"http:\/\/www.w3.org\/2000\/svg\" width=\"30\" height=\"30\" viewBox=\"0 0 30 30\" fill=\"none\"><path d=\"M7.35205 13.167L17.1861 3.33295L14.5934 0.740234L0.333323 15.0003L14.5934 29.2602L17.1861 26.6675L7.35205 16.8336H29.6667V13.167H7.35205Z\" fill=\"#6E6809\"><\/path><\/svg>\t\t\t\t\t<\/div>\n\t\t\t\t\t<div class=\"elementor-swiper-button elementor-swiper-button-next\" role=\"button\" tabindex=\"0\">\n\t\t\t\t\t\t<svg xmlns=\"http:\/\/www.w3.org\/2000\/svg\" width=\"30\" height=\"30\" viewBox=\"0 0 30 30\" fill=\"none\"><path d=\"M22.648 13.167L12.814 3.33295L15.4067 0.740234L29.6667 15.0003L15.4067 29.2602L12.814 26.6675L22.648 16.8336H0.333374V13.167H22.648Z\" fill=\"#6E6809\"><\/path><\/svg>\t\t\t\t\t<\/div>\n\t\t\t\t\n\t\t\t\t\t\t\t\t\t<\/div>\n\t\t\t\t\t\t<\/div>\n\t\t\t\t<\/div>\n\t\t\t\t\t<\/div>\n\t\t\t\t<\/div>\n\t\t<div class=\"elementor-element elementor-element-ce4793c e-grid e-con-boxed e-con e-parent\" data-id=\"ce4793c\" data-element_type=\"container\" data-e-type=\"container\" data-settings=\"{&quot;background_background&quot;:&quot;classic&quot;}\">\n\t\t\t\t\t<div class=\"e-con-inner\">\n\t\t<div class=\"elementor-element elementor-element-72f1879 e-con-full e-flex e-con e-child\" data-id=\"72f1879\" data-element_type=\"container\" data-e-type=\"container\">\n\t\t\t\t<div class=\"elementor-element elementor-element-5d8a52b elementor-widget elementor-widget-heading\" data-id=\"5d8a52b\" data-element_type=\"widget\" data-e-type=\"widget\" data-widget_type=\"heading.default\">\n\t\t\t\t<div class=\"elementor-widget-container\">\n\t\t\t\t\t<h2 class=\"elementor-heading-title elementor-size-default\">Hoe zou je <b>je ervaring met \u00e8ggo<\/b> omschrijven?<\/h2>\t\t\t\t<\/div>\n\t\t\t\t<\/div>\n\t\t\t\t<div class=\"elementor-element elementor-element-7295f4b elementor-widget elementor-widget-text-editor\" data-id=\"7295f4b\" data-element_type=\"widget\" data-e-type=\"widget\" data-widget_type=\"text-editor.default\">\n\t\t\t\t<div class=\"elementor-widget-container\">\n\t\t\t\t\t\t\t\t\t<p style=\"text-align: center;\" align=\"center\"><em>\u201cProfessionaliteit, een luisterend oor en geluk.\u201d<\/em><\/p>\r\n<p style=\"text-align: left;\">Een mooie keuken is zoals gebak:\u00a0<strong>puur geluk om te delen.<\/strong>.. Mijn slim\u00a0<strong>ingerichte<\/strong>\u00a0\u00e8ggo-keuken is ook een\u00a0<strong>mooie, gezellige<\/strong>\u00a0<strong>ruimte\u00a0<\/strong>waar ik met familie en vrienden graag tijd doorbreng.<\/p>\t\t\t\t\t\t\t\t<\/div>\n\t\t\t\t<\/div>\n\t\t\t\t<\/div>\n\t\t<div class=\"elementor-element elementor-element-7465c50 e-con-full e-flex e-con e-child\" data-id=\"7465c50\" data-element_type=\"container\" data-e-type=\"container\" data-settings=\"{&quot;background_motion_fx_motion_fx_scrolling&quot;:&quot;yes&quot;,&quot;background_motion_fx_translateX_effect&quot;:&quot;yes&quot;,&quot;background_motion_fx_translateX_direction&quot;:&quot;negative&quot;,&quot;background_background&quot;:&quot;classic&quot;,&quot;background_motion_fx_translateX_speed&quot;:{&quot;unit&quot;:&quot;px&quot;,&quot;size&quot;:4,&quot;sizes&quot;:[]},&quot;background_motion_fx_translateX_affectedRange&quot;:{&quot;unit&quot;:&quot;%&quot;,&quot;size&quot;:&quot;&quot;,&quot;sizes&quot;:{&quot;start&quot;:0,&quot;end&quot;:100}},&quot;background_motion_fx_devices&quot;:[&quot;desktop&quot;,&quot;tablet&quot;,&quot;mobile&quot;]}\">\n\t\t\t\t<\/div>\n\t\t\t\t\t<\/div>\n\t\t\t\t<\/div>\n\t\t\t\t<\/div>\n\t\t","protected":false},"excerpt":{"rendered":"<p>\u201c Pralines van Darcis &amp; keukens van \u00e8ggo: twee bronnen van geluk \u201d Jean-Philippe Darcis Hoe heb je kennisgemaakt met \u00e8ggo? Als patissier en chocolatier had ik\u00a0het voorrecht om samen met \u00e8ggo\u00a0culinaire workshops te mogen organiseren op verschillende beurzen. Ik was meteen enthousiast over\u00a0de ontvangst van het team\u00a0op locatie, en van bij het begin overtuigd [&hellip;]<\/p>\n","protected":false},"featured_media":30290,"comment_status":"open","ping_status":"closed","template":"","testimonials_category":[88],"testimonials_tag":[],"class_list":["post-16340","testimonials","type-testimonials","status-publish","has-post-thumbnail","hentry","testimonials_category-cuisine"],"yoast_head":"<!-- This site is optimized with the Yoast SEO Premium plugin v26.2 (Yoast SEO v27.3) - https:\/\/yoast.com\/product\/yoast-seo-premium-wordpress\/ -->\n<title>De keuken van Jean-Philippe Darcis - Eggo<\/title>\n<meta name=\"robots\" content=\"index, follow, max-snippet:-1, max-image-preview:large, max-video-preview:-1\" \/>\n<link rel=\"canonical\" href=\"https:\/\/develop.wp.eggo.agifly.cloud\/nl\/getuigenis\/de-keuken-van-jean-philippe-darcis\/\" \/>\n<meta property=\"og:locale\" content=\"nl_NL\" \/>\n<meta property=\"og:type\" content=\"article\" \/>\n<meta property=\"og:title\" content=\"De keuken van Jean-Philippe Darcis\" \/>\n<meta property=\"og:description\" content=\"\u201c Pralines van Darcis &amp; keukens van \u00e8ggo: twee bronnen van geluk \u201d Jean-Philippe Darcis Hoe heb je kennisgemaakt met \u00e8ggo? Als patissier en chocolatier had ik\u00a0het voorrecht om samen met \u00e8ggo\u00a0culinaire workshops te mogen organiseren op verschillende beurzen. Ik was meteen enthousiast over\u00a0de ontvangst van het team\u00a0op locatie, en van bij het begin overtuigd [&hellip;]\" \/>\n<meta property=\"og:url\" content=\"https:\/\/develop.wp.eggo.agifly.cloud\/nl\/getuigenis\/de-keuken-van-jean-philippe-darcis\/\" \/>\n<meta property=\"og:site_name\" content=\"Eggo\" \/>\n<meta property=\"article:publisher\" content=\"https:\/\/www.facebook.com\/eggokitchen\" \/>\n<meta property=\"article:modified_time\" content=\"2025-04-17T12:38:54+00:00\" \/>\n<meta property=\"og:image\" content=\"https:\/\/develop.wp.eggo.agifly.cloud\/wp-content\/uploads\/2025\/03\/Darcis-1-63-Grande.jpeg\" \/>\n\t<meta property=\"og:image:width\" content=\"1280\" \/>\n\t<meta property=\"og:image:height\" content=\"831\" \/>\n\t<meta property=\"og:image:type\" content=\"image\/jpeg\" \/>\n<meta name=\"twitter:card\" content=\"summary_large_image\" \/>\n<meta name=\"twitter:label1\" content=\"Geschatte leestijd\" \/>\n\t<meta name=\"twitter:data1\" content=\"3 minuten\" \/>\n<script type=\"application\/ld+json\" class=\"yoast-schema-graph\">{\"@context\":\"https:\\\/\\\/schema.org\",\"@graph\":[{\"@type\":\"WebPage\",\"@id\":\"https:\\\/\\\/develop.wp.eggo.agifly.cloud\\\/nl\\\/getuigenis\\\/de-keuken-van-jean-philippe-darcis\\\/\",\"url\":\"https:\\\/\\\/develop.wp.eggo.agifly.cloud\\\/nl\\\/getuigenis\\\/de-keuken-van-jean-philippe-darcis\\\/\",\"name\":\"De keuken van Jean-Philippe Darcis - Eggo\",\"isPartOf\":{\"@id\":\"https:\\\/\\\/develop.wp.eggo.agifly.cloud\\\/nl\\\/#website\"},\"primaryImageOfPage\":{\"@id\":\"https:\\\/\\\/develop.wp.eggo.agifly.cloud\\\/nl\\\/getuigenis\\\/de-keuken-van-jean-philippe-darcis\\\/#primaryimage\"},\"image\":{\"@id\":\"https:\\\/\\\/develop.wp.eggo.agifly.cloud\\\/nl\\\/getuigenis\\\/de-keuken-van-jean-philippe-darcis\\\/#primaryimage\"},\"thumbnailUrl\":\"https:\\\/\\\/develop.wp.eggo.agifly.cloud\\\/wp-content\\\/uploads\\\/2025\\\/03\\\/Darcis-1-63-Grande.jpeg\",\"datePublished\":\"2025-03-30T18:46:19+00:00\",\"dateModified\":\"2025-04-17T12:38:54+00:00\",\"breadcrumb\":{\"@id\":\"https:\\\/\\\/develop.wp.eggo.agifly.cloud\\\/nl\\\/getuigenis\\\/de-keuken-van-jean-philippe-darcis\\\/#breadcrumb\"},\"inLanguage\":\"nl-NL\",\"potentialAction\":[{\"@type\":\"ReadAction\",\"target\":[\"https:\\\/\\\/develop.wp.eggo.agifly.cloud\\\/nl\\\/getuigenis\\\/de-keuken-van-jean-philippe-darcis\\\/\"]}]},{\"@type\":\"ImageObject\",\"inLanguage\":\"nl-NL\",\"@id\":\"https:\\\/\\\/develop.wp.eggo.agifly.cloud\\\/nl\\\/getuigenis\\\/de-keuken-van-jean-philippe-darcis\\\/#primaryimage\",\"url\":\"https:\\\/\\\/develop.wp.eggo.agifly.cloud\\\/wp-content\\\/uploads\\\/2025\\\/03\\\/Darcis-1-63-Grande.jpeg\",\"contentUrl\":\"https:\\\/\\\/develop.wp.eggo.agifly.cloud\\\/wp-content\\\/uploads\\\/2025\\\/03\\\/Darcis-1-63-Grande.jpeg\",\"width\":1280,\"height\":831},{\"@type\":\"BreadcrumbList\",\"@id\":\"https:\\\/\\\/develop.wp.eggo.agifly.cloud\\\/nl\\\/getuigenis\\\/de-keuken-van-jean-philippe-darcis\\\/#breadcrumb\",\"itemListElement\":[{\"@type\":\"ListItem\",\"position\":1,\"name\":\"Home\",\"item\":\"https:\\\/\\\/develop.wp.eggo.agifly.cloud\\\/nl\\\/\"},{\"@type\":\"ListItem\",\"position\":2,\"name\":\"Testimonials\",\"item\":\"https:\\\/\\\/develop.wp.eggo.agifly.cloud\\\/nl\\\/getuigenis\\\/\"},{\"@type\":\"ListItem\",\"position\":3,\"name\":\"De keuken van Jean-Philippe Darcis\"}]},{\"@type\":\"WebSite\",\"@id\":\"https:\\\/\\\/develop.wp.eggo.agifly.cloud\\\/nl\\\/#website\",\"url\":\"https:\\\/\\\/develop.wp.eggo.agifly.cloud\\\/nl\\\/\",\"name\":\"\u00e8ggo\",\"description\":\"\",\"publisher\":{\"@id\":\"https:\\\/\\\/develop.wp.eggo.agifly.cloud\\\/nl\\\/#organization\"},\"potentialAction\":[{\"@type\":\"SearchAction\",\"target\":{\"@type\":\"EntryPoint\",\"urlTemplate\":\"https:\\\/\\\/develop.wp.eggo.agifly.cloud\\\/nl\\\/?s={search_term_string}\"},\"query-input\":{\"@type\":\"PropertyValueSpecification\",\"valueRequired\":true,\"valueName\":\"search_term_string\"}}],\"inLanguage\":\"nl-NL\"},{\"@type\":[\"Organization\",\"Place\"],\"@id\":\"https:\\\/\\\/develop.wp.eggo.agifly.cloud\\\/nl\\\/#organization\",\"name\":\"\u00e8ggo\",\"alternateName\":\"eggo\",\"url\":\"https:\\\/\\\/develop.wp.eggo.agifly.cloud\\\/nl\\\/\",\"logo\":{\"@id\":\"https:\\\/\\\/develop.wp.eggo.agifly.cloud\\\/nl\\\/getuigenis\\\/de-keuken-van-jean-philippe-darcis\\\/#local-main-organization-logo\"},\"image\":{\"@id\":\"https:\\\/\\\/develop.wp.eggo.agifly.cloud\\\/nl\\\/getuigenis\\\/de-keuken-van-jean-philippe-darcis\\\/#local-main-organization-logo\"},\"sameAs\":[\"https:\\\/\\\/www.facebook.com\\\/eggokitchen\",\"https:\\\/\\\/www.linkedin.com\\\/company\\\/eggo\\\/\"],\"description\":\"Des cuisines et meubles de rangement de qualit\u00e9 \u00e0 des prix avantageux ! D\u00e9couvrez nos mod\u00e8les et prenez rendez-vous en ligne dans votre showroom \u00e8ggo.\",\"telephone\":[],\"openingHoursSpecification\":[{\"@type\":\"OpeningHoursSpecification\",\"dayOfWeek\":[\"Monday\",\"Tuesday\",\"Wednesday\",\"Thursday\",\"Friday\",\"Saturday\",\"Sunday\"],\"opens\":\"09:00\",\"closes\":\"17:00\"}]},{\"@type\":\"ImageObject\",\"inLanguage\":\"nl-NL\",\"@id\":\"https:\\\/\\\/develop.wp.eggo.agifly.cloud\\\/nl\\\/getuigenis\\\/de-keuken-van-jean-philippe-darcis\\\/#local-main-organization-logo\",\"url\":\"https:\\\/\\\/develop.wp.eggo.agifly.cloud\\\/wp-content\\\/uploads\\\/2025\\\/01\\\/Logo.webp\",\"contentUrl\":\"https:\\\/\\\/develop.wp.eggo.agifly.cloud\\\/wp-content\\\/uploads\\\/2025\\\/01\\\/Logo.webp\",\"width\":88,\"height\":88,\"caption\":\"\u00e8ggo\"}]}<\/script>\n<!-- \/ Yoast SEO Premium plugin. -->","yoast_head_json":{"title":"De keuken van Jean-Philippe Darcis - Eggo","robots":{"index":"index","follow":"follow","max-snippet":"max-snippet:-1","max-image-preview":"max-image-preview:large","max-video-preview":"max-video-preview:-1"},"canonical":"https:\/\/develop.wp.eggo.agifly.cloud\/nl\/getuigenis\/de-keuken-van-jean-philippe-darcis\/","og_locale":"nl_NL","og_type":"article","og_title":"De keuken van Jean-Philippe Darcis","og_description":"\u201c Pralines van Darcis &amp; keukens van \u00e8ggo: twee bronnen van geluk \u201d Jean-Philippe Darcis Hoe heb je kennisgemaakt met \u00e8ggo? Als patissier en chocolatier had ik\u00a0het voorrecht om samen met \u00e8ggo\u00a0culinaire workshops te mogen organiseren op verschillende beurzen. Ik was meteen enthousiast over\u00a0de ontvangst van het team\u00a0op locatie, en van bij het begin overtuigd [&hellip;]","og_url":"https:\/\/develop.wp.eggo.agifly.cloud\/nl\/getuigenis\/de-keuken-van-jean-philippe-darcis\/","og_site_name":"Eggo","article_publisher":"https:\/\/www.facebook.com\/eggokitchen","article_modified_time":"2025-04-17T12:38:54+00:00","og_image":[{"width":1280,"height":831,"url":"https:\/\/develop.wp.eggo.agifly.cloud\/wp-content\/uploads\/2025\/03\/Darcis-1-63-Grande.jpeg","type":"image\/jpeg"}],"twitter_card":"summary_large_image","twitter_misc":{"Geschatte leestijd":"3 minuten"},"schema":{"@context":"https:\/\/schema.org","@graph":[{"@type":"WebPage","@id":"https:\/\/develop.wp.eggo.agifly.cloud\/nl\/getuigenis\/de-keuken-van-jean-philippe-darcis\/","url":"https:\/\/develop.wp.eggo.agifly.cloud\/nl\/getuigenis\/de-keuken-van-jean-philippe-darcis\/","name":"De keuken van Jean-Philippe Darcis - Eggo","isPartOf":{"@id":"https:\/\/develop.wp.eggo.agifly.cloud\/nl\/#website"},"primaryImageOfPage":{"@id":"https:\/\/develop.wp.eggo.agifly.cloud\/nl\/getuigenis\/de-keuken-van-jean-philippe-darcis\/#primaryimage"},"image":{"@id":"https:\/\/develop.wp.eggo.agifly.cloud\/nl\/getuigenis\/de-keuken-van-jean-philippe-darcis\/#primaryimage"},"thumbnailUrl":"https:\/\/develop.wp.eggo.agifly.cloud\/wp-content\/uploads\/2025\/03\/Darcis-1-63-Grande.jpeg","datePublished":"2025-03-30T18:46:19+00:00","dateModified":"2025-04-17T12:38:54+00:00","breadcrumb":{"@id":"https:\/\/develop.wp.eggo.agifly.cloud\/nl\/getuigenis\/de-keuken-van-jean-philippe-darcis\/#breadcrumb"},"inLanguage":"nl-NL","potentialAction":[{"@type":"ReadAction","target":["https:\/\/develop.wp.eggo.agifly.cloud\/nl\/getuigenis\/de-keuken-van-jean-philippe-darcis\/"]}]},{"@type":"ImageObject","inLanguage":"nl-NL","@id":"https:\/\/develop.wp.eggo.agifly.cloud\/nl\/getuigenis\/de-keuken-van-jean-philippe-darcis\/#primaryimage","url":"https:\/\/develop.wp.eggo.agifly.cloud\/wp-content\/uploads\/2025\/03\/Darcis-1-63-Grande.jpeg","contentUrl":"https:\/\/develop.wp.eggo.agifly.cloud\/wp-content\/uploads\/2025\/03\/Darcis-1-63-Grande.jpeg","width":1280,"height":831},{"@type":"BreadcrumbList","@id":"https:\/\/develop.wp.eggo.agifly.cloud\/nl\/getuigenis\/de-keuken-van-jean-philippe-darcis\/#breadcrumb","itemListElement":[{"@type":"ListItem","position":1,"name":"Home","item":"https:\/\/develop.wp.eggo.agifly.cloud\/nl\/"},{"@type":"ListItem","position":2,"name":"Testimonials","item":"https:\/\/develop.wp.eggo.agifly.cloud\/nl\/getuigenis\/"},{"@type":"ListItem","position":3,"name":"De keuken van Jean-Philippe Darcis"}]},{"@type":"WebSite","@id":"https:\/\/develop.wp.eggo.agifly.cloud\/nl\/#website","url":"https:\/\/develop.wp.eggo.agifly.cloud\/nl\/","name":"\u00e8ggo","description":"","publisher":{"@id":"https:\/\/develop.wp.eggo.agifly.cloud\/nl\/#organization"},"potentialAction":[{"@type":"SearchAction","target":{"@type":"EntryPoint","urlTemplate":"https:\/\/develop.wp.eggo.agifly.cloud\/nl\/?s={search_term_string}"},"query-input":{"@type":"PropertyValueSpecification","valueRequired":true,"valueName":"search_term_string"}}],"inLanguage":"nl-NL"},{"@type":["Organization","Place"],"@id":"https:\/\/develop.wp.eggo.agifly.cloud\/nl\/#organization","name":"\u00e8ggo","alternateName":"eggo","url":"https:\/\/develop.wp.eggo.agifly.cloud\/nl\/","logo":{"@id":"https:\/\/develop.wp.eggo.agifly.cloud\/nl\/getuigenis\/de-keuken-van-jean-philippe-darcis\/#local-main-organization-logo"},"image":{"@id":"https:\/\/develop.wp.eggo.agifly.cloud\/nl\/getuigenis\/de-keuken-van-jean-philippe-darcis\/#local-main-organization-logo"},"sameAs":["https:\/\/www.facebook.com\/eggokitchen","https:\/\/www.linkedin.com\/company\/eggo\/"],"description":"Des cuisines et meubles de rangement de qualit\u00e9 \u00e0 des prix avantageux ! D\u00e9couvrez nos mod\u00e8les et prenez rendez-vous en ligne dans votre showroom \u00e8ggo.","telephone":[],"openingHoursSpecification":[{"@type":"OpeningHoursSpecification","dayOfWeek":["Monday","Tuesday","Wednesday","Thursday","Friday","Saturday","Sunday"],"opens":"09:00","closes":"17:00"}]},{"@type":"ImageObject","inLanguage":"nl-NL","@id":"https:\/\/develop.wp.eggo.agifly.cloud\/nl\/getuigenis\/de-keuken-van-jean-philippe-darcis\/#local-main-organization-logo","url":"https:\/\/develop.wp.eggo.agifly.cloud\/wp-content\/uploads\/2025\/01\/Logo.webp","contentUrl":"https:\/\/develop.wp.eggo.agifly.cloud\/wp-content\/uploads\/2025\/01\/Logo.webp","width":88,"height":88,"caption":"\u00e8ggo"}]}},"meta_box":{"newly_labeled":"0","promotion_toggle":"0","small_featured_promotion_toggle":"0","promotion_icon":[],"promotion_description":"","promotion_period":"","promotion_link":"","promotion_bg_color":"#ffffff","promotion_text_color":"#fe5000","read_more_content":"","testimonial_text":"<b>Jean-Philippe Darcis <\/b>- chef-patissier, <b>ambassadeur van de Belgische chocolade<\/b> sinds 2001 en <b>pionier van de macaron<\/b> in Belgi\u00eb \u2013 is al heel lang fan van \u00e8ggo. Het was voor hem dan ook vanzelfsprekend om naar onze raadgever-verkopers in Verviers te stappen voor de inrichting van <b>zijn nieuwe keukenruimte<\/b> in zijn gezinswoning in die streek.","author_name":"","testimonial_text_box_toggle":"0","testimonial_promotion_toggle":"0"},"_links":{"self":[{"href":"https:\/\/develop.wp.eggo.agifly.cloud\/nl\/wp-json\/wp\/v2\/testimonials\/16340","targetHints":{"allow":["GET"]}}],"collection":[{"href":"https:\/\/develop.wp.eggo.agifly.cloud\/nl\/wp-json\/wp\/v2\/testimonials"}],"about":[{"href":"https:\/\/develop.wp.eggo.agifly.cloud\/nl\/wp-json\/wp\/v2\/types\/testimonials"}],"replies":[{"embeddable":true,"href":"https:\/\/develop.wp.eggo.agifly.cloud\/nl\/wp-json\/wp\/v2\/comments?post=16340"}],"version-history":[{"count":0,"href":"https:\/\/develop.wp.eggo.agifly.cloud\/nl\/wp-json\/wp\/v2\/testimonials\/16340\/revisions"}],"wp:featuredmedia":[{"embeddable":true,"href":"https:\/\/develop.wp.eggo.agifly.cloud\/nl\/wp-json\/wp\/v2\/media\/30290"}],"wp:attachment":[{"href":"https:\/\/develop.wp.eggo.agifly.cloud\/nl\/wp-json\/wp\/v2\/media?parent=16340"}],"wp:term":[{"taxonomy":"testimonials_category","embeddable":true,"href":"https:\/\/develop.wp.eggo.agifly.cloud\/nl\/wp-json\/wp\/v2\/testimonials_category?post=16340"},{"taxonomy":"testimonials_tag","embeddable":true,"href":"https:\/\/develop.wp.eggo.agifly.cloud\/nl\/wp-json\/wp\/v2\/testimonials_tag?post=16340"}],"curies":[{"name":"wp","href":"https:\/\/api.w.org\/{rel}","templated":true}]}}